{"id":1241,"date":"2024-06-01T08:43:14","date_gmt":"2024-06-01T06:43:14","guid":{"rendered":"https:\/\/lafilledesalpes.com\/?page_id=1241"},"modified":"2026-04-27T11:46:14","modified_gmt":"2026-04-27T09:46:14","slug":"mentions-legales","status":"publish","type":"page","link":"https:\/\/lafilledesalpes.com\/index.php\/mentions-legales\/","title":{"rendered":"Mentions L\u00e9gales"},"content":{"rendered":"\n<h2 class=\"wp-block-heading\"><strong>1. \u00c9diteur du site<\/strong><\/h2>\n\n\n\n<p>Le pr\u00e9sent site, accessible \u00e0 l\u2019adresse <a href=\"http:\/\/www.lafilledesalpes.com\/\">www.lafilledesalpes.com<\/a>, est \u00e9dit\u00e9 par :<\/p>\n\n\n\n<p>Julie CAPELA<br>Auto-entrepreneure<br>2 rue du Nord \u2013 30130 Pont-Saint-Esprit \u2013 France<br>SIRET : 911 384 709 00026<br>Adresse email : <a href=\"mailto:contact@lafilledesalpes.com\">contact@lafilledesalpes.com<\/a><\/p>\n\n\n\n<p>La directrice de la publication est Julie CAPELA.<\/p>\n\n\n\n<div style=\"height:30px\" aria-hidden=\"true\" class=\"wp-block-spacer\"><\/div>\n\n\n\n<h2 class=\"wp-block-heading\"><strong>2. H\u00e9bergement<\/strong><\/h2>\n\n\n\n<p>Le site est h\u00e9berg\u00e9 par :<\/p>\n\n\n\n<p>O2Switch<\/p>\n\n\n\n<p>Chem. des Pardiaux, 63000 Clermont-Ferrand<\/p>\n\n\n\n<p>04 44 44 60 40<\/p>\n\n\n\n<div style=\"height:30px\" aria-hidden=\"true\" class=\"wp-block-spacer\"><\/div>\n\n\n\n<h2 class=\"wp-block-heading\"><strong>3. Acc\u00e8s au site<\/strong><\/h2>\n\n\n\n<p>Le site est accessible 24h\/24 et 7j\/7, sauf cas de force majeure, interruption programm\u00e9e ou non, notamment pour les besoins de maintenance.<\/p>\n\n\n\n<p>L\u2019\u00e9ditrice ne saurait \u00eatre tenue responsable de tout dommage, quelle qu\u2019en soit la nature, r\u00e9sultant d\u2019une indisponibilit\u00e9 du site.<\/p>\n\n\n\n<div style=\"height:30px\" aria-hidden=\"true\" class=\"wp-block-spacer\"><\/div>\n\n\n\n<h2 class=\"wp-block-heading\"><strong>4. Description des services<\/strong><\/h2>\n\n\n\n<p>Le site <a href=\"http:\/\/www.lafilledesalpes.com\/\">www.lafilledesalpes.com<\/a> propose :<\/p>\n\n\n\n<ul class=\"wp-block-list\">\n<li>des contenus \u00e9ditoriaux li\u00e9s \u00e0 la randonn\u00e9e, au voyage et \u00e0 la photographie<\/li>\n\n\n\n<li>des produits num\u00e9riques t\u00e9l\u00e9chargeables (e-books, guides, road books)<\/li>\n\n\n\n<li>des prestations de cr\u00e9ation de contenu et de photographie<\/li>\n<\/ul>\n\n\n\n<p>Les informations fournies sur le site sont donn\u00e9es \u00e0 titre indicatif et peuvent \u00e9voluer \u00e0 tout moment.<\/p>\n\n\n\n<div style=\"height:30px\" aria-hidden=\"true\" class=\"wp-block-spacer\"><\/div>\n\n\n\n<h2 class=\"wp-block-heading\"><strong>5. Propri\u00e9t\u00e9 intellectuelle<\/strong><\/h2>\n\n\n\n<p>L\u2019ensemble des \u00e9l\u00e9ments pr\u00e9sents sur le site (textes, images, photographies, vid\u00e9os, graphismes, identit\u00e9 visuelle, logo, etc.) est prot\u00e9g\u00e9 par les dispositions du Code de la propri\u00e9t\u00e9 intellectuelle.<\/p>\n\n\n\n<p>Sauf mention contraire, ces \u00e9l\u00e9ments sont la propri\u00e9t\u00e9 exclusive de Julie CAPELA.<\/p>\n\n\n\n<p>Toute reproduction, repr\u00e9sentation, modification, publication, adaptation, totale ou partielle, de ces \u00e9l\u00e9ments, quel que soit le moyen ou le proc\u00e9d\u00e9 utilis\u00e9, est interdite sans autorisation pr\u00e9alable \u00e9crite.<\/p>\n\n\n\n<p>Toute exploitation non autoris\u00e9e du site ou de son contenu pourra faire l\u2019objet de poursuites.<\/p>\n\n\n\n<div style=\"height:30px\" aria-hidden=\"true\" class=\"wp-block-spacer\"><\/div>\n\n\n\n<h2 class=\"wp-block-heading\"><strong>6. Responsabilit\u00e9<\/strong><\/h2>\n\n\n\n<p>L\u2019\u00e9ditrice s\u2019efforce de fournir des informations aussi pr\u00e9cises que possible.<\/p>\n\n\n\n<p>Toutefois, elle ne pourra \u00eatre tenue responsable :<\/p>\n\n\n\n<ul class=\"wp-block-list\">\n<li>des omissions, inexactitudes ou carences dans la mise \u00e0 jour<\/li>\n\n\n\n<li>d\u2019une utilisation inappropri\u00e9e des informations fournies<\/li>\n\n\n\n<li>de tout dommage direct ou indirect r\u00e9sultant de l\u2019acc\u00e8s au site ou de son utilisation<\/li>\n<\/ul>\n\n\n\n<p>L\u2019utilisateur est seul responsable de l\u2019utilisation qu\u2019il fait des contenus propos\u00e9s.<\/p>\n\n\n\n<div style=\"height:30px\" aria-hidden=\"true\" class=\"wp-block-spacer\"><\/div>\n\n\n\n<h2 class=\"wp-block-heading\"><strong>7. Liens hypertextes<\/strong><\/h2>\n\n\n\n<p>Le site peut contenir des liens hypertextes vers d\u2019autres sites internet.<\/p>\n\n\n\n<p>Ces liens sont fournis \u00e0 titre informatif.<\/p>\n\n\n\n<p>L\u2019\u00e9ditrice ne dispose d\u2019aucun contr\u00f4le sur ces sites et d\u00e9cline toute responsabilit\u00e9 quant \u00e0 leur contenu.<\/p>\n\n\n\n<div style=\"height:30px\" aria-hidden=\"true\" class=\"wp-block-spacer\"><\/div>\n\n\n\n<h2 class=\"wp-block-heading\"><strong>8. Donn\u00e9es personnelles<\/strong><\/h2>\n\n\n\n<p>Dans le cadre de l\u2019utilisation du site, des donn\u00e9es personnelles peuvent \u00eatre collect\u00e9es (notamment via les formulaires de contact ou lors des commandes).<\/p>\n\n\n\n<p>Ces donn\u00e9es sont utilis\u00e9es exclusivement pour :<\/p>\n\n\n\n<ul class=\"wp-block-list\">\n<li>la gestion des commandes<\/li>\n\n\n\n<li>la relation client<\/li>\n\n\n\n<li>l\u2019am\u00e9lioration des services<\/li>\n<\/ul>\n\n\n\n<p>Elles ne sont en aucun cas vendues ou c\u00e9d\u00e9es \u00e0 des tiers.<\/p>\n\n\n\n<p>Conform\u00e9ment au R\u00e8glement G\u00e9n\u00e9ral sur la Protection des Donn\u00e9es (RGPD), toute personne dispose des droits suivants :<\/p>\n\n\n\n<ul class=\"wp-block-list\">\n<li>droit d\u2019acc\u00e8s<\/li>\n\n\n\n<li>droit de rectification<\/li>\n\n\n\n<li>droit de suppression<\/li>\n\n\n\n<li>droit d\u2019opposition<\/li>\n<\/ul>\n\n\n\n<p>Ces droits peuvent \u00eatre exerc\u00e9s en contactant : <a href=\"mailto:contact@lafilledesalpes.com\">contact@lafilledesalpes.com<\/a><\/p>\n\n\n\n<div style=\"height:30px\" aria-hidden=\"true\" class=\"wp-block-spacer\"><\/div>\n\n\n\n<h2 class=\"wp-block-heading\"><strong>9. Cookies<\/strong><\/h2>\n\n\n\n<p>Le site peut utiliser des cookies afin de :<\/p>\n\n\n\n<ul class=\"wp-block-list\">\n<li>assurer son bon fonctionnement<\/li>\n\n\n\n<li>am\u00e9liorer l\u2019exp\u00e9rience utilisateur<\/li>\n\n\n\n<li>r\u00e9aliser des statistiques de fr\u00e9quentation<\/li>\n<\/ul>\n\n\n\n<p>L\u2019utilisateur peut configurer son navigateur pour accepter ou refuser tout ou partie des cookies.<\/p>\n\n\n\n<p>Le refus de certains cookies peut entra\u00eener une d\u00e9gradation de l\u2019exp\u00e9rience de navigation.<\/p>\n\n\n\n<div style=\"height:30px\" aria-hidden=\"true\" class=\"wp-block-spacer\"><\/div>\n\n\n\n<h2 class=\"wp-block-heading\"><strong>10. Droit applicable et juridiction comp\u00e9tente<\/strong><\/h2>\n\n\n\n<p>Les pr\u00e9sentes mentions l\u00e9gales sont r\u00e9gies par le droit fran\u00e7ais.<\/p>\n\n\n\n<p>En cas de litige et \u00e0 d\u00e9faut de r\u00e9solution amiable, les tribunaux comp\u00e9tents seront ceux de Chamb\u00e9ry.<\/p>\n\n\n\n<div style=\"height:30px\" aria-hidden=\"true\" class=\"wp-block-spacer\"><\/div>\n\n\n\n<h2 class=\"wp-block-heading\"><strong>11. Contact<\/strong><\/h2>\n\n\n\n<p>Pour toute question relative au site ou \u00e0 son contenu, il est possible de contacter l\u2019\u00e9ditrice \u00e0 l\u2019adresse suivante :<br><a href=\"mailto:contact@lafilledesalpes.com\">contact@lafilledesalpes.com<\/a><\/p>\n\n\n\n<div style=\"height:30px\" aria-hidden=\"true\" class=\"wp-block-spacer\"><\/div>\n\n\n\n<p>Derni\u00e8re mise \u00e0 jour : 27\/04\/2026<\/p>\n","protected":false},"excerpt":{"rendered":"<p>1. \u00c9diteur du site Le pr\u00e9sent site, accessible \u00e0 l\u2019adresse www.lafilledesalpes.com, est \u00e9dit\u00e9 par : Julie CAPELAAuto-entrepreneure2 rue du Nord \u2013 30130 Pont-Saint-Esprit \u2013 FranceSIRET : 911 384 709 00026Adresse email : contact@lafilledesalpes.com La directrice de la publication est Julie CAPELA. 2. H\u00e9bergement Le site est h\u00e9berg\u00e9 par : O2Switch Chem. des Pardiaux, 63000 Clermont-Ferrand [&hellip;]<\/p>\n","protected":false},"author":1,"featured_media":0,"parent":0,"menu_order":0,"comment_status":"closed","ping_status":"closed","template":"","meta":{"_acf_changed":false,"pgc_sgb_lightbox_settings":"","footnotes":""},"class_list":["post-1241","page","type-page","status-publish","hentry"],"acf":[],"yoast_head":"<!-- This site is optimized with the Yoast SEO plugin v27.4 - https:\/\/yoast.com\/product\/yoast-seo-wordpress\/ -->\n<title>Mentions L\u00e9gales - La Fille des Alpes<\/title>\n<meta name=\"description\" content=\"Consultez les mentions l\u00e9gales pour toutes les informations l\u00e9gales sur : le site, les conditions d&#039;utilisation et la gestion des donn\u00e9es\" \/>\n<meta name=\"robots\" content=\"index, follow, max-snippet:-1, max-image-preview:large, max-video-preview:-1\" \/>\n<link rel=\"canonical\" href=\"https:\/\/lafilledesalpes.com\/index.php\/mentions-legales\/\" \/>\n<meta property=\"og:locale\" content=\"fr_FR\" \/>\n<meta property=\"og:type\" content=\"article\" \/>\n<meta property=\"og:title\" content=\"Mentions L\u00e9gales - La Fille des Alpes\" \/>\n<meta property=\"og:description\" content=\"Consultez les mentions l\u00e9gales pour toutes les informations l\u00e9gales sur : le site, les conditions d&#039;utilisation et la gestion des donn\u00e9es\" \/>\n<meta property=\"og:url\" content=\"https:\/\/lafilledesalpes.com\/index.php\/mentions-legales\/\" \/>\n<meta property=\"og:site_name\" content=\"La Fille des Alpes\" \/>\n<meta property=\"article:modified_time\" content=\"2026-04-27T09:46:14+00:00\" \/>\n<meta name=\"twitter:card\" content=\"summary_large_image\" \/>\n<meta name=\"twitter:label1\" content=\"Dur\u00e9e de lecture estim\u00e9e\" \/>\n\t<meta name=\"twitter:data1\" content=\"3 minutes\" \/>\n<script type=\"application\/ld+json\" class=\"yoast-schema-graph\">{\"@context\":\"https:\\\/\\\/schema.org\",\"@graph\":[{\"@type\":\"WebPage\",\"@id\":\"https:\\\/\\\/lafilledesalpes.com\\\/index.php\\\/mentions-legales\\\/\",\"url\":\"https:\\\/\\\/lafilledesalpes.com\\\/index.php\\\/mentions-legales\\\/\",\"name\":\"Mentions L\u00e9gales - La Fille des Alpes\",\"isPartOf\":{\"@id\":\"https:\\\/\\\/lafilledesalpes.com\\\/#website\"},\"datePublished\":\"2024-06-01T06:43:14+00:00\",\"dateModified\":\"2026-04-27T09:46:14+00:00\",\"description\":\"Consultez les mentions l\u00e9gales pour toutes les informations l\u00e9gales sur : le site, les conditions d'utilisation et la gestion des donn\u00e9es\",\"breadcrumb\":{\"@id\":\"https:\\\/\\\/lafilledesalpes.com\\\/index.php\\\/mentions-legales\\\/#breadcrumb\"},\"inLanguage\":\"fr-FR\",\"potentialAction\":[{\"@type\":\"ReadAction\",\"target\":[\"https:\\\/\\\/lafilledesalpes.com\\\/index.php\\\/mentions-legales\\\/\"]}]},{\"@type\":\"BreadcrumbList\",\"@id\":\"https:\\\/\\\/lafilledesalpes.com\\\/index.php\\\/mentions-legales\\\/#breadcrumb\",\"itemListElement\":[{\"@type\":\"ListItem\",\"position\":1,\"name\":\"Accueil\",\"item\":\"https:\\\/\\\/lafilledesalpes.com\\\/\"},{\"@type\":\"ListItem\",\"position\":2,\"name\":\"Mentions L\u00e9gales\"}]},{\"@type\":\"WebSite\",\"@id\":\"https:\\\/\\\/lafilledesalpes.com\\\/#website\",\"url\":\"https:\\\/\\\/lafilledesalpes.com\\\/\",\"name\":\"La fille des Alpes\",\"description\":\"Aventures, Road-trip &amp; Montagne\",\"publisher\":{\"@id\":\"https:\\\/\\\/lafilledesalpes.com\\\/#organization\"},\"potentialAction\":[{\"@type\":\"SearchAction\",\"target\":{\"@type\":\"EntryPoint\",\"urlTemplate\":\"https:\\\/\\\/lafilledesalpes.com\\\/?s={search_term_string}\"},\"query-input\":{\"@type\":\"PropertyValueSpecification\",\"valueRequired\":true,\"valueName\":\"search_term_string\"}}],\"inLanguage\":\"fr-FR\"},{\"@type\":\"Organization\",\"@id\":\"https:\\\/\\\/lafilledesalpes.com\\\/#organization\",\"name\":\"La fille des Alpes\",\"url\":\"https:\\\/\\\/lafilledesalpes.com\\\/\",\"logo\":{\"@type\":\"ImageObject\",\"inLanguage\":\"fr-FR\",\"@id\":\"https:\\\/\\\/lafilledesalpes.com\\\/#\\\/schema\\\/logo\\\/image\\\/\",\"url\":\"https:\\\/\\\/lafilledesalpes.com\\\/wp-content\\\/uploads\\\/2024\\\/10\\\/La-fille-des-Alpes-LOGO-sans-texte.png\",\"contentUrl\":\"https:\\\/\\\/lafilledesalpes.com\\\/wp-content\\\/uploads\\\/2024\\\/10\\\/La-fille-des-Alpes-LOGO-sans-texte.png\",\"width\":1181,\"height\":1181,\"caption\":\"La fille des Alpes\"},\"image\":{\"@id\":\"https:\\\/\\\/lafilledesalpes.com\\\/#\\\/schema\\\/logo\\\/image\\\/\"}}]}<\/script>\n<!-- \/ Yoast SEO plugin. -->","yoast_head_json":{"title":"Mentions L\u00e9gales - La Fille des Alpes","description":"Consultez les mentions l\u00e9gales pour toutes les informations l\u00e9gales sur : le site, les conditions d'utilisation et la gestion des donn\u00e9es","robots":{"index":"index","follow":"follow","max-snippet":"max-snippet:-1","max-image-preview":"max-image-preview:large","max-video-preview":"max-video-preview:-1"},"canonical":"https:\/\/lafilledesalpes.com\/index.php\/mentions-legales\/","og_locale":"fr_FR","og_type":"article","og_title":"Mentions L\u00e9gales - La Fille des Alpes","og_description":"Consultez les mentions l\u00e9gales pour toutes les informations l\u00e9gales sur : le site, les conditions d'utilisation et la gestion des donn\u00e9es","og_url":"https:\/\/lafilledesalpes.com\/index.php\/mentions-legales\/","og_site_name":"La Fille des Alpes","article_modified_time":"2026-04-27T09:46:14+00:00","twitter_card":"summary_large_image","twitter_misc":{"Dur\u00e9e de lecture estim\u00e9e":"3 minutes"},"schema":{"@context":"https:\/\/schema.org","@graph":[{"@type":"WebPage","@id":"https:\/\/lafilledesalpes.com\/index.php\/mentions-legales\/","url":"https:\/\/lafilledesalpes.com\/index.php\/mentions-legales\/","name":"Mentions L\u00e9gales - La Fille des Alpes","isPartOf":{"@id":"https:\/\/lafilledesalpes.com\/#website"},"datePublished":"2024-06-01T06:43:14+00:00","dateModified":"2026-04-27T09:46:14+00:00","description":"Consultez les mentions l\u00e9gales pour toutes les informations l\u00e9gales sur : le site, les conditions d'utilisation et la gestion des donn\u00e9es","breadcrumb":{"@id":"https:\/\/lafilledesalpes.com\/index.php\/mentions-legales\/#breadcrumb"},"inLanguage":"fr-FR","potentialAction":[{"@type":"ReadAction","target":["https:\/\/lafilledesalpes.com\/index.php\/mentions-legales\/"]}]},{"@type":"BreadcrumbList","@id":"https:\/\/lafilledesalpes.com\/index.php\/mentions-legales\/#breadcrumb","itemListElement":[{"@type":"ListItem","position":1,"name":"Accueil","item":"https:\/\/lafilledesalpes.com\/"},{"@type":"ListItem","position":2,"name":"Mentions L\u00e9gales"}]},{"@type":"WebSite","@id":"https:\/\/lafilledesalpes.com\/#website","url":"https:\/\/lafilledesalpes.com\/","name":"La fille des Alpes","description":"Aventures, Road-trip &amp; Montagne","publisher":{"@id":"https:\/\/lafilledesalpes.com\/#organization"},"potentialAction":[{"@type":"SearchAction","target":{"@type":"EntryPoint","urlTemplate":"https:\/\/lafilledesalpes.com\/?s={search_term_string}"},"query-input":{"@type":"PropertyValueSpecification","valueRequired":true,"valueName":"search_term_string"}}],"inLanguage":"fr-FR"},{"@type":"Organization","@id":"https:\/\/lafilledesalpes.com\/#organization","name":"La fille des Alpes","url":"https:\/\/lafilledesalpes.com\/","logo":{"@type":"ImageObject","inLanguage":"fr-FR","@id":"https:\/\/lafilledesalpes.com\/#\/schema\/logo\/image\/","url":"https:\/\/lafilledesalpes.com\/wp-content\/uploads\/2024\/10\/La-fille-des-Alpes-LOGO-sans-texte.png","contentUrl":"https:\/\/lafilledesalpes.com\/wp-content\/uploads\/2024\/10\/La-fille-des-Alpes-LOGO-sans-texte.png","width":1181,"height":1181,"caption":"La fille des Alpes"},"image":{"@id":"https:\/\/lafilledesalpes.com\/#\/schema\/logo\/image\/"}}]}},"_links":{"self":[{"href":"https:\/\/lafilledesalpes.com\/index.php\/wp-json\/wp\/v2\/pages\/1241","targetHints":{"allow":["GET"]}}],"collection":[{"href":"https:\/\/lafilledesalpes.com\/index.php\/wp-json\/wp\/v2\/pages"}],"about":[{"href":"https:\/\/lafilledesalpes.com\/index.php\/wp-json\/wp\/v2\/types\/page"}],"author":[{"embeddable":true,"href":"https:\/\/lafilledesalpes.com\/index.php\/wp-json\/wp\/v2\/users\/1"}],"replies":[{"embeddable":true,"href":"https:\/\/lafilledesalpes.com\/index.php\/wp-json\/wp\/v2\/comments?post=1241"}],"version-history":[{"count":0,"href":"https:\/\/lafilledesalpes.com\/index.php\/wp-json\/wp\/v2\/pages\/1241\/revisions"}],"wp:attachment":[{"href":"https:\/\/lafilledesalpes.com\/index.php\/wp-json\/wp\/v2\/media?parent=1241"}],"curies":[{"name":"wp","href":"https:\/\/api.w.org\/{rel}","templated":true}]}}