{"id":7672,"date":"2026-04-15T15:08:07","date_gmt":"2026-04-15T13:08:07","guid":{"rendered":"https:\/\/lafilledesalpes.com\/?page_id=7672"},"modified":"2026-04-27T15:10:27","modified_gmt":"2026-04-27T13:10:27","slug":"explorer","status":"publish","type":"page","link":"https:\/\/lafilledesalpes.com\/index.php\/explorer\/","title":{"rendered":"Explorer"},"content":{"rendered":"<p class=\"attachment\"><a href='https:\/\/lafilledesalpes.com\/wp-content\/uploads\/2024\/06\/IMG_3407-scaled.jpg'><img fetchpriority=\"high\" decoding=\"async\" width=\"300\" height=\"200\" src=\"https:\/\/lafilledesalpes.com\/wp-content\/uploads\/2024\/06\/IMG_3407-300x200.jpg\" class=\"attachment-medium size-medium\" alt=\"cascade mad\u00e8re\" srcset=\"https:\/\/lafilledesalpes.com\/wp-content\/uploads\/2024\/06\/IMG_3407-300x200.jpg 300w, https:\/\/lafilledesalpes.com\/wp-content\/uploads\/2024\/06\/IMG_3407-1024x683.jpg 1024w, https:\/\/lafilledesalpes.com\/wp-content\/uploads\/2024\/06\/IMG_3407-768x512.jpg 768w, https:\/\/lafilledesalpes.com\/wp-content\/uploads\/2024\/06\/IMG_3407-1536x1024.jpg 1536w, https:\/\/lafilledesalpes.com\/wp-content\/uploads\/2024\/06\/IMG_3407-2048x1366.jpg 2048w, https:\/\/lafilledesalpes.com\/wp-content\/uploads\/2024\/06\/IMG_3407-175x117.jpg 175w, https:\/\/lafilledesalpes.com\/wp-content\/uploads\/2024\/06\/IMG_3407-450x300.jpg 450w, https:\/\/lafilledesalpes.com\/wp-content\/uploads\/2024\/06\/IMG_3407-1170x780.jpg 1170w, https:\/\/lafilledesalpes.com\/wp-content\/uploads\/2024\/06\/IMG_3407-270x180.jpg 270w, https:\/\/lafilledesalpes.com\/wp-content\/uploads\/2024\/06\/IMG_3407-1320x880.jpg 1320w, https:\/\/lafilledesalpes.com\/wp-content\/uploads\/2024\/06\/IMG_3407-600x400.jpg 600w\" sizes=\"(max-width: 300px) 100vw, 300px\" \/><\/a><\/p>\n\t\t<div data-elementor-type=\"wp-page\" data-elementor-id=\"7672\" class=\"elementor elementor-7672\" data-elementor-post-type=\"page\">\n\t\t\t\t<div class=\"elementor-element elementor-element-ea4b393 e-flex e-con-boxed e-con e-parent\" data-id=\"ea4b393\" data-element_type=\"container\" data-e-type=\"container\" data-settings=\"{&quot;background_background&quot;:&quot;classic&quot;}\">\n\t\t\t\t\t<div class=\"e-con-inner\">\n\t\t\t\t<div class=\"elementor-element elementor-element-9b04928 elementor-widget elementor-widget-heading\" data-id=\"9b04928\" data-element_type=\"widget\" data-e-type=\"widget\" data-widget_type=\"heading.default\">\n\t\t\t\t\t<h2 class=\"elementor-heading-title elementor-size-default\">Explorer<\/h2>\t\t\t\t<\/div>\n\t\t\t\t<div class=\"elementor-element elementor-element-fbcfc4e elementor-widget elementor-widget-text-editor\" data-id=\"fbcfc4e\" data-element_type=\"widget\" data-e-type=\"widget\" data-widget_type=\"text-editor.default\">\n\t\t\t\t\t\t\t\t\t<p>D\u00e9couvre toutes mes aventures en montagne et trouve l&#8217;inspiration pour ton prochain voyage<\/p>\t\t\t\t\t\t\t\t<\/div>\n\t\t\t\t\t<\/div>\n\t\t\t\t<\/div>\n\t\t<div class=\"elementor-element elementor-element-f6b6037 e-flex e-con-boxed e-con e-parent\" data-id=\"f6b6037\" data-element_type=\"container\" data-e-type=\"container\">\n\t\t\t\t\t<div class=\"e-con-inner\">\n\t\t<div class=\"elementor-element elementor-element-70887df e-con-full e-flex e-con e-child\" data-id=\"70887df\" data-element_type=\"container\" data-e-type=\"container\" data-settings=\"{&quot;background_background&quot;:&quot;gradient&quot;}\">\n\t\t<div class=\"elementor-element elementor-element-bb381fc e-con-full e-flex e-con e-child\" data-id=\"bb381fc\" data-element_type=\"container\" data-e-type=\"container\">\n\t\t<div class=\"elementor-element elementor-element-e42e595 e-con-full e-flex e-con e-child\" data-id=\"e42e595\" data-element_type=\"container\" data-e-type=\"container\">\n\t\t\t\t<div class=\"elementor-element elementor-element-34ef017 elementor-widget elementor-widget-image\" data-id=\"34ef017\" data-element_type=\"widget\" data-e-type=\"widget\" data-widget_type=\"image.default\">\n\t\t\t\t\t\t\t\t\t\t\t\t\t\t\t<img decoding=\"async\" width=\"48\" height=\"48\" src=\"https:\/\/lafilledesalpes.com\/wp-content\/uploads\/2026\/04\/Container345.png\" class=\"attachment-large size-large wp-image-8188\" alt=\"\" \/>\t\t\t\t\t\t\t\t\t\t\t\t\t\t\t<\/div>\n\t\t\t\t<div class=\"elementor-element elementor-element-b2585b9 elementor-widget elementor-widget-heading\" data-id=\"b2585b9\" data-element_type=\"widget\" data-e-type=\"widget\" data-widget_type=\"heading.default\">\n\t\t\t\t\t<h2 class=\"elementor-heading-title elementor-size-default\">Filtrer les articles<\/h2>\t\t\t\t<\/div>\n\t\t\t\t<\/div>\n\t\t<div class=\"elementor-element elementor-element-908e437 e-con-full elementor-hidden-mobile e-flex e-con e-child\" data-id=\"908e437\" data-element_type=\"container\" data-e-type=\"container\">\n\t\t\t\t<div class=\"elementor-element elementor-element-76d8e7d elementor-widget elementor-widget-shortcode\" data-id=\"76d8e7d\" data-element_type=\"widget\" data-e-type=\"widget\" data-widget_type=\"shortcode.default\">\n\t\t\t\t\t\t\t<div class=\"elementor-shortcode\"><div class=\"wpgb-facet wpgb-loading wpgb-facet-13\" data-facet=\"13\" data-grid=\"5\"><button type=\"button\" class=\"wpgb-button wpgb-reset\" name=\"explorer_reinitialiser\">R\u00e9initialiser<\/button><\/div><\/div>\n\t\t\t\t\t\t<\/div>\n\t\t\t\t<\/div>\n\t\t\t\t<\/div>\n\t\t<div class=\"elementor-element elementor-element-fa6214d e-con-full e-flex e-con e-child\" data-id=\"fa6214d\" data-element_type=\"container\" data-e-type=\"container\">\n\t\t<div class=\"elementor-element elementor-element-7e1212b e-con-full e-flex e-con e-child\" data-id=\"7e1212b\" data-element_type=\"container\" data-e-type=\"container\">\n\t\t<div class=\"elementor-element elementor-element-278336a e-con-full e-flex e-con e-child\" data-id=\"278336a\" data-element_type=\"container\" data-e-type=\"container\">\n\t\t\t\t<div class=\"elementor-element elementor-element-f58236c elementor-view-default elementor-widget elementor-widget-icon\" data-id=\"f58236c\" data-element_type=\"widget\" data-e-type=\"widget\" data-widget_type=\"icon.default\">\n\t\t\t\t\t\t\t<div class=\"elementor-icon-wrapper\">\n\t\t\t<div class=\"elementor-icon\">\n\t\t\t<svg xmlns=\"http:\/\/www.w3.org\/2000\/svg\" width=\"16\" height=\"16\" viewBox=\"0 0 16 16\" fill=\"none\"><g clip-path=\"url(#clip0_90_3505)\"><path d=\"M13.3337 6.66683C13.3337 9.9955 9.64099 13.4622 8.40099 14.5328C8.28548 14.6197 8.14486 14.6667 8.00033 14.6667C7.85579 14.6667 7.71518 14.6197 7.59966 14.5328C6.35966 13.4622 2.66699 9.9955 2.66699 6.66683C2.66699 5.25234 3.2289 3.89579 4.22909 2.89559C5.22928 1.8954 6.58584 1.3335 8.00033 1.3335C9.41481 1.3335 10.7714 1.8954 11.7716 2.89559C12.7718 3.89579 13.3337 5.25234 13.3337 6.66683Z\" stroke=\"white\" stroke-width=\"1.33333\" stroke-linecap=\"round\" stroke-linejoin=\"round\"><\/path><path d=\"M8 8.6665C9.10457 8.6665 10 7.77107 10 6.6665C10 5.56193 9.10457 4.6665 8 4.6665C6.89543 4.6665 6 5.56193 6 6.6665C6 7.77107 6.89543 8.6665 8 8.6665Z\" stroke=\"white\" stroke-width=\"1.33333\" stroke-linecap=\"round\" stroke-linejoin=\"round\"><\/path><\/g><defs><clipPath id=\"clip0_90_3505\"><rect width=\"16\" height=\"16\" fill=\"white\"><\/rect><\/clipPath><\/defs><\/svg>\t\t\t<\/div>\n\t\t<\/div>\n\t\t\t\t\t\t<\/div>\n\t\t\t\t<div class=\"elementor-element elementor-element-ec51f6d elementor-widget elementor-widget-text-editor\" data-id=\"ec51f6d\" data-element_type=\"widget\" data-e-type=\"widget\" data-widget_type=\"text-editor.default\">\n\t\t\t\t\t\t\t\t\t<p>Destination<\/p>\t\t\t\t\t\t\t\t<\/div>\n\t\t\t\t<\/div>\n\t\t\t\t<div class=\"elementor-element elementor-element-e076cf5 elementor-widget elementor-widget-shortcode\" data-id=\"e076cf5\" data-element_type=\"widget\" data-e-type=\"widget\" data-widget_type=\"shortcode.default\">\n\t\t\t\t\t\t\t<div class=\"elementor-shortcode\"><div class=\"wpgb-facet wpgb-loading wpgb-facet-9\" data-facet=\"9\" data-grid=\"5\">\t<fieldset>\n\t\t<legend class=\"wpgb-facet-title wpgb-sr-only\">Explorer &gt; Destination<\/legend>\n\t\t<div class=\"wpgb-select-facet\"><label><span class=\"wpgb-sr-only\">S\u00e9lectionnez le contenu<\/span><select class=\"wpgb-select\" name=\"facette_destination\"><option value=\"\">Toutes les destinations<\/option><option value=\"savoie\">Savoie&nbsp;(13)<\/option><option value=\"hautes-alpes\">Hautes-Alpes&nbsp;(10)<\/option><option value=\"haute-savoie\">Haute-Savoie&nbsp;(6)<\/option><option value=\"isere\">Is\u00e8re&nbsp;(4)<\/option><option value=\"dolomites-destination\">Dolomites&nbsp;(1)<\/option><option value=\"madere\">Mad\u00e8re&nbsp;(1)<\/option><option value=\"norvege-destination\">Norv\u00e8ge&nbsp;(1)<\/option><\/select><span class=\"wpgb-select-controls\"><span class=\"wpgb-select-separator\"><\/span><svg class=\"wpgb-select-toggle\" viewBox=\"0 0 24 24\" height=\"24\" width=\"24\" aria-hidden=\"true\" focusable=\"false\"><path d=\"m12 14.536-.045.043.045-.043-5.3-5.114 5.3 5.114 5.3-5.114-5.3 5.114.045.043Z\"\/><\/svg><\/span><\/label><\/div>\t<\/fieldset>\n\t<\/div><\/div>\n\t\t\t\t\t\t<\/div>\n\t\t\t\t<\/div>\n\t\t<div class=\"elementor-element elementor-element-a333f43 e-con-full e-flex e-con e-child\" data-id=\"a333f43\" data-element_type=\"container\" data-e-type=\"container\">\n\t\t<div class=\"elementor-element elementor-element-56dc073 e-con-full e-flex e-con e-child\" data-id=\"56dc073\" data-element_type=\"container\" data-e-type=\"container\">\n\t\t\t\t<div class=\"elementor-element elementor-element-9032a37 elementor-view-default elementor-widget elementor-widget-icon\" data-id=\"9032a37\" data-element_type=\"widget\" data-e-type=\"widget\" data-widget_type=\"icon.default\">\n\t\t\t\t\t\t\t<div class=\"elementor-icon-wrapper\">\n\t\t\t<div class=\"elementor-icon\">\n\t\t\t<svg xmlns=\"http:\/\/www.w3.org\/2000\/svg\" width=\"16\" height=\"16\" viewBox=\"0 0 16 16\" fill=\"none\"><g clip-path=\"url(#clip0_90_3519)\"><path d=\"M5.33301 2L7.99967 7.33333L11.333 4L14.6663 14H1.33301L5.33301 2Z\" stroke=\"white\" stroke-width=\"1.33333\" stroke-linecap=\"round\" stroke-linejoin=\"round\"><\/path><\/g><defs><clipPath id=\"clip0_90_3519\"><rect width=\"16\" height=\"16\" fill=\"white\"><\/rect><\/clipPath><\/defs><\/svg>\t\t\t<\/div>\n\t\t<\/div>\n\t\t\t\t\t\t<\/div>\n\t\t\t\t<div class=\"elementor-element elementor-element-3e7531f elementor-widget elementor-widget-text-editor\" data-id=\"3e7531f\" data-element_type=\"widget\" data-e-type=\"widget\" data-widget_type=\"text-editor.default\">\n\t\t\t\t\t\t\t\t\t<p>Exp\u00e9rience<\/p>\t\t\t\t\t\t\t\t<\/div>\n\t\t\t\t<\/div>\n\t\t\t\t<div class=\"elementor-element elementor-element-18f04a7 elementor-widget elementor-widget-shortcode\" data-id=\"18f04a7\" data-element_type=\"widget\" data-e-type=\"widget\" data-widget_type=\"shortcode.default\">\n\t\t\t\t\t\t\t<div class=\"elementor-shortcode\"><div class=\"wpgb-facet wpgb-loading wpgb-facet-10\" data-facet=\"10\" data-grid=\"5\">\t<fieldset>\n\t\t<legend class=\"wpgb-facet-title wpgb-sr-only\">Explorer &gt; Experience<\/legend>\n\t\t<div class=\"wpgb-select-facet\"><label><span class=\"wpgb-sr-only\">S\u00e9lectionnez le contenu<\/span><select class=\"wpgb-select\" name=\"facette_destination_2\"><option value=\"\">Toutes les exp\u00e9riences<\/option><option value=\"randonnee\">Randonn\u00e9e&nbsp;(11)<\/option><option value=\"bivouac\">Bivouac&nbsp;(8)<\/option><option value=\"trek\">Trek&nbsp;(7)<\/option><option value=\"road-trip\">Road trip&nbsp;(6)<\/option><option value=\"micro-aventure\">Micro-aventure&nbsp;(4)<\/option><option value=\"raquettes-a-neige\">Raquettes \u00e0 neige&nbsp;(2)<\/option><\/select><span class=\"wpgb-select-controls\"><span class=\"wpgb-select-separator\"><\/span><svg class=\"wpgb-select-toggle\" viewBox=\"0 0 24 24\" height=\"24\" width=\"24\" aria-hidden=\"true\" focusable=\"false\"><path d=\"m12 14.536-.045.043.045-.043-5.3-5.114 5.3 5.114 5.3-5.114-5.3 5.114.045.043Z\"\/><\/svg><\/span><\/label><\/div>\t<\/fieldset>\n\t<\/div><\/div>\n\t\t\t\t\t\t<\/div>\n\t\t\t\t<\/div>\n\t\t<div class=\"elementor-element elementor-element-a4125dc e-con-full e-flex e-con e-child\" data-id=\"a4125dc\" data-element_type=\"container\" data-e-type=\"container\">\n\t\t<div class=\"elementor-element elementor-element-c029565 e-con-full e-flex e-con e-child\" data-id=\"c029565\" data-element_type=\"container\" data-e-type=\"container\">\n\t\t\t\t<div class=\"elementor-element elementor-element-c8d29fa elementor-view-default elementor-widget elementor-widget-icon\" data-id=\"c8d29fa\" data-element_type=\"widget\" data-e-type=\"widget\" data-widget_type=\"icon.default\">\n\t\t\t\t\t\t\t<div class=\"elementor-icon-wrapper\">\n\t\t\t<div class=\"elementor-icon\">\n\t\t\t<svg xmlns=\"http:\/\/www.w3.org\/2000\/svg\" width=\"16\" height=\"16\" viewBox=\"0 0 16 16\" fill=\"none\"><g clip-path=\"url(#clip0_90_3530)\"><path d=\"M5.33301 1.3335V4.00016\" stroke=\"white\" stroke-width=\"1.33333\" stroke-linecap=\"round\" stroke-linejoin=\"round\"><\/path><path d=\"M10.667 1.3335V4.00016\" stroke=\"white\" stroke-width=\"1.33333\" stroke-linecap=\"round\" stroke-linejoin=\"round\"><\/path><path d=\"M12.6667 2.6665H3.33333C2.59695 2.6665 2 3.26346 2 3.99984V13.3332C2 14.0696 2.59695 14.6665 3.33333 14.6665H12.6667C13.403 14.6665 14 14.0696 14 13.3332V3.99984C14 3.26346 13.403 2.6665 12.6667 2.6665Z\" stroke=\"white\" stroke-width=\"1.33333\" stroke-linecap=\"round\" stroke-linejoin=\"round\"><\/path><path d=\"M2 6.6665H14\" stroke=\"white\" stroke-width=\"1.33333\" stroke-linecap=\"round\" stroke-linejoin=\"round\"><\/path><\/g><defs><clipPath id=\"clip0_90_3530\"><rect width=\"16\" height=\"16\" fill=\"white\"><\/rect><\/clipPath><\/defs><\/svg>\t\t\t<\/div>\n\t\t<\/div>\n\t\t\t\t\t\t<\/div>\n\t\t\t\t<div class=\"elementor-element elementor-element-812882e elementor-widget elementor-widget-text-editor\" data-id=\"812882e\" data-element_type=\"widget\" data-e-type=\"widget\" data-widget_type=\"text-editor.default\">\n\t\t\t\t\t\t\t\t\t<p>Saison<\/p>\t\t\t\t\t\t\t\t<\/div>\n\t\t\t\t<\/div>\n\t\t\t\t<div class=\"elementor-element elementor-element-f407035 elementor-widget elementor-widget-shortcode\" data-id=\"f407035\" data-element_type=\"widget\" data-e-type=\"widget\" data-widget_type=\"shortcode.default\">\n\t\t\t\t\t\t\t<div class=\"elementor-shortcode\"><div class=\"wpgb-facet wpgb-loading wpgb-facet-11\" data-facet=\"11\" data-grid=\"5\">\t<fieldset>\n\t\t<legend class=\"wpgb-facet-title wpgb-sr-only\">Explorer &gt; Saison<\/legend>\n\t\t<div class=\"wpgb-select-facet\"><label><span class=\"wpgb-sr-only\">S\u00e9lectionnez le contenu<\/span><select class=\"wpgb-select\" name=\"facette_destination_2_2\"><option value=\"\">Toutes les saisons<\/option><option value=\"ete\">\u00c9t\u00e9&nbsp;(21)<\/option><option value=\"automne\">Automne&nbsp;(8)<\/option><option value=\"printemps\">Printemps&nbsp;(4)<\/option><option value=\"hiver\">Hiver&nbsp;(3)<\/option><\/select><span class=\"wpgb-select-controls\"><span class=\"wpgb-select-separator\"><\/span><svg class=\"wpgb-select-toggle\" viewBox=\"0 0 24 24\" height=\"24\" width=\"24\" aria-hidden=\"true\" focusable=\"false\"><path d=\"m12 14.536-.045.043.045-.043-5.3-5.114 5.3 5.114 5.3-5.114-5.3 5.114.045.043Z\"\/><\/svg><\/span><\/label><\/div>\t<\/fieldset>\n\t<\/div><\/div>\n\t\t\t\t\t\t<\/div>\n\t\t\t\t<\/div>\n\t\t<div class=\"elementor-element elementor-element-2f881ad e-con-full e-flex e-con e-child\" data-id=\"2f881ad\" data-element_type=\"container\" data-e-type=\"container\">\n\t\t<div class=\"elementor-element elementor-element-cc88f7d e-con-full e-flex e-con e-child\" data-id=\"cc88f7d\" data-element_type=\"container\" data-e-type=\"container\">\n\t\t\t\t<div class=\"elementor-element elementor-element-faf4f5e elementor-view-default elementor-widget elementor-widget-icon\" data-id=\"faf4f5e\" data-element_type=\"widget\" data-e-type=\"widget\" data-widget_type=\"icon.default\">\n\t\t\t\t\t\t\t<div class=\"elementor-icon-wrapper\">\n\t\t\t<div class=\"elementor-icon\">\n\t\t\t<svg xmlns=\"http:\/\/www.w3.org\/2000\/svg\" width=\"16\" height=\"16\" viewBox=\"0 0 16 16\" fill=\"none\"><g clip-path=\"url(#clip0_90_3545)\"><path d=\"M6.66708 13.3333C6.66702 13.4572 6.70148 13.5787 6.7666 13.6841C6.83172 13.7895 6.92492 13.8746 7.03574 13.93L8.36908 14.5967C8.47074 14.6475 8.58371 14.6714 8.69724 14.6663C8.81077 14.6612 8.92111 14.6271 9.01776 14.5673C9.11442 14.5075 9.19419 14.424 9.24949 14.3247C9.30479 14.2254 9.3338 14.1137 9.33374 14V9.33333C9.33389 9.00292 9.45672 8.68433 9.67841 8.43933L14.4937 3.11333C14.5801 3.01771 14.6368 2.89912 14.6571 2.77192C14.6775 2.64472 14.6605 2.51435 14.6083 2.39658C14.5562 2.27881 14.471 2.17868 14.3631 2.1083C14.2552 2.03792 14.1292 2.0003 14.0004 2H2.00041C1.87148 2.00005 1.74533 2.03748 1.63724 2.10776C1.52915 2.17804 1.44376 2.27815 1.39141 2.39598C1.33906 2.5138 1.322 2.64427 1.34229 2.77159C1.36259 2.89892 1.41936 3.01762 1.50574 3.11333L6.32241 8.43933C6.5441 8.68433 6.66693 9.00292 6.66708 9.33333V13.3333Z\" stroke=\"white\" stroke-width=\"1.33333\" stroke-linecap=\"round\" stroke-linejoin=\"round\"><\/path><\/g><defs><clipPath id=\"clip0_90_3545\"><rect width=\"16\" height=\"16\" fill=\"white\"><\/rect><\/clipPath><\/defs><\/svg>\t\t\t<\/div>\n\t\t<\/div>\n\t\t\t\t\t\t<\/div>\n\t\t\t\t<div class=\"elementor-element elementor-element-87e0e3a elementor-widget elementor-widget-text-editor\" data-id=\"87e0e3a\" data-element_type=\"widget\" data-e-type=\"widget\" data-widget_type=\"text-editor.default\">\n\t\t\t\t\t\t\t\t\t<p>Type<\/p>\t\t\t\t\t\t\t\t<\/div>\n\t\t\t\t<\/div>\n\t\t\t\t<div class=\"elementor-element elementor-element-d1f453d elementor-widget elementor-widget-shortcode\" data-id=\"d1f453d\" data-element_type=\"widget\" data-e-type=\"widget\" data-widget_type=\"shortcode.default\">\n\t\t\t\t\t\t\t<div class=\"elementor-shortcode\"><div class=\"wpgb-facet wpgb-loading wpgb-facet-12\" data-facet=\"12\" data-grid=\"5\">\t<fieldset>\n\t\t<legend class=\"wpgb-facet-title wpgb-sr-only\">Explorer &gt; Types<\/legend>\n\t\t<div class=\"wpgb-select-facet\"><label><span class=\"wpgb-sr-only\">S\u00e9lectionnez le contenu<\/span><select class=\"wpgb-select\" name=\"facette_destination_2_2_2\"><option value=\"\">Tous les types<\/option><option value=\"conseils-rando\">Conseils rando&nbsp;(9)<\/option><option value=\"conseils-van\">Conseils van&nbsp;(1)<\/option><\/select><span class=\"wpgb-select-controls\"><span class=\"wpgb-select-separator\"><\/span><svg class=\"wpgb-select-toggle\" viewBox=\"0 0 24 24\" height=\"24\" width=\"24\" aria-hidden=\"true\" focusable=\"false\"><path d=\"m12 14.536-.045.043.045-.043-5.3-5.114 5.3 5.114 5.3-5.114-5.3 5.114.045.043Z\"\/><\/svg><\/span><\/label><\/div>\t<\/fieldset>\n\t<\/div><\/div>\n\t\t\t\t\t\t<\/div>\n\t\t\t\t<\/div>\n\t\t\t\t<\/div>\n\t\t\t\t<\/div>\n\t\t\t\t\t<\/div>\n\t\t\t\t<\/div>\n\t\t<div class=\"elementor-element elementor-element-9013a58 e-flex e-con-boxed e-con e-parent\" data-id=\"9013a58\" data-element_type=\"container\" data-e-type=\"container\">\n\t\t\t\t\t<div class=\"e-con-inner\">\n\t\t\t\t<div class=\"elementor-element elementor-element-5976eb6 elementor-widget elementor-widget-shortcode\" data-id=\"5976eb6\" data-element_type=\"widget\" data-e-type=\"widget\" data-widget_type=\"shortcode.default\">\n\t\t\t\t\t\t\t<div class=\"elementor-shortcode\"><!-- Gridbuilder \u1d42\u1d3e Plugin (https:\/\/wpgridbuilder.com) -->\n<div class=\"wp-grid-builder wpgb-grid-5\" data-options=\"{&quot;id&quot;:5,&quot;type&quot;:&quot;masonry&quot;,&quot;source&quot;:&quot;post_type&quot;,&quot;loader&quot;:false,&quot;layout&quot;:&quot;vertical&quot;,&quot;reveal&quot;:0,&quot;isMainQuery&quot;:0,&quot;lazyLoad&quot;:false,&quot;cardSizes&quot;:{&quot;9999&quot;:{&quot;columns&quot;:3,&quot;height&quot;:240,&quot;gutter&quot;:16,&quot;ratio&quot;:&quot;1.33333&quot;},&quot;1280&quot;:{&quot;columns&quot;:3,&quot;height&quot;:220,&quot;gutter&quot;:16,&quot;ratio&quot;:&quot;1.33333&quot;},&quot;1024&quot;:{&quot;columns&quot;:2,&quot;height&quot;:200,&quot;gutter&quot;:16,&quot;ratio&quot;:&quot;1.33333&quot;},&quot;640&quot;:{&quot;columns&quot;:1,&quot;height&quot;:200,&quot;gutter&quot;:16,&quot;ratio&quot;:&quot;1.33333&quot;}},&quot;fitRows&quot;:false,&quot;equalRows&quot;:0,&quot;equalColumns&quot;:false,&quot;fillLastRow&quot;:0,&quot;centerLastRow&quot;:0,&quot;horizontalOrder&quot;:false,&quot;fullWidth&quot;:false,&quot;transitionDelay&quot;:100,&quot;gallerySlideshow&quot;:false,&quot;rowsNumber&quot;:1,&quot;slideAlign&quot;:&quot;left&quot;,&quot;groupCells&quot;:1,&quot;draggable&quot;:true,&quot;initialIndex&quot;:0,&quot;contain&quot;:false,&quot;freeScroll&quot;:false,&quot;freeFriction&quot;:&quot;0.075&quot;,&quot;friction&quot;:&quot;0.285&quot;,&quot;attraction&quot;:&quot;0.025&quot;,&quot;autoPlay&quot;:0,&quot;pageDotAriaLabel&quot;:&quot;Point de page %d&quot;,&quot;isPreview&quot;:false,&quot;isGutenberg&quot;:false,&quot;rightToLeft&quot;:false}\"><div class=\"wpgb-svg-icons\" hidden>\n\t<svg viewBox=\"0 0 120 24\" width=\"0\" height=\"0\">\n\t<defs>\n        <polygon id=\"wpgb-star-svg\" points=\"12 2.5 15.1 8.8 22 9.8 17 14.6 18.2 21.5 12 18.3 5.8 21.5 7 14.6 2 9.8 8.9 8.8\"><\/polygon>\n    <\/defs>\n    <symbol id=\"wpgb-rating-stars-svg\">\n        <use xlink:href=\"#wpgb-star-svg\"><\/use>\n        <use xlink:href=\"#wpgb-star-svg\" x=\"24\"><\/use>\n        <use xlink:href=\"#wpgb-star-svg\" x=\"48\"><\/use>\n        <use xlink:href=\"#wpgb-star-svg\" x=\"72\"><\/use>\n        <use xlink:href=\"#wpgb-star-svg\" x=\"96\"><\/use>\n    <\/symbol>\n<\/svg>\n<\/div>\n<div class=\"wpgb-wrapper\">\n\t<div class=\"wpgb-main\">\n\t<div class=\"wpgb-layout\">\n\t<div class=\"wpgb-viewport\">\n\t\t<div class=\"wpgb-masonry\">\n\t\t\t<article class=\"wpgb-card wpgb-card-2 wpgb-post-4997\" data-col=\"1\" data-row=\"1\" data-format=\"standard\"><div class=\"wpgb-card-wrapper\"><div class=\"wpgb-card-inner\" data-action><div class=\"wpgb-card-media wpgb-scheme-light\"><svg data-ratio style=\"padding-top:75%\" viewBox=\"0 0 4 3\"><\/svg><div class=\"wpgb-card-media-thumbnail\"><a href=\"https:\/\/lafilledesalpes.com\/wp-content\/uploads\/2025\/09\/norvege-21.webp\" tabindex=\"-1\" class=\"wpgb-handle-lb wpgb-lightbox\" data-type=\"image\" data-rel=\"5\" data-title=\"road-trip-lofoten-norvege-van-hamnoy\" title=\"Agrandir la photo\"><div style=\"background-image:url(https:\/\/lafilledesalpes.com\/wp-content\/uploads\/2025\/09\/norvege-21-768x512.webp)\"><\/div><noscript><img decoding=\"async\" class=\"wpgb-noscript-img\" src=\"https:\/\/lafilledesalpes.com\/wp-content\/uploads\/2025\/09\/norvege-21-768x512.webp\" alt=\"village typique norv\u00e8ge avec montagne\" height=\"512\" width=\"768\"><\/noscript><\/a><\/div><div class=\"wpgb-card-media-overlay\"><\/div><div class=\"wpgb-card-media-content\"><div class=\"wpgb-card-media-content-top\"><div class=\"wpgb-block-13\"><span class=\"wpgb-block-term\" data-id=\"132\">Conseils van<\/span><\/div><\/div><\/div><\/div><div class=\"wpgb-card-content wpgb-scheme-dark\"><div class=\"wpgb-card-body\"><h3 class=\"wpgb-block-3\"><a target=\"_self\" href=\"https:\/\/lafilledesalpes.com\/index.php\/2025\/09\/10\/guide-complet-pour-decouvrir-les-iles-lofoten\/\">Guide complet pour d\u00e9couvrir les \u00eeles Lofoten<\/a><\/h3><div class=\"wpgb-block-6\"><p>Mon coup de coeur de Norv\u00e8ge !<\/p><\/div><\/div><div class=\"wpgb-card-footer\"><div class=\"wpgb-block-1\"><div class=\"wpgb-block-4\">Lire l'article<\/div><div class=\"wpgb-block-2\"><svg><use xlink:href=\"https:\/\/lafilledesalpes.com\/wp-content\/plugins\/wp-grid-builder\/public\/svg\/arrows\/tail-right.svg#wpgb-icon\"\/><\/svg><\/div><\/div><\/div><\/div><a class=\"wpgb-card-layer-link\" href=\"https:\/\/lafilledesalpes.com\/index.php\/2025\/09\/10\/guide-complet-pour-decouvrir-les-iles-lofoten\/\"><\/a><\/div><\/div><\/article><article class=\"wpgb-card wpgb-card-2 wpgb-post-4922\" data-col=\"1\" data-row=\"1\" data-format=\"standard\"><div class=\"wpgb-card-wrapper\"><div class=\"wpgb-card-inner\" data-action><div class=\"wpgb-card-media wpgb-scheme-light\"><svg data-ratio style=\"padding-top:75%\" viewBox=\"0 0 4 3\"><\/svg><div class=\"wpgb-card-media-thumbnail\"><a href=\"https:\/\/lafilledesalpes.com\/wp-content\/uploads\/2025\/08\/La-fille-des-Alpes-223.webp\" tabindex=\"-1\" class=\"wpgb-handle-lb wpgb-lightbox\" data-type=\"image\" data-rel=\"5\" data-title=\"randonnee-automne-alpes-melezes-couleurs-dores\" title=\"Agrandir la photo\"><div style=\"background-image:url(https:\/\/lafilledesalpes.com\/wp-content\/uploads\/2025\/08\/La-fille-des-Alpes-223-768x512.webp)\"><\/div><noscript><img loading=\"lazy\" decoding=\"async\" class=\"wpgb-noscript-img\" src=\"https:\/\/lafilledesalpes.com\/wp-content\/uploads\/2025\/08\/La-fille-des-Alpes-223-768x512.webp\" alt=\"panorama sur montagne enneig\u00e9s et m\u00e9l\u00e8zes dor\u00e9s\" height=\"512\" width=\"768\"><\/noscript><\/a><\/div><div class=\"wpgb-card-media-overlay\"><\/div><div class=\"wpgb-card-media-content\"><div class=\"wpgb-card-media-content-top\"><div class=\"wpgb-block-13\"><span class=\"wpgb-block-term\" data-id=\"95\">Alpes fran\u00e7aises<\/span><\/div><\/div><\/div><\/div><div class=\"wpgb-card-content wpgb-scheme-dark\"><div class=\"wpgb-card-body\"><h3 class=\"wpgb-block-3\"><a target=\"_self\" href=\"https:\/\/lafilledesalpes.com\/index.php\/2025\/08\/20\/un-weekend-de-randonnee-dans-les-alpes-4-spots-pour-les-couleurs-dautomne\/\">Un weekend de randonn\u00e9e dans les Alpes : 4 spots pour les couleurs d&#8217;automne<\/a><\/h3><div class=\"wpgb-block-6\"><p>L&#8217;automne dans les Alpes est une v\u00e9ritable palette de peintre !<\/p><\/div><\/div><div class=\"wpgb-card-footer\"><div class=\"wpgb-block-1\"><div class=\"wpgb-block-4\">Lire l'article<\/div><div class=\"wpgb-block-2\"><svg><use xlink:href=\"https:\/\/lafilledesalpes.com\/wp-content\/plugins\/wp-grid-builder\/public\/svg\/arrows\/tail-right.svg#wpgb-icon\"\/><\/svg><\/div><\/div><\/div><\/div><a class=\"wpgb-card-layer-link\" href=\"https:\/\/lafilledesalpes.com\/index.php\/2025\/08\/20\/un-weekend-de-randonnee-dans-les-alpes-4-spots-pour-les-couleurs-dautomne\/\"><\/a><\/div><\/div><\/article><article class=\"wpgb-card wpgb-card-2 wpgb-post-4741\" data-col=\"1\" data-row=\"1\" data-format=\"standard\"><div class=\"wpgb-card-wrapper\"><div class=\"wpgb-card-inner\" data-action><div class=\"wpgb-card-media wpgb-scheme-light\"><svg data-ratio style=\"padding-top:75%\" viewBox=\"0 0 4 3\"><\/svg><div class=\"wpgb-card-media-thumbnail\"><a href=\"https:\/\/lafilledesalpes.com\/wp-content\/uploads\/2025\/06\/LafilledesAlpes-1-2.webp\" tabindex=\"-1\" class=\"wpgb-handle-lb wpgb-lightbox\" data-type=\"image\" data-rel=\"5\" data-title=\"baignade-lac-altitude-montagne-paysage\" title=\"Agrandir la photo\"><div style=\"background-image:url(https:\/\/lafilledesalpes.com\/wp-content\/uploads\/2025\/06\/LafilledesAlpes-1-2-768x512.webp)\"><\/div><noscript><img loading=\"lazy\" decoding=\"async\" class=\"wpgb-noscript-img\" src=\"https:\/\/lafilledesalpes.com\/wp-content\/uploads\/2025\/06\/LafilledesAlpes-1-2-768x512.webp\" alt=\"panorama d&#039;un lac de montagne en effet miroir\" height=\"512\" width=\"768\"><\/noscript><\/a><\/div><div class=\"wpgb-card-media-overlay\"><\/div><div class=\"wpgb-card-media-content\"><div class=\"wpgb-card-media-content-top\"><div class=\"wpgb-block-13\"><span class=\"wpgb-block-term\" data-id=\"100\">Alpes fran\u00e7aises<\/span><\/div><\/div><\/div><\/div><div class=\"wpgb-card-content wpgb-scheme-dark\"><div class=\"wpgb-card-body\"><h3 class=\"wpgb-block-3\"><a target=\"_self\" href=\"https:\/\/lafilledesalpes.com\/index.php\/2025\/06\/18\/pourquoi-il-ne-faut-pas-se-baigner-dans-les-lacs-daltitude\/\">Pourquoi il ne faut pas se baigner dans les lacs d&#8217;altitude\u00a0?<\/a><\/h3><div class=\"wpgb-block-6\"><p>Toutes les informations pour mieux comprendre et en parler.<\/p><\/div><\/div><div class=\"wpgb-card-footer\"><div class=\"wpgb-block-1\"><div class=\"wpgb-block-4\">Lire l'article<\/div><div class=\"wpgb-block-2\"><svg><use xlink:href=\"https:\/\/lafilledesalpes.com\/wp-content\/plugins\/wp-grid-builder\/public\/svg\/arrows\/tail-right.svg#wpgb-icon\"\/><\/svg><\/div><\/div><\/div><\/div><a class=\"wpgb-card-layer-link\" href=\"https:\/\/lafilledesalpes.com\/index.php\/2025\/06\/18\/pourquoi-il-ne-faut-pas-se-baigner-dans-les-lacs-daltitude\/\"><\/a><\/div><\/div><\/article><article class=\"wpgb-card wpgb-card-2 wpgb-post-4668\" data-col=\"1\" data-row=\"1\" data-format=\"standard\"><div class=\"wpgb-card-wrapper\"><div class=\"wpgb-card-inner\" data-action><div class=\"wpgb-card-media wpgb-scheme-light\"><svg data-ratio style=\"padding-top:75%\" viewBox=\"0 0 4 3\"><\/svg><div class=\"wpgb-card-media-thumbnail\"><a href=\"https:\/\/lafilledesalpes.com\/wp-content\/uploads\/2025\/05\/LafilledesAlpes_VOG-54.webp\" tabindex=\"-1\" class=\"wpgb-handle-lb wpgb-lightbox\" data-type=\"image\" data-rel=\"5\" data-title=\"tour-des-bauges-rando-trek-montagne\" title=\"Agrandir la photo\"><div style=\"background-image:url(https:\/\/lafilledesalpes.com\/wp-content\/uploads\/2025\/05\/LafilledesAlpes_VOG-54-768x512.webp)\"><\/div><noscript><img loading=\"lazy\" decoding=\"async\" class=\"wpgb-noscript-img\" src=\"https:\/\/lafilledesalpes.com\/wp-content\/uploads\/2025\/05\/LafilledesAlpes_VOG-54-768x512.webp\" alt=\"randonneuse devant panorama\" height=\"512\" width=\"768\"><\/noscript><\/a><\/div><div class=\"wpgb-card-media-overlay\"><\/div><div class=\"wpgb-card-media-content\"><div class=\"wpgb-card-media-content-top\"><div class=\"wpgb-block-13\"><span class=\"wpgb-block-term\" data-id=\"95\">Alpes fran\u00e7aises<\/span><\/div><\/div><\/div><\/div><div class=\"wpgb-card-content wpgb-scheme-dark\"><div class=\"wpgb-card-body\"><h3 class=\"wpgb-block-3\"><a target=\"_self\" href=\"https:\/\/lafilledesalpes.com\/index.php\/2025\/05\/28\/tour-des-bauges-en-trek-avec-terres-daltitude\/\">Tour des Bauges en trek, avec Terres d&#8217;Altitude<\/a><\/h3><div class=\"wpgb-block-6\"><p>Un trek sauvage au coeur de la Savoie.<\/p><\/div><\/div><div class=\"wpgb-card-footer\"><div class=\"wpgb-block-1\"><div class=\"wpgb-block-4\">Lire l'article<\/div><div class=\"wpgb-block-2\"><svg><use xlink:href=\"https:\/\/lafilledesalpes.com\/wp-content\/plugins\/wp-grid-builder\/public\/svg\/arrows\/tail-right.svg#wpgb-icon\"\/><\/svg><\/div><\/div><\/div><\/div><a class=\"wpgb-card-layer-link\" href=\"https:\/\/lafilledesalpes.com\/index.php\/2025\/05\/28\/tour-des-bauges-en-trek-avec-terres-daltitude\/\"><\/a><\/div><\/div><\/article><article class=\"wpgb-card wpgb-card-2 wpgb-post-4415\" data-col=\"1\" data-row=\"1\" data-format=\"standard\"><div class=\"wpgb-card-wrapper\"><div class=\"wpgb-card-inner\" data-action><div class=\"wpgb-card-media wpgb-scheme-light\"><svg data-ratio style=\"padding-top:75%\" viewBox=\"0 0 4 3\"><\/svg><div class=\"wpgb-card-media-thumbnail\"><a href=\"https:\/\/lafilledesalpes.com\/wp-content\/uploads\/2025\/04\/Montagne_Lafilledesalpes-25.webp\" tabindex=\"-1\" class=\"wpgb-handle-lb wpgb-lightbox\" data-type=\"image\" data-rel=\"5\" data-title=\"montagne-queyras-rando-marmotte\" title=\"Agrandir la photo\"><div style=\"background-image:url(https:\/\/lafilledesalpes.com\/wp-content\/uploads\/2025\/04\/Montagne_Lafilledesalpes-25-768x512.webp)\"><\/div><noscript><img loading=\"lazy\" decoding=\"async\" class=\"wpgb-noscript-img\" src=\"https:\/\/lafilledesalpes.com\/wp-content\/uploads\/2025\/04\/Montagne_Lafilledesalpes-25-768x512.webp\" alt=\"marmotte dans les fleurs en montagne\" height=\"512\" width=\"768\"><\/noscript><\/a><\/div><div class=\"wpgb-card-media-overlay\"><\/div><div class=\"wpgb-card-media-content\"><div class=\"wpgb-card-media-content-top\"><div class=\"wpgb-block-13\"><span class=\"wpgb-block-term\" data-id=\"95\">Alpes fran\u00e7aises<\/span><\/div><\/div><\/div><\/div><div class=\"wpgb-card-content wpgb-scheme-dark\"><div class=\"wpgb-card-body\"><h3 class=\"wpgb-block-3\"><a target=\"_self\" href=\"https:\/\/lafilledesalpes.com\/index.php\/2025\/05\/07\/7-jours-en-van-dans-le-queyras-randonnees-bivouac-et-via-ferrata\/\">7 jours en van dans le Queyras : randonn\u00e9es, bivouac et via ferrata<\/a><\/h3><p class=\"wpgb-block-6\">Envie de partir \u00e0 l\u2019aventure dans les Alpes du Sud ? Je t\u2019emm\u00e8ne pour 7 jours en van \u00e0 la d\u00e9couverte du Queyras : entre cols mythiques, randonn\u00e9es sublimes, bivouacs sauvages et via ferrata au...<\/p><\/div><div class=\"wpgb-card-footer\"><div class=\"wpgb-block-1\"><div class=\"wpgb-block-4\">Lire l'article<\/div><div class=\"wpgb-block-2\"><svg><use xlink:href=\"https:\/\/lafilledesalpes.com\/wp-content\/plugins\/wp-grid-builder\/public\/svg\/arrows\/tail-right.svg#wpgb-icon\"\/><\/svg><\/div><\/div><\/div><\/div><a class=\"wpgb-card-layer-link\" href=\"https:\/\/lafilledesalpes.com\/index.php\/2025\/05\/07\/7-jours-en-van-dans-le-queyras-randonnees-bivouac-et-via-ferrata\/\"><\/a><\/div><\/div><\/article><article class=\"wpgb-card wpgb-card-2 wpgb-post-4369\" data-col=\"1\" data-row=\"1\" data-format=\"standard\"><div class=\"wpgb-card-wrapper\"><div class=\"wpgb-card-inner\" data-action><div class=\"wpgb-card-media wpgb-scheme-light\"><svg data-ratio style=\"padding-top:75%\" viewBox=\"0 0 4 3\"><\/svg><div class=\"wpgb-card-media-thumbnail\"><a href=\"https:\/\/lafilledesalpes.com\/wp-content\/uploads\/2025\/04\/935A9811.webp\" tabindex=\"-1\" class=\"wpgb-handle-lb wpgb-lightbox\" data-type=\"image\" data-rel=\"5\" data-title=\"trek-bauges-montagne-charbon-coucher-soleil-crete\" title=\"Agrandir la photo\"><div style=\"background-image:url(https:\/\/lafilledesalpes.com\/wp-content\/uploads\/2025\/04\/935A9811-768x512.webp)\"><\/div><noscript><img loading=\"lazy\" decoding=\"async\" class=\"wpgb-noscript-img\" src=\"https:\/\/lafilledesalpes.com\/wp-content\/uploads\/2025\/04\/935A9811-768x512.webp\" alt=\"paysage de montagne au coucher de soleil\" height=\"512\" width=\"768\"><\/noscript><\/a><\/div><div class=\"wpgb-card-media-overlay\"><\/div><div class=\"wpgb-card-media-content\"><div class=\"wpgb-card-media-content-top\"><div class=\"wpgb-block-13\"><span class=\"wpgb-block-term\" data-id=\"95\">Alpes fran\u00e7aises<\/span><\/div><\/div><\/div><\/div><div class=\"wpgb-card-content wpgb-scheme-dark\"><div class=\"wpgb-card-body\"><h3 class=\"wpgb-block-3\"><a target=\"_self\" href=\"https:\/\/lafilledesalpes.com\/index.php\/2025\/04\/16\/trek-bauges-le-tour-de-la-montagne-du-charbon-en-2-jours\/\">Trek Bauges : le tour de la montagne du Charbon en 2 jours<\/a><\/h3><div class=\"wpgb-block-6\"><p>Un mini-trek accessible, avec des paysages vari\u00e9s.<\/p><\/div><\/div><div class=\"wpgb-card-footer\"><div class=\"wpgb-block-1\"><div class=\"wpgb-block-4\">Lire l'article<\/div><div class=\"wpgb-block-2\"><svg><use xlink:href=\"https:\/\/lafilledesalpes.com\/wp-content\/plugins\/wp-grid-builder\/public\/svg\/arrows\/tail-right.svg#wpgb-icon\"\/><\/svg><\/div><\/div><\/div><\/div><a class=\"wpgb-card-layer-link\" href=\"https:\/\/lafilledesalpes.com\/index.php\/2025\/04\/16\/trek-bauges-le-tour-de-la-montagne-du-charbon-en-2-jours\/\"><\/a><\/div><\/div><\/article><article class=\"wpgb-card wpgb-card-2 wpgb-post-4303\" data-col=\"1\" data-row=\"1\" data-format=\"standard\"><div class=\"wpgb-card-wrapper\"><div class=\"wpgb-card-inner\" data-action><div class=\"wpgb-card-media wpgb-scheme-light\"><svg data-ratio style=\"padding-top:75%\" viewBox=\"0 0 4 3\"><\/svg><div class=\"wpgb-card-media-thumbnail\"><a href=\"https:\/\/lafilledesalpes.com\/wp-content\/uploads\/2025\/04\/935A9833.webp\" tabindex=\"-1\" class=\"wpgb-handle-lb wpgb-lightbox\" data-type=\"image\" data-rel=\"5\" data-title=\"paysage-montagne-coucher-soleil-randonnee-dolomites\" title=\"Agrandir la photo\"><div style=\"background-image:url(https:\/\/lafilledesalpes.com\/wp-content\/uploads\/2025\/04\/935A9833-768x512.webp)\"><\/div><noscript><img loading=\"lazy\" decoding=\"async\" class=\"wpgb-noscript-img\" src=\"https:\/\/lafilledesalpes.com\/wp-content\/uploads\/2025\/04\/935A9833-768x512.webp\" alt=\"paysage de montagne au coucher de soleil avec une randonneuse devant\" height=\"512\" width=\"768\"><\/noscript><\/a><\/div><div class=\"wpgb-card-media-overlay\"><\/div><div class=\"wpgb-card-media-content\"><div class=\"wpgb-card-media-content-top\"><div class=\"wpgb-block-13\"><span class=\"wpgb-block-term\" data-id=\"95\">Alpes fran\u00e7aises<\/span><\/div><\/div><\/div><\/div><div class=\"wpgb-card-content wpgb-scheme-dark\"><div class=\"wpgb-card-body\"><h3 class=\"wpgb-block-3\"><a target=\"_self\" href=\"https:\/\/lafilledesalpes.com\/index.php\/2025\/04\/02\/les-5-erreurs-les-plus-courantes-en-randonnee-et-comment-les-eviter\/\">Les 5 erreurs les plus courantes en randonn\u00e9e (et comment les \u00e9viter)<\/a><\/h3><div class=\"wpgb-block-6\"><p>Tips, conseils pratiques&#8230; et solutions !<\/p><\/div><\/div><div class=\"wpgb-card-footer\"><div class=\"wpgb-block-1\"><div class=\"wpgb-block-4\">Lire l'article<\/div><div class=\"wpgb-block-2\"><svg><use xlink:href=\"https:\/\/lafilledesalpes.com\/wp-content\/plugins\/wp-grid-builder\/public\/svg\/arrows\/tail-right.svg#wpgb-icon\"\/><\/svg><\/div><\/div><\/div><\/div><a class=\"wpgb-card-layer-link\" href=\"https:\/\/lafilledesalpes.com\/index.php\/2025\/04\/02\/les-5-erreurs-les-plus-courantes-en-randonnee-et-comment-les-eviter\/\"><\/a><\/div><\/div><\/article><article class=\"wpgb-card wpgb-card-2 wpgb-post-4094\" data-col=\"1\" data-row=\"1\" data-format=\"standard\"><div class=\"wpgb-card-wrapper\"><div class=\"wpgb-card-inner\" data-action><div class=\"wpgb-card-media wpgb-scheme-light\"><svg data-ratio style=\"padding-top:75%\" viewBox=\"0 0 4 3\"><\/svg><div class=\"wpgb-card-media-thumbnail\"><a href=\"https:\/\/lafilledesalpes.com\/wp-content\/uploads\/2025\/01\/935A8883.webp\" tabindex=\"-1\" class=\"wpgb-handle-lb wpgb-lightbox\" data-type=\"image\" data-rel=\"5\" data-title=\"passo-gardena-dolomites\" title=\"Agrandir la photo\"><div style=\"background-image:url(https:\/\/lafilledesalpes.com\/wp-content\/uploads\/2025\/01\/935A8883-768x512.webp)\"><\/div><noscript><img loading=\"lazy\" decoding=\"async\" class=\"wpgb-noscript-img\" src=\"https:\/\/lafilledesalpes.com\/wp-content\/uploads\/2025\/01\/935A8883-768x512.webp\" alt=\"paysage de montagne avec de la verdure devant\" height=\"512\" width=\"768\"><\/noscript><\/a><\/div><div class=\"wpgb-card-media-overlay\"><\/div><div class=\"wpgb-card-media-content\"><div class=\"wpgb-card-media-content-top\"><div class=\"wpgb-block-13\"><span class=\"wpgb-block-term\" data-id=\"102\">Dolomites<\/span><\/div><\/div><\/div><\/div><div class=\"wpgb-card-content wpgb-scheme-dark\"><div class=\"wpgb-card-body\"><h3 class=\"wpgb-block-3\"><a target=\"_self\" href=\"https:\/\/lafilledesalpes.com\/index.php\/2025\/03\/19\/road-trip-de-10-jours-dans-les-dolomites-itineraire-complet-et-incontournables\/\">Road trip de 10 jours dans les Dolomites\u00a0: itin\u00e9raire complet et incontournables<\/a><\/h3><div class=\"wpgb-block-6\"><p>Un de mes plus beaux road trip : coup de coeur garanti !<\/p><\/div><\/div><div class=\"wpgb-card-footer\"><div class=\"wpgb-block-1\"><div class=\"wpgb-block-4\">Lire l'article<\/div><div class=\"wpgb-block-2\"><svg><use xlink:href=\"https:\/\/lafilledesalpes.com\/wp-content\/plugins\/wp-grid-builder\/public\/svg\/arrows\/tail-right.svg#wpgb-icon\"\/><\/svg><\/div><\/div><\/div><\/div><a class=\"wpgb-card-layer-link\" href=\"https:\/\/lafilledesalpes.com\/index.php\/2025\/03\/19\/road-trip-de-10-jours-dans-les-dolomites-itineraire-complet-et-incontournables\/\"><\/a><\/div><\/div><\/article><article class=\"wpgb-card wpgb-card-2 wpgb-post-3989\" data-col=\"1\" data-row=\"1\" data-format=\"standard\"><div class=\"wpgb-card-wrapper\"><div class=\"wpgb-card-inner\" data-action><div class=\"wpgb-card-media wpgb-scheme-light\"><svg data-ratio style=\"padding-top:75%\" viewBox=\"0 0 4 3\"><\/svg><div class=\"wpgb-card-media-thumbnail\"><a href=\"https:\/\/lafilledesalpes.com\/wp-content\/uploads\/2025\/01\/935A2016-1.webp\" tabindex=\"-1\" class=\"wpgb-handle-lb wpgb-lightbox\" data-type=\"image\" data-rel=\"5\" data-title=\"paysage-lac-montagne-rando\" title=\"Agrandir la photo\"><div style=\"background-image:url(https:\/\/lafilledesalpes.com\/wp-content\/uploads\/2025\/01\/935A2016-1-768x512.webp)\"><\/div><noscript><img loading=\"lazy\" decoding=\"async\" class=\"wpgb-noscript-img\" src=\"https:\/\/lafilledesalpes.com\/wp-content\/uploads\/2025\/01\/935A2016-1-768x512.webp\" alt=\"randonneuse devant lac de montagne \u00e0 l&#039;automne\" height=\"512\" width=\"768\"><\/noscript><\/a><\/div><div class=\"wpgb-card-media-overlay\"><\/div><div class=\"wpgb-card-media-content\"><div class=\"wpgb-card-media-content-top\"><div class=\"wpgb-block-13\"><span class=\"wpgb-block-term\" data-id=\"95\">Alpes fran\u00e7aises<\/span><\/div><\/div><\/div><\/div><div class=\"wpgb-card-content wpgb-scheme-dark\"><div class=\"wpgb-card-body\"><h3 class=\"wpgb-block-3\"><a target=\"_self\" href=\"https:\/\/lafilledesalpes.com\/index.php\/2025\/03\/05\/quelle-est-la-meilleure-periode-pour-randonner-dans-les-alpes-climat-et-conseils-mois-par-mois\/\">Quelle est la meilleure p\u00e9riode pour randonner dans les Alpes ? Climat et conseils mois par mois<\/a><\/h3><div class=\"wpgb-block-6\"><p>Toutes les informations pour vous y rendre au meilleur moment !<\/p><\/div><\/div><div class=\"wpgb-card-footer\"><div class=\"wpgb-block-1\"><div class=\"wpgb-block-4\">Lire l'article<\/div><div class=\"wpgb-block-2\"><svg><use xlink:href=\"https:\/\/lafilledesalpes.com\/wp-content\/plugins\/wp-grid-builder\/public\/svg\/arrows\/tail-right.svg#wpgb-icon\"\/><\/svg><\/div><\/div><\/div><\/div><a class=\"wpgb-card-layer-link\" href=\"https:\/\/lafilledesalpes.com\/index.php\/2025\/03\/05\/quelle-est-la-meilleure-periode-pour-randonner-dans-les-alpes-climat-et-conseils-mois-par-mois\/\"><\/a><\/div><\/div><\/article><article class=\"wpgb-card wpgb-card-2 wpgb-post-4161\" data-col=\"1\" data-row=\"1\" data-format=\"standard\"><div class=\"wpgb-card-wrapper\"><div class=\"wpgb-card-inner\" data-action><div class=\"wpgb-card-media wpgb-scheme-light\"><svg data-ratio style=\"padding-top:75%\" viewBox=\"0 0 4 3\"><\/svg><div class=\"wpgb-card-media-thumbnail\"><a href=\"https:\/\/lafilledesalpes.com\/wp-content\/uploads\/2025\/01\/935A9375.webp\" tabindex=\"-1\" class=\"wpgb-handle-lb wpgb-lightbox\" data-type=\"image\" data-rel=\"5\" data-title=\"montagne-neige-bivouac-paysage-soleil\" title=\"Agrandir la photo\"><div style=\"background-image:url(https:\/\/lafilledesalpes.com\/wp-content\/uploads\/2025\/01\/935A9375-768x512.webp)\"><\/div><noscript><img loading=\"lazy\" decoding=\"async\" class=\"wpgb-noscript-img\" src=\"https:\/\/lafilledesalpes.com\/wp-content\/uploads\/2025\/01\/935A9375-768x512.webp\" alt=\"femme dans un bivouac enneig\u00e9 en montagne au coucher du soleil\" height=\"512\" width=\"768\"><\/noscript><\/a><\/div><div class=\"wpgb-card-media-overlay\"><\/div><div class=\"wpgb-card-media-content\"><div class=\"wpgb-card-media-content-top\"><div class=\"wpgb-block-13\"><span class=\"wpgb-block-term\" data-id=\"141\">Bivouac<\/span><\/div><\/div><\/div><\/div><div class=\"wpgb-card-content wpgb-scheme-dark\"><div class=\"wpgb-card-body\"><h3 class=\"wpgb-block-3\"><a target=\"_self\" href=\"https:\/\/lafilledesalpes.com\/index.php\/2025\/02\/05\/mon-premier-bivouac-hivernal-tout-savoir-pour-se-lancer\/\">Mon premier bivouac hivernal : tout savoir pour se lancer<\/a><\/h3><div class=\"wpgb-block-6\"><p>Du mat\u00e9riel \u00e0 l&#8217;exp\u00e9rience, je te raconte tout.<\/p><\/div><\/div><div class=\"wpgb-card-footer\"><div class=\"wpgb-block-1\"><div class=\"wpgb-block-4\">Lire l'article<\/div><div class=\"wpgb-block-2\"><svg><use xlink:href=\"https:\/\/lafilledesalpes.com\/wp-content\/plugins\/wp-grid-builder\/public\/svg\/arrows\/tail-right.svg#wpgb-icon\"\/><\/svg><\/div><\/div><\/div><\/div><a class=\"wpgb-card-layer-link\" href=\"https:\/\/lafilledesalpes.com\/index.php\/2025\/02\/05\/mon-premier-bivouac-hivernal-tout-savoir-pour-se-lancer\/\"><\/a><\/div><\/div><\/article><article class=\"wpgb-card wpgb-card-2 wpgb-post-4010\" data-col=\"1\" data-row=\"1\" data-format=\"standard\"><div class=\"wpgb-card-wrapper\"><div class=\"wpgb-card-inner\" data-action><div class=\"wpgb-card-media wpgb-scheme-light\"><svg data-ratio style=\"padding-top:75%\" viewBox=\"0 0 4 3\"><\/svg><div class=\"wpgb-card-media-thumbnail\"><a href=\"https:\/\/lafilledesalpes.com\/wp-content\/uploads\/2025\/01\/d4bc19c6-02b7-4f8f-9dcf-7380e485-1.webp\" tabindex=\"-1\" class=\"wpgb-handle-lb wpgb-lightbox\" data-type=\"image\" data-rel=\"5\" data-title=\"rando-montagne-ecrins-paysage-lumi\u00e8re\" title=\"Agrandir la photo\"><div style=\"background-image:url(https:\/\/lafilledesalpes.com\/wp-content\/uploads\/2025\/01\/d4bc19c6-02b7-4f8f-9dcf-7380e485-1-768x511.webp)\"><\/div><noscript><img loading=\"lazy\" decoding=\"async\" class=\"wpgb-noscript-img\" src=\"https:\/\/lafilledesalpes.com\/wp-content\/uploads\/2025\/01\/d4bc19c6-02b7-4f8f-9dcf-7380e485-1-768x511.webp\" alt=\"randonneuse devant paysage de montagne au lever du soleil\" height=\"511\" width=\"768\"><\/noscript><\/a><\/div><div class=\"wpgb-card-media-overlay\"><\/div><div class=\"wpgb-card-media-content\"><div class=\"wpgb-card-media-content-top\"><div class=\"wpgb-block-13\"><span class=\"wpgb-block-term\" data-id=\"95\">Alpes fran\u00e7aises<\/span><\/div><\/div><\/div><\/div><div class=\"wpgb-card-content wpgb-scheme-dark\"><div class=\"wpgb-card-body\"><h3 class=\"wpgb-block-3\"><a target=\"_self\" href=\"https:\/\/lafilledesalpes.com\/index.php\/2025\/01\/22\/les-5-plus-belles-randonnees-dans-les-alpes\/\">Les 5 plus belles randonn\u00e9es dans les Alpes<\/a><\/h3><div class=\"wpgb-block-6\"><p>Ce sont de vrais coup de coeur !<\/p><\/div><\/div><div class=\"wpgb-card-footer\"><div class=\"wpgb-block-1\"><div class=\"wpgb-block-4\">Lire l'article<\/div><div class=\"wpgb-block-2\"><svg><use xlink:href=\"https:\/\/lafilledesalpes.com\/wp-content\/plugins\/wp-grid-builder\/public\/svg\/arrows\/tail-right.svg#wpgb-icon\"\/><\/svg><\/div><\/div><\/div><\/div><a class=\"wpgb-card-layer-link\" href=\"https:\/\/lafilledesalpes.com\/index.php\/2025\/01\/22\/les-5-plus-belles-randonnees-dans-les-alpes\/\"><\/a><\/div><\/div><\/article><article class=\"wpgb-card wpgb-card-2 wpgb-post-3863\" data-col=\"1\" data-row=\"1\" data-format=\"standard\"><div class=\"wpgb-card-wrapper\"><div class=\"wpgb-card-inner\" data-action><div class=\"wpgb-card-media wpgb-scheme-light\"><svg data-ratio style=\"padding-top:75%\" viewBox=\"0 0 4 3\"><\/svg><div class=\"wpgb-card-media-thumbnail\"><a href=\"https:\/\/lafilledesalpes.com\/wp-content\/uploads\/2024\/12\/935A0227.webp\" tabindex=\"-1\" class=\"wpgb-handle-lb wpgb-lightbox\" data-type=\"image\" data-rel=\"5\" data-title=\"paysage-montagne-mer-nuage-mont-blanc-neige\" title=\"Agrandir la photo\"><div style=\"background-image:url(https:\/\/lafilledesalpes.com\/wp-content\/uploads\/2024\/12\/935A0227-768x512.webp)\"><\/div><noscript><img loading=\"lazy\" decoding=\"async\" class=\"wpgb-noscript-img\" src=\"https:\/\/lafilledesalpes.com\/wp-content\/uploads\/2024\/12\/935A0227-768x512.webp\" alt=\"paysage du mont blanc avec une mer de nuage et de la neige\" height=\"512\" width=\"768\"><\/noscript><\/a><\/div><div class=\"wpgb-card-media-overlay\"><\/div><div class=\"wpgb-card-media-content\"><div class=\"wpgb-card-media-content-top\"><div class=\"wpgb-block-13\"><span class=\"wpgb-block-term\" data-id=\"95\">Alpes fran\u00e7aises<\/span><\/div><\/div><\/div><\/div><div class=\"wpgb-card-content wpgb-scheme-dark\"><div class=\"wpgb-card-body\"><h3 class=\"wpgb-block-3\"><a target=\"_self\" href=\"https:\/\/lafilledesalpes.com\/index.php\/2024\/12\/25\/8-idees-de-randonnees-raquettes-faciles-dans-les-alpes\/\">8 id\u00e9es de randonn\u00e9es raquette faciles dans les Alpes<\/a><\/h3><div class=\"wpgb-block-6\"><p>Une promesse : l&#8217;\u00e9merveillement ! Ces lieux sont si beaux.<\/p><\/div><\/div><div class=\"wpgb-card-footer\"><div class=\"wpgb-block-1\"><div class=\"wpgb-block-4\">Lire l'article<\/div><div class=\"wpgb-block-2\"><svg><use xlink:href=\"https:\/\/lafilledesalpes.com\/wp-content\/plugins\/wp-grid-builder\/public\/svg\/arrows\/tail-right.svg#wpgb-icon\"\/><\/svg><\/div><\/div><\/div><\/div><a class=\"wpgb-card-layer-link\" href=\"https:\/\/lafilledesalpes.com\/index.php\/2024\/12\/25\/8-idees-de-randonnees-raquettes-faciles-dans-les-alpes\/\"><\/a><\/div><\/div><\/article><article class=\"wpgb-card wpgb-card-2 wpgb-post-3717\" data-col=\"1\" data-row=\"1\" data-format=\"standard\"><div class=\"wpgb-card-wrapper\"><div class=\"wpgb-card-inner\" data-action><div class=\"wpgb-card-media wpgb-scheme-light\"><svg data-ratio style=\"padding-top:75%\" viewBox=\"0 0 4 3\"><\/svg><div class=\"wpgb-card-media-thumbnail\"><a href=\"https:\/\/lafilledesalpes.com\/wp-content\/uploads\/2024\/12\/935A7665-1.webp\" tabindex=\"-1\" class=\"wpgb-handle-lb wpgb-lightbox\" data-type=\"image\" data-rel=\"5\" data-title=\"refuge-lac-trek-rando-ecrins\" title=\"Agrandir la photo\"><div style=\"background-image:url(https:\/\/lafilledesalpes.com\/wp-content\/uploads\/2024\/12\/935A7665-1-768x512.webp)\"><\/div><noscript><img loading=\"lazy\" decoding=\"async\" class=\"wpgb-noscript-img\" src=\"https:\/\/lafilledesalpes.com\/wp-content\/uploads\/2024\/12\/935A7665-1-768x512.webp\" alt=\"refuge devant lac de montagne au coucher du soleil\" height=\"512\" width=\"768\"><\/noscript><\/a><\/div><div class=\"wpgb-card-media-overlay\"><\/div><div class=\"wpgb-card-media-content\"><div class=\"wpgb-card-media-content-top\"><div class=\"wpgb-block-13\"><span class=\"wpgb-block-term\" data-id=\"141\">Bivouac<\/span><\/div><\/div><\/div><\/div><div class=\"wpgb-card-content wpgb-scheme-dark\"><div class=\"wpgb-card-body\"><h3 class=\"wpgb-block-3\"><a target=\"_self\" href=\"https:\/\/lafilledesalpes.com\/index.php\/2024\/12\/11\/preparer-son-premier-trek-de-plusieurs-jours-conseils-pour-debutants\/\">Pr\u00e9parer son premier trek : conseils pour d\u00e9butants<\/a><\/h3><div class=\"wpgb-block-6\"><p>Je te livre des conseils test\u00e9s sur le terrain, pour que toi aussi tu prennes du plaisir en montagne.<\/p><\/div><\/div><div class=\"wpgb-card-footer\"><div class=\"wpgb-block-1\"><div class=\"wpgb-block-4\">Lire l'article<\/div><div class=\"wpgb-block-2\"><svg><use xlink:href=\"https:\/\/lafilledesalpes.com\/wp-content\/plugins\/wp-grid-builder\/public\/svg\/arrows\/tail-right.svg#wpgb-icon\"\/><\/svg><\/div><\/div><\/div><\/div><a class=\"wpgb-card-layer-link\" href=\"https:\/\/lafilledesalpes.com\/index.php\/2024\/12\/11\/preparer-son-premier-trek-de-plusieurs-jours-conseils-pour-debutants\/\"><\/a><\/div><\/div><\/article><article class=\"wpgb-card wpgb-card-2 wpgb-post-3544\" data-col=\"1\" data-row=\"1\" data-format=\"standard\"><div class=\"wpgb-card-wrapper\"><div class=\"wpgb-card-inner\" data-action><div class=\"wpgb-card-media wpgb-scheme-light\"><svg data-ratio style=\"padding-top:75%\" viewBox=\"0 0 4 3\"><\/svg><div class=\"wpgb-card-media-thumbnail\"><a href=\"https:\/\/lafilledesalpes.com\/wp-content\/uploads\/2024\/11\/IMG_8438.webp\" tabindex=\"-1\" class=\"wpgb-handle-lb wpgb-lightbox\" data-type=\"image\" data-rel=\"5\" data-title=\"tour-du-mont-blanc-paysage-montagne-fleurs\" title=\"Agrandir la photo\"><div style=\"background-image:url(https:\/\/lafilledesalpes.com\/wp-content\/uploads\/2024\/11\/IMG_8438-768x512.webp)\"><\/div><noscript><img loading=\"lazy\" decoding=\"async\" class=\"wpgb-noscript-img\" src=\"https:\/\/lafilledesalpes.com\/wp-content\/uploads\/2024\/11\/IMG_8438-768x512.webp\" alt=\"montagne avec des fleurs roses en premier plan\" height=\"512\" width=\"768\"><\/noscript><\/a><\/div><div class=\"wpgb-card-media-overlay\"><\/div><div class=\"wpgb-card-media-content\"><div class=\"wpgb-card-media-content-top\"><div class=\"wpgb-block-13\"><span class=\"wpgb-block-term\" data-id=\"95\">Alpes fran\u00e7aises<\/span><\/div><\/div><\/div><\/div><div class=\"wpgb-card-content wpgb-scheme-dark\"><div class=\"wpgb-card-body\"><h3 class=\"wpgb-block-3\"><a target=\"_self\" href=\"https:\/\/lafilledesalpes.com\/index.php\/2024\/11\/12\/guide-du-tour-du-mont-blanc-en-bivouac-et-en-7-jours\/\">Guide du Tour du Mont Blanc en bivouac et en 7 jours<\/a><\/h3><div class=\"wpgb-block-6\"><p>Un guide plus que complet qui part de mon exp\u00e9rience. Tips bivouac et mat\u00e9riel en plus !<\/p><\/div><\/div><div class=\"wpgb-card-footer\"><div class=\"wpgb-block-1\"><div class=\"wpgb-block-4\">Lire l'article<\/div><div class=\"wpgb-block-2\"><svg><use xlink:href=\"https:\/\/lafilledesalpes.com\/wp-content\/plugins\/wp-grid-builder\/public\/svg\/arrows\/tail-right.svg#wpgb-icon\"\/><\/svg><\/div><\/div><\/div><\/div><a class=\"wpgb-card-layer-link\" href=\"https:\/\/lafilledesalpes.com\/index.php\/2024\/11\/12\/guide-du-tour-du-mont-blanc-en-bivouac-et-en-7-jours\/\"><\/a><\/div><\/div><\/article><article class=\"wpgb-card wpgb-card-2 wpgb-post-2733\" data-col=\"1\" data-row=\"1\" data-format=\"standard\"><div class=\"wpgb-card-wrapper\"><div class=\"wpgb-card-inner\" data-action><div class=\"wpgb-card-media wpgb-scheme-light\"><svg data-ratio style=\"padding-top:75%\" viewBox=\"0 0 4 3\"><\/svg><div class=\"wpgb-card-media-thumbnail\"><a href=\"https:\/\/lafilledesalpes.com\/wp-content\/uploads\/2024\/09\/materiel-rando-trek-37-1.jpg\" tabindex=\"-1\" class=\"wpgb-handle-lb wpgb-lightbox\" data-type=\"image\" data-rel=\"5\" data-title=\"materiel-rando-trek-photo-tout\" title=\"Agrandir la photo\"><div style=\"background-image:url(https:\/\/lafilledesalpes.com\/wp-content\/uploads\/2024\/09\/materiel-rando-trek-37-1-768x512.jpg)\"><\/div><noscript><img loading=\"lazy\" decoding=\"async\" class=\"wpgb-noscript-img\" src=\"https:\/\/lafilledesalpes.com\/wp-content\/uploads\/2024\/09\/materiel-rando-trek-37-1-768x512.jpg\" alt=\"mat\u00e9riel de trek \u00e9tal\u00e9 sur une couverture avec une randonneuse vue du ciel\" height=\"512\" width=\"768\"><\/noscript><\/a><\/div><div class=\"wpgb-card-media-overlay\"><\/div><div class=\"wpgb-card-media-content\"><div class=\"wpgb-card-media-content-top\"><div class=\"wpgb-block-13\"><span class=\"wpgb-block-term\" data-id=\"141\">Bivouac<\/span><\/div><\/div><\/div><\/div><div class=\"wpgb-card-content wpgb-scheme-dark\"><div class=\"wpgb-card-body\"><h3 class=\"wpgb-block-3\"><a target=\"_self\" href=\"https:\/\/lafilledesalpes.com\/index.php\/2024\/09\/08\/materiel-trek-randonnee-guide\/\">Mat\u00e9riel indispensable pour partir en trek et randonn\u00e9e<\/a><\/h3><div class=\"wpgb-block-6\"><p>Un guide d\u00e9taill\u00e9 pour partir bien \u00e9quip\u00e9 \u00e0 l&#8217;aventure !<\/p><\/div><\/div><div class=\"wpgb-card-footer\"><div class=\"wpgb-block-1\"><div class=\"wpgb-block-4\">Lire l'article<\/div><div class=\"wpgb-block-2\"><svg><use xlink:href=\"https:\/\/lafilledesalpes.com\/wp-content\/plugins\/wp-grid-builder\/public\/svg\/arrows\/tail-right.svg#wpgb-icon\"\/><\/svg><\/div><\/div><\/div><\/div><a class=\"wpgb-card-layer-link\" href=\"https:\/\/lafilledesalpes.com\/index.php\/2024\/09\/08\/materiel-trek-randonnee-guide\/\"><\/a><\/div><\/div><\/article><article class=\"wpgb-card wpgb-card-2 wpgb-post-2675\" data-col=\"1\" data-row=\"1\" data-format=\"standard\"><div class=\"wpgb-card-wrapper\"><div class=\"wpgb-card-inner\" data-action><div class=\"wpgb-card-media wpgb-scheme-light\"><svg data-ratio style=\"padding-top:75%\" viewBox=\"0 0 4 3\"><\/svg><div class=\"wpgb-card-media-thumbnail\"><a href=\"https:\/\/lafilledesalpes.com\/wp-content\/uploads\/2024\/08\/Number-60.webp\" tabindex=\"-1\" class=\"wpgb-handle-lb wpgb-lightbox\" data-type=\"image\" data-rel=\"5\" data-title=\"bivouac-coucher-soleil-lac-montagne\" title=\"Agrandir la photo\"><div style=\"background-image:url(https:\/\/lafilledesalpes.com\/wp-content\/uploads\/2024\/08\/Number-60-768x512.webp)\"><\/div><noscript><img loading=\"lazy\" decoding=\"async\" class=\"wpgb-noscript-img\" src=\"https:\/\/lafilledesalpes.com\/wp-content\/uploads\/2024\/08\/Number-60-768x512.webp\" alt=\"bivouac face \u00e0 un coucher de soleil avec lac et montagne\" height=\"512\" width=\"768\"><\/noscript><\/a><\/div><div class=\"wpgb-card-media-overlay\"><\/div><div class=\"wpgb-card-media-content\"><div class=\"wpgb-card-media-content-top\"><div class=\"wpgb-block-13\"><span class=\"wpgb-block-term\" data-id=\"95\">Alpes fran\u00e7aises<\/span><\/div><\/div><\/div><\/div><div class=\"wpgb-card-content wpgb-scheme-dark\"><div class=\"wpgb-card-body\"><h3 class=\"wpgb-block-3\"><a target=\"_self\" href=\"https:\/\/lafilledesalpes.com\/index.php\/2024\/08\/28\/randonnee-bivouac-au-pic-de-morgon-le-balcon-de-serre-poncon\/\">Randonn\u00e9e et bivouac au Pic de Morgon\u00a0: le balcon de Serre-Pon\u00e7on<\/a><\/h3><div class=\"wpgb-block-6\"><p>Un super combo avec vue plongeante sur le lac et les \u00c9crins.<\/p><\/div><\/div><div class=\"wpgb-card-footer\"><div class=\"wpgb-block-1\"><div class=\"wpgb-block-4\">Lire l'article<\/div><div class=\"wpgb-block-2\"><svg><use xlink:href=\"https:\/\/lafilledesalpes.com\/wp-content\/plugins\/wp-grid-builder\/public\/svg\/arrows\/tail-right.svg#wpgb-icon\"\/><\/svg><\/div><\/div><\/div><\/div><a class=\"wpgb-card-layer-link\" href=\"https:\/\/lafilledesalpes.com\/index.php\/2024\/08\/28\/randonnee-bivouac-au-pic-de-morgon-le-balcon-de-serre-poncon\/\"><\/a><\/div><\/div><\/article><article class=\"wpgb-card wpgb-card-2 wpgb-post-2638\" data-col=\"1\" data-row=\"1\" data-format=\"standard\"><div class=\"wpgb-card-wrapper\"><div class=\"wpgb-card-inner\" data-action><div class=\"wpgb-card-media wpgb-scheme-light\"><svg data-ratio style=\"padding-top:75%\" viewBox=\"0 0 4 3\"><\/svg><div class=\"wpgb-card-media-thumbnail\"><a href=\"https:\/\/lafilledesalpes.com\/wp-content\/uploads\/2024\/08\/935A6858-1-scaled.jpg\" tabindex=\"-1\" class=\"wpgb-handle-lb wpgb-lightbox\" data-type=\"image\" data-rel=\"5\" data-title=\"paysage-montagne-sentiers-hautes-alpes\" title=\"Agrandir la photo\"><div style=\"background-image:url(https:\/\/lafilledesalpes.com\/wp-content\/uploads\/2024\/08\/935A6858-1-768x512.jpg)\"><\/div><noscript><img loading=\"lazy\" decoding=\"async\" class=\"wpgb-noscript-img\" src=\"https:\/\/lafilledesalpes.com\/wp-content\/uploads\/2024\/08\/935A6858-1-768x512.jpg\" alt=\"sentiers avec montagne derri\u00e8re\" height=\"512\" width=\"768\"><\/noscript><\/a><\/div><div class=\"wpgb-card-media-overlay\"><\/div><div class=\"wpgb-card-media-content\"><div class=\"wpgb-card-media-content-top\"><div class=\"wpgb-block-13\"><span class=\"wpgb-block-term\" data-id=\"120\">Haute-Savoie<\/span><\/div><\/div><\/div><\/div><div class=\"wpgb-card-content wpgb-scheme-dark\"><div class=\"wpgb-card-body\"><h3 class=\"wpgb-block-3\"><a target=\"_self\" href=\"https:\/\/lafilledesalpes.com\/index.php\/2024\/08\/28\/traces-gpx-randonnee\/\">Traces GPX<\/a><\/h3><div class=\"wpgb-block-6\"><p>Toutes les traces GPX de randonn\u00e9e ou trek dont je n&#8217;ai pas encore \u00e9crit d&#8217;articles !<\/p><\/div><\/div><div class=\"wpgb-card-footer\"><div class=\"wpgb-block-1\"><div class=\"wpgb-block-4\">Lire l'article<\/div><div class=\"wpgb-block-2\"><svg><use xlink:href=\"https:\/\/lafilledesalpes.com\/wp-content\/plugins\/wp-grid-builder\/public\/svg\/arrows\/tail-right.svg#wpgb-icon\"\/><\/svg><\/div><\/div><\/div><\/div><a class=\"wpgb-card-layer-link\" href=\"https:\/\/lafilledesalpes.com\/index.php\/2024\/08\/28\/traces-gpx-randonnee\/\"><\/a><\/div><\/div><\/article><article class=\"wpgb-card wpgb-card-2 wpgb-post-2517\" data-col=\"1\" data-row=\"1\" data-format=\"standard\"><div class=\"wpgb-card-wrapper\"><div class=\"wpgb-card-inner\" data-action><div class=\"wpgb-card-media wpgb-scheme-light\"><svg data-ratio style=\"padding-top:75%\" viewBox=\"0 0 4 3\"><\/svg><div class=\"wpgb-card-media-thumbnail\"><a href=\"https:\/\/lafilledesalpes.com\/wp-content\/uploads\/2024\/07\/935A7400-2.jpg\" tabindex=\"-1\" class=\"wpgb-handle-lb wpgb-lightbox\" data-type=\"image\" data-rel=\"5\" data-title=\"montagne-reflet-lac-tente\" title=\"Agrandir la photo\"><div style=\"background-image:url(https:\/\/lafilledesalpes.com\/wp-content\/uploads\/2024\/07\/935A7400-2-768x512.jpg)\"><\/div><noscript><img loading=\"lazy\" decoding=\"async\" class=\"wpgb-noscript-img\" src=\"https:\/\/lafilledesalpes.com\/wp-content\/uploads\/2024\/07\/935A7400-2-768x512.jpg\" alt=\"reflet de la montagne dans un lac avec une tente\" height=\"512\" width=\"768\"><\/noscript><\/a><\/div><div class=\"wpgb-card-media-overlay\"><\/div><div class=\"wpgb-card-media-content\"><div class=\"wpgb-card-media-content-top\"><div class=\"wpgb-block-13\"><span class=\"wpgb-block-term\" data-id=\"95\">Alpes fran\u00e7aises<\/span><\/div><\/div><\/div><\/div><div class=\"wpgb-card-content wpgb-scheme-dark\"><div class=\"wpgb-card-body\"><h3 class=\"wpgb-block-3\"><a target=\"_self\" href=\"https:\/\/lafilledesalpes.com\/index.php\/2024\/07\/26\/petit-trek-dans-les-alpes-le-tour-de-la-pointe-des-cerces\/\">Petit trek dans les Alpes : le Tour de la Pointe des Cerces<\/a><\/h3><div class=\"wpgb-block-6\"><p>Un de plus beau et petit trek que j&#8217;ai pu faire.<\/p><\/div><\/div><div class=\"wpgb-card-footer\"><div class=\"wpgb-block-1\"><div class=\"wpgb-block-4\">Lire l'article<\/div><div class=\"wpgb-block-2\"><svg><use xlink:href=\"https:\/\/lafilledesalpes.com\/wp-content\/plugins\/wp-grid-builder\/public\/svg\/arrows\/tail-right.svg#wpgb-icon\"\/><\/svg><\/div><\/div><\/div><\/div><a class=\"wpgb-card-layer-link\" href=\"https:\/\/lafilledesalpes.com\/index.php\/2024\/07\/26\/petit-trek-dans-les-alpes-le-tour-de-la-pointe-des-cerces\/\"><\/a><\/div><\/div><\/article><article class=\"wpgb-card wpgb-card-2 wpgb-post-1988\" data-col=\"1\" data-row=\"1\" data-format=\"standard\"><div class=\"wpgb-card-wrapper\"><div class=\"wpgb-card-inner\" data-action><div class=\"wpgb-card-media wpgb-scheme-light\"><svg data-ratio style=\"padding-top:75%\" viewBox=\"0 0 4 3\"><\/svg><div class=\"wpgb-card-media-thumbnail\"><a href=\"https:\/\/lafilledesalpes.com\/wp-content\/uploads\/2024\/05\/aiguilles-arves-coucher-soleil-lac-guichard-1.jpg\" tabindex=\"-1\" class=\"wpgb-handle-lb wpgb-lightbox\" data-type=\"image\" data-rel=\"5\" data-title=\"aiguilles-arves-coucher-soleil-lac-guichard\" title=\"Agrandir la photo\"><div style=\"background-image:url(https:\/\/lafilledesalpes.com\/wp-content\/uploads\/2024\/05\/aiguilles-arves-coucher-soleil-lac-guichard-1-768x512.jpg)\"><\/div><noscript><img loading=\"lazy\" decoding=\"async\" class=\"wpgb-noscript-img\" src=\"https:\/\/lafilledesalpes.com\/wp-content\/uploads\/2024\/05\/aiguilles-arves-coucher-soleil-lac-guichard-1-768x512.jpg\" alt=\"Tirage photo du Lac Guichard face aux Aiguilles d&#039;Arves au coucher de soleil\" height=\"512\" width=\"768\"><\/noscript><\/a><\/div><div class=\"wpgb-card-media-overlay\"><\/div><div class=\"wpgb-card-media-content\"><div class=\"wpgb-card-media-content-top\"><div class=\"wpgb-block-13\"><span class=\"wpgb-block-term\" data-id=\"95\">Alpes fran\u00e7aises<\/span><\/div><\/div><\/div><\/div><div class=\"wpgb-card-content wpgb-scheme-dark\"><div class=\"wpgb-card-body\"><h3 class=\"wpgb-block-3\"><a target=\"_self\" href=\"https:\/\/lafilledesalpes.com\/index.php\/2024\/07\/07\/week-end-en-van-en-savoie-le-col-de-la-croix-de-fer\/\">Week-end en van en Savoie\u00a0: le col de la Croix de Fer<\/a><\/h3><div class=\"wpgb-block-6\"><p>Entre randonn\u00e9e et spot avec vue, vous ne serez pas d\u00e9\u00e7u !<\/p><\/div><\/div><div class=\"wpgb-card-footer\"><div class=\"wpgb-block-1\"><div class=\"wpgb-block-4\">Lire l'article<\/div><div class=\"wpgb-block-2\"><svg><use xlink:href=\"https:\/\/lafilledesalpes.com\/wp-content\/plugins\/wp-grid-builder\/public\/svg\/arrows\/tail-right.svg#wpgb-icon\"\/><\/svg><\/div><\/div><\/div><\/div><a class=\"wpgb-card-layer-link\" href=\"https:\/\/lafilledesalpes.com\/index.php\/2024\/07\/07\/week-end-en-van-en-savoie-le-col-de-la-croix-de-fer\/\"><\/a><\/div><\/div><\/article><article class=\"wpgb-card wpgb-card-2 wpgb-post-1909\" data-col=\"1\" data-row=\"1\" data-format=\"standard\"><div class=\"wpgb-card-wrapper\"><div class=\"wpgb-card-inner\" data-action><div class=\"wpgb-card-media wpgb-scheme-light\"><svg data-ratio style=\"padding-top:75%\" viewBox=\"0 0 4 3\"><\/svg><div class=\"wpgb-card-media-thumbnail\"><a href=\"https:\/\/lafilledesalpes.com\/wp-content\/uploads\/2024\/06\/IMG_8134-2.jpg\" tabindex=\"-1\" class=\"wpgb-handle-lb wpgb-lightbox\" data-type=\"image\" data-rel=\"5\" data-title=\"bivouac-plateau-emparis-meije\" title=\"Agrandir la photo\"><div style=\"background-image:url(https:\/\/lafilledesalpes.com\/wp-content\/uploads\/2024\/06\/IMG_8134-2-768x512.jpg)\"><\/div><noscript><img loading=\"lazy\" decoding=\"async\" class=\"wpgb-noscript-img\" src=\"https:\/\/lafilledesalpes.com\/wp-content\/uploads\/2024\/06\/IMG_8134-2-768x512.jpg\" alt=\"tente devant un lac et la montagne de la meije\" height=\"512\" width=\"768\"><\/noscript><\/a><\/div><div class=\"wpgb-card-media-overlay\"><\/div><div class=\"wpgb-card-media-content\"><div class=\"wpgb-card-media-content-top\"><div class=\"wpgb-block-13\"><span class=\"wpgb-block-term\" data-id=\"95\">Alpes fran\u00e7aises<\/span><\/div><\/div><\/div><\/div><div class=\"wpgb-card-content wpgb-scheme-dark\"><div class=\"wpgb-card-body\"><h3 class=\"wpgb-block-3\"><a target=\"_self\" href=\"https:\/\/lafilledesalpes.com\/index.php\/2024\/06\/30\/ou-faire-du-bivouac-dans-les-alpes-3-spots-incontournables\/\">O\u00f9 faire du bivouac dans les Alpes\u00a0? 3 spots incontournables<\/a><\/h3><div class=\"wpgb-block-6\"><p>Des lieux sublimes, qui d\u00e9voilent leur beaut\u00e9 lorsque que la lumi\u00e8re devient chaude.<\/p><\/div><\/div><div class=\"wpgb-card-footer\"><div class=\"wpgb-block-1\"><div class=\"wpgb-block-4\">Lire l'article<\/div><div class=\"wpgb-block-2\"><svg><use xlink:href=\"https:\/\/lafilledesalpes.com\/wp-content\/plugins\/wp-grid-builder\/public\/svg\/arrows\/tail-right.svg#wpgb-icon\"\/><\/svg><\/div><\/div><\/div><\/div><a class=\"wpgb-card-layer-link\" href=\"https:\/\/lafilledesalpes.com\/index.php\/2024\/06\/30\/ou-faire-du-bivouac-dans-les-alpes-3-spots-incontournables\/\"><\/a><\/div><\/div><\/article><article class=\"wpgb-card wpgb-card-2 wpgb-post-2045\" data-col=\"1\" data-row=\"1\" data-format=\"standard\"><div class=\"wpgb-card-wrapper\"><div class=\"wpgb-card-inner\" data-action><div class=\"wpgb-card-media wpgb-scheme-light\"><svg data-ratio style=\"padding-top:75%\" viewBox=\"0 0 4 3\"><\/svg><div class=\"wpgb-card-media-thumbnail\"><a href=\"https:\/\/lafilledesalpes.com\/wp-content\/uploads\/2024\/06\/rando-mont-granier-3.jpg\" tabindex=\"-1\" class=\"wpgb-handle-lb wpgb-lightbox\" data-type=\"image\" data-rel=\"5\" data-title=\"rando-mont-granier-3\" title=\"Agrandir la photo\"><div style=\"background-image:url(https:\/\/lafilledesalpes.com\/wp-content\/uploads\/2024\/06\/rando-mont-granier-3-768x512.jpg)\"><\/div><noscript><img loading=\"lazy\" decoding=\"async\" class=\"wpgb-noscript-img\" src=\"https:\/\/lafilledesalpes.com\/wp-content\/uploads\/2024\/06\/rando-mont-granier-3-768x512.jpg\" alt=\"bouquetin\" height=\"512\" width=\"768\"><\/noscript><\/a><\/div><div class=\"wpgb-card-media-overlay\"><\/div><div class=\"wpgb-card-media-content\"><div class=\"wpgb-card-media-content-top\"><div class=\"wpgb-block-13\"><span class=\"wpgb-block-term\" data-id=\"95\">Alpes fran\u00e7aises<\/span><\/div><\/div><\/div><\/div><div class=\"wpgb-card-content wpgb-scheme-dark\"><div class=\"wpgb-card-body\"><h3 class=\"wpgb-block-3\"><a target=\"_self\" href=\"https:\/\/lafilledesalpes.com\/index.php\/2024\/06\/23\/la-plus-belle-randonnee-du-mont-granier\/\">La plus belle randonn\u00e9e du Mont Granier<\/a><\/h3><div class=\"wpgb-block-6\"><p>Une belle randonn\u00e9e, vari\u00e9e technique.<\/p><\/div><\/div><div class=\"wpgb-card-footer\"><div class=\"wpgb-block-1\"><div class=\"wpgb-block-4\">Lire l'article<\/div><div class=\"wpgb-block-2\"><svg><use xlink:href=\"https:\/\/lafilledesalpes.com\/wp-content\/plugins\/wp-grid-builder\/public\/svg\/arrows\/tail-right.svg#wpgb-icon\"\/><\/svg><\/div><\/div><\/div><\/div><a class=\"wpgb-card-layer-link\" href=\"https:\/\/lafilledesalpes.com\/index.php\/2024\/06\/23\/la-plus-belle-randonnee-du-mont-granier\/\"><\/a><\/div><\/div><\/article><article class=\"wpgb-card wpgb-card-2 wpgb-post-1841\" data-col=\"1\" data-row=\"1\" data-format=\"standard\"><div class=\"wpgb-card-wrapper\"><div class=\"wpgb-card-inner\" data-action><div class=\"wpgb-card-media wpgb-scheme-light\"><svg data-ratio style=\"padding-top:75%\" viewBox=\"0 0 4 3\"><\/svg><div class=\"wpgb-card-media-thumbnail\"><a href=\"https:\/\/lafilledesalpes.com\/wp-content\/uploads\/2024\/06\/rando-hautes-alpes-road-trip.jpg\" tabindex=\"-1\" class=\"wpgb-handle-lb wpgb-lightbox\" data-type=\"image\" data-rel=\"5\" data-title=\"rando-hautes-alpes-road-trip\" title=\"Agrandir la photo\"><div style=\"background-image:url(https:\/\/lafilledesalpes.com\/wp-content\/uploads\/2024\/06\/rando-hautes-alpes-road-trip-768x512.jpg)\"><\/div><noscript><img loading=\"lazy\" decoding=\"async\" class=\"wpgb-noscript-img\" src=\"https:\/\/lafilledesalpes.com\/wp-content\/uploads\/2024\/06\/rando-hautes-alpes-road-trip-768x512.jpg\" alt=\"paysage panorama de montagne avec randonneur\" height=\"512\" width=\"768\"><\/noscript><\/a><\/div><div class=\"wpgb-card-media-overlay\"><\/div><div class=\"wpgb-card-media-content\"><div class=\"wpgb-card-media-content-top\"><div class=\"wpgb-block-13\"><span class=\"wpgb-block-term\" data-id=\"95\">Alpes fran\u00e7aises<\/span><\/div><\/div><\/div><\/div><div class=\"wpgb-card-content wpgb-scheme-dark\"><div class=\"wpgb-card-body\"><h3 class=\"wpgb-block-3\"><a target=\"_self\" href=\"https:\/\/lafilledesalpes.com\/index.php\/2024\/06\/16\/deux-semaines-de-road-trip-en-van-dans-les-hautes-alpes\/\">Deux semaines de road trip en van dans les Hautes-Alpes<\/a><\/h3><div class=\"wpgb-block-6\"><p>Un road trip qui vous surprendra par la diversit\u00e9 du paysage et des activit\u00e9s !<\/p><\/div><\/div><div class=\"wpgb-card-footer\"><div class=\"wpgb-block-1\"><div class=\"wpgb-block-4\">Lire l'article<\/div><div class=\"wpgb-block-2\"><svg><use xlink:href=\"https:\/\/lafilledesalpes.com\/wp-content\/plugins\/wp-grid-builder\/public\/svg\/arrows\/tail-right.svg#wpgb-icon\"\/><\/svg><\/div><\/div><\/div><\/div><a class=\"wpgb-card-layer-link\" href=\"https:\/\/lafilledesalpes.com\/index.php\/2024\/06\/16\/deux-semaines-de-road-trip-en-van-dans-les-hautes-alpes\/\"><\/a><\/div><\/div><\/article><article class=\"wpgb-card wpgb-card-2 wpgb-post-51\" data-col=\"1\" data-row=\"1\" data-format=\"standard\"><div class=\"wpgb-card-wrapper\"><div class=\"wpgb-card-inner\" data-action><div class=\"wpgb-card-media wpgb-scheme-light\"><svg data-ratio style=\"padding-top:75%\" viewBox=\"0 0 4 3\"><\/svg><div class=\"wpgb-card-media-thumbnail\"><a href=\"https:\/\/lafilledesalpes.com\/wp-content\/uploads\/2024\/06\/tour-des-glaciers-vanoise-trek-0-4.webp\" tabindex=\"-1\" class=\"wpgb-handle-lb wpgb-lightbox\" data-type=\"image\" data-rel=\"5\" data-title=\"tour-des-glaciers-vanoise-trek-lac\" title=\"Agrandir la photo\"><div style=\"background-image:url(https:\/\/lafilledesalpes.com\/wp-content\/uploads\/2024\/06\/tour-des-glaciers-vanoise-trek-0-4-768x497.webp)\"><\/div><noscript><img loading=\"lazy\" decoding=\"async\" class=\"wpgb-noscript-img\" src=\"https:\/\/lafilledesalpes.com\/wp-content\/uploads\/2024\/06\/tour-des-glaciers-vanoise-trek-0-4-768x497.webp\" alt=\"lac de montagne\" height=\"497\" width=\"768\"><\/noscript><\/a><\/div><div class=\"wpgb-card-media-overlay\"><\/div><div class=\"wpgb-card-media-content\"><div class=\"wpgb-card-media-content-top\"><div class=\"wpgb-block-13\"><span class=\"wpgb-block-term\" data-id=\"98\">Bivouac et trek<\/span><\/div><\/div><\/div><\/div><div class=\"wpgb-card-content wpgb-scheme-dark\"><div class=\"wpgb-card-body\"><h3 class=\"wpgb-block-3\"><a target=\"_self\" href=\"https:\/\/lafilledesalpes.com\/index.php\/2024\/06\/06\/tour-des-glaciers-de-la-vanoise\/\">Le Tour des Glaciers de la Vanoise : 4 jours au c\u0153ur des Alpes<\/a><\/h3><div class=\"wpgb-block-6\"><p>Un des meilleurs treks pour d\u00e9buter ! Sauvage, accessible et d\u00e9paysant.<\/p><\/div><\/div><div class=\"wpgb-card-footer\"><div class=\"wpgb-block-1\"><div class=\"wpgb-block-4\">Lire l'article<\/div><div class=\"wpgb-block-2\"><svg><use xlink:href=\"https:\/\/lafilledesalpes.com\/wp-content\/plugins\/wp-grid-builder\/public\/svg\/arrows\/tail-right.svg#wpgb-icon\"\/><\/svg><\/div><\/div><\/div><\/div><a class=\"wpgb-card-layer-link\" href=\"https:\/\/lafilledesalpes.com\/index.php\/2024\/06\/06\/tour-des-glaciers-de-la-vanoise\/\"><\/a><\/div><\/div><\/article><article class=\"wpgb-card wpgb-card-2 wpgb-post-8\" data-col=\"1\" data-row=\"1\" data-format=\"standard\"><div class=\"wpgb-card-wrapper\"><div class=\"wpgb-card-inner\" data-action><div class=\"wpgb-card-media wpgb-scheme-light\"><svg data-ratio style=\"padding-top:75%\" viewBox=\"0 0 4 3\"><\/svg><div class=\"wpgb-card-media-thumbnail\"><a href=\"https:\/\/lafilledesalpes.com\/wp-content\/uploads\/2024\/04\/Design-sans-titre.png\" tabindex=\"-1\" class=\"wpgb-handle-lb wpgb-lightbox\" data-type=\"image\" data-rel=\"5\" data-title=\"Design sans titre\" title=\"Agrandir la photo\"><div style=\"background-image:url(https:\/\/lafilledesalpes.com\/wp-content\/uploads\/2024\/04\/Design-sans-titre-768x431.png)\"><\/div><noscript><img loading=\"lazy\" decoding=\"async\" class=\"wpgb-noscript-img\" src=\"https:\/\/lafilledesalpes.com\/wp-content\/uploads\/2024\/04\/Design-sans-titre-768x431.png\" alt=\"\" height=\"431\" width=\"768\"><\/noscript><\/a><\/div><div class=\"wpgb-card-media-overlay\"><\/div><div class=\"wpgb-card-media-content\"><div class=\"wpgb-card-media-content-top\"><div class=\"wpgb-block-13\"><span class=\"wpgb-block-term\" data-id=\"98\">Bivouac et trek<\/span><\/div><\/div><\/div><\/div><div class=\"wpgb-card-content wpgb-scheme-dark\"><div class=\"wpgb-card-body\"><h3 class=\"wpgb-block-3\"><a target=\"_self\" href=\"https:\/\/lafilledesalpes.com\/index.php\/2024\/06\/06\/la-traversee-du-vercors-le-gr91-bivouac\/\">La travers\u00e9e du Vercors\u00a0: le GR91 en 3 jours &amp; en bivouac<\/a><\/h3><div class=\"wpgb-block-6\"><p>L&#8217;une des plus belles itin\u00e9rance dans ce massif. Ambiance sauvage garantie !<\/p><\/div><\/div><div class=\"wpgb-card-footer\"><div class=\"wpgb-block-1\"><div class=\"wpgb-block-4\">Lire l'article<\/div><div class=\"wpgb-block-2\"><svg><use xlink:href=\"https:\/\/lafilledesalpes.com\/wp-content\/plugins\/wp-grid-builder\/public\/svg\/arrows\/tail-right.svg#wpgb-icon\"\/><\/svg><\/div><\/div><\/div><\/div><a class=\"wpgb-card-layer-link\" href=\"https:\/\/lafilledesalpes.com\/index.php\/2024\/06\/06\/la-traversee-du-vercors-le-gr91-bivouac\/\"><\/a><\/div><\/div><\/article><article class=\"wpgb-card wpgb-card-2 wpgb-post-1750\" data-col=\"1\" data-row=\"1\" data-format=\"standard\"><div class=\"wpgb-card-wrapper\"><div class=\"wpgb-card-inner\" data-action><div class=\"wpgb-card-media wpgb-scheme-light\"><svg data-ratio style=\"padding-top:75%\" viewBox=\"0 0 4 3\"><\/svg><div class=\"wpgb-card-media-thumbnail\"><a href=\"https:\/\/lafilledesalpes.com\/wp-content\/uploads\/2024\/06\/IMG_3407-scaled.jpg\" tabindex=\"-1\" class=\"wpgb-handle-lb wpgb-lightbox\" data-type=\"image\" data-rel=\"5\" data-title=\"cascade-madere\" title=\"Agrandir la photo\"><div style=\"background-image:url(https:\/\/lafilledesalpes.com\/wp-content\/uploads\/2024\/06\/IMG_3407-768x512.jpg)\"><\/div><noscript><img loading=\"lazy\" decoding=\"async\" class=\"wpgb-noscript-img\" src=\"https:\/\/lafilledesalpes.com\/wp-content\/uploads\/2024\/06\/IMG_3407-768x512.jpg\" alt=\"cascade mad\u00e8re\" height=\"512\" width=\"768\"><\/noscript><\/a><\/div><div class=\"wpgb-card-media-overlay\"><\/div><div class=\"wpgb-card-media-content\"><div class=\"wpgb-card-media-content-top\"><div class=\"wpgb-block-13\"><span class=\"wpgb-block-term\" data-id=\"129\">Mad\u00e8re<\/span><\/div><\/div><\/div><\/div><div class=\"wpgb-card-content wpgb-scheme-dark\"><div class=\"wpgb-card-body\"><h3 class=\"wpgb-block-3\"><a target=\"_self\" href=\"https:\/\/lafilledesalpes.com\/index.php\/2024\/06\/06\/que-faire-a-madere-itineraire-pedestre-et-touristique\/\">Que faire \u00e0 Mad\u00e8re ? Itin\u00e9raire p\u00e9destre et touristique<\/a><\/h3><div class=\"wpgb-block-6\"><p>Les plus beaux spots de randos et touristiques de l&#8217;\u00eele.<\/p><\/div><\/div><div class=\"wpgb-card-footer\"><div class=\"wpgb-block-1\"><div class=\"wpgb-block-4\">Lire l'article<\/div><div class=\"wpgb-block-2\"><svg><use xlink:href=\"https:\/\/lafilledesalpes.com\/wp-content\/plugins\/wp-grid-builder\/public\/svg\/arrows\/tail-right.svg#wpgb-icon\"\/><\/svg><\/div><\/div><\/div><\/div><a class=\"wpgb-card-layer-link\" href=\"https:\/\/lafilledesalpes.com\/index.php\/2024\/06\/06\/que-faire-a-madere-itineraire-pedestre-et-touristique\/\"><\/a><\/div><\/div><\/article>\t\t<\/div>\n\t<\/div>\n\t<\/div>\n\t<\/div>\n\t\t<\/div>\n<\/div>\n<\/div>\n\t\t\t\t\t\t<\/div>\n\t\t\t\t\t<\/div>\n\t\t\t\t<\/div>\n\t\t<div class=\"elementor-element elementor-element-a4664cd e-flex e-con-boxed e-con e-parent\" data-id=\"a4664cd\" data-element_type=\"container\" data-e-type=\"container\" data-settings=\"{&quot;background_background&quot;:&quot;classic&quot;}\">\n\t\t\t\t\t<div class=\"e-con-inner\">\n\t\t\t\t<div class=\"elementor-element elementor-element-bdc1945 elementor-widget elementor-widget-heading\" data-id=\"bdc1945\" data-element_type=\"widget\" data-e-type=\"widget\" data-widget_type=\"heading.default\">\n\t\t\t\t\t<h2 class=\"elementor-heading-title elementor-size-default\">Tu ne trouves pas ton bonheur ?<\/h2>\t\t\t\t<\/div>\n\t\t\t\t<div class=\"elementor-element elementor-element-135440e elementor-widget elementor-widget-text-editor\" data-id=\"135440e\" data-element_type=\"widget\" data-e-type=\"widget\" data-widget_type=\"text-editor.default\">\n\t\t\t\t\t\t\t\t\t<p>Contacte-moi pour des suggestions personnalis\u00e9es d&#8217;itin\u00e9raires<\/p>\t\t\t\t\t\t\t\t<\/div>\n\t\t\t\t<div class=\"elementor-element elementor-element-4c7b134 elementor-align-center e-transform elementor-widget elementor-widget-button\" data-id=\"4c7b134\" data-element_type=\"widget\" data-e-type=\"widget\" data-settings=\"{&quot;_transform_scale_effect_hover&quot;:{&quot;unit&quot;:&quot;px&quot;,&quot;size&quot;:1.020000000000000017763568394002504646778106689453125,&quot;sizes&quot;:[]},&quot;_transform_scale_effect_hover_tablet&quot;:{&quot;unit&quot;:&quot;px&quot;,&quot;size&quot;:&quot;&quot;,&quot;sizes&quot;:[]},&quot;_transform_scale_effect_hover_mobile&quot;:{&quot;unit&quot;:&quot;px&quot;,&quot;size&quot;:&quot;&quot;,&quot;sizes&quot;:[]}}\" data-widget_type=\"button.default\">\n\t\t\t\t\t\t\t\t\t\t<a class=\"elementor-button elementor-button-link elementor-size-sm\" href=\"https:\/\/lafilledesalpes.com\/index.php\/contact\/\">\n\t\t\t\t\t\t<span class=\"elementor-button-content-wrapper\">\n\t\t\t\t\t\t\t\t\t<span class=\"elementor-button-text\">Me contacter<\/span>\n\t\t\t\t\t<\/span>\n\t\t\t\t\t<\/a>\n\t\t\t\t\t\t\t\t<\/div>\n\t\t\t\t\t<\/div>\n\t\t\t\t<\/div>\n\t\t<div class=\"elementor-element elementor-element-15bb6eda e-flex e-con-boxed e-con e-parent\" data-id=\"15bb6eda\" data-element_type=\"container\" data-e-type=\"container\" data-settings=\"{&quot;background_background&quot;:&quot;gradient&quot;}\">\n\t\t\t\t\t<div class=\"e-con-inner\">\n\t\t\t\t<div class=\"elementor-element elementor-element-2ccdccd5 elementor-widget elementor-widget-heading\" data-id=\"2ccdccd5\" data-element_type=\"widget\" data-e-type=\"widget\" data-widget_type=\"heading.default\">\n\t\t\t\t\t<h2 class=\"elementor-heading-title elementor-size-default\">Suivez moi sur Instagram<\/h2>\t\t\t\t<\/div>\n\t\t\t\t<div class=\"elementor-element elementor-element-18ccb5e0 elementor-widget elementor-widget-text-editor\" data-id=\"18ccb5e0\" data-element_type=\"widget\" data-e-type=\"widget\" data-widget_type=\"text-editor.default\">\n\t\t\t\t\t\t\t\t\t<p>Suis mes aventures au quotidien @lafilledesalpes<\/p>\t\t\t\t\t\t\t\t<\/div>\n\t\t\t\t<div class=\"elementor-element elementor-element-e7a0888 elementor-widget elementor-widget-shortcode\" data-id=\"e7a0888\" data-element_type=\"widget\" data-e-type=\"widget\" data-widget_type=\"shortcode.default\">\n\t\t\t\t\t\t\t<div class=\"elementor-shortcode\">\n<div id=\"sb_instagram\"  class=\"sbi sbi_mob_col_3 sbi_tab_col_3 sbi_col_6 sbi_width_resp\" style=\"padding-bottom: 10px;\"\t data-feedid=\"*1\"  data-res=\"auto\" data-cols=\"6\" data-colsmobile=\"3\" data-colstablet=\"3\" data-num=\"6\" data-nummobile=\"3\" data-item-padding=\"5\"\t data-shortcode-atts=\"{&quot;feed&quot;:&quot;1&quot;}\"  data-postid=\"1752\" data-locatornonce=\"53c57eb098\" data-imageaspectratio=\"1:1\" data-sbi-flags=\"favorLocal,gdpr\">\n\t\n\t<div id=\"sbi_images\"  style=\"gap: 10px;\">\n\t\t<div class=\"sbi_item sbi_type_video sbi_new sbi_transition\"\n\tid=\"sbi_18143168017507895\" data-date=\"1777391010\">\n\t<div class=\"sbi_photo_wrap\">\n\t\t<a class=\"sbi_photo\" href=\"https:\/\/www.instagram.com\/reel\/DXrkXLyCN0m\/\" target=\"_blank\" rel=\"noopener nofollow\"\n\t\t\tdata-full-res=\"https:\/\/scontent-cdg4-1.cdninstagram.com\/v\/t51.82787-15\/681360371_18577996780020210_9172166998363105256_n.jpg?stp=dst-jpg_e35_tt6&#038;_nc_cat=102&#038;ccb=7-5&#038;_nc_sid=18de74&#038;efg=eyJlZmdfdGFnIjoiQ0xJUFMuYmVzdF9pbWFnZV91cmxnZW4uQzMifQ%3D%3D&#038;_nc_ohc=7_OdV5UbWTEQ7kNvwFkFzoY&#038;_nc_oc=Adri2cpFbHpWRpUv--NfFFGJiSPBuKYvbf2QO-TfdBgTa8ztKTKI5Q8SM8AmPATF37I&#038;_nc_zt=23&#038;_nc_ht=scontent-cdg4-1.cdninstagram.com&#038;edm=ANo9K5cEAAAA&#038;_nc_gid=-aJ7O00Pt1LKQ3InA_KI9A&#038;_nc_tpa=Q5bMBQHlTghhzp2UXLKrU82ioohmsUaNDnviVpbOVTbd_jbmEWUGvJ4YMnPYCdFJtN_PikQ6WuNg_mz4ag&#038;oh=00_Af0UjzRLiryvnm4FjFpihyW-iwXEkTthu2tFktfmZWDhgw&#038;oe=69F7BE90\"\n\t\t\tdata-img-src-set=\"{&quot;d&quot;:&quot;https:\\\/\\\/scontent-cdg4-1.cdninstagram.com\\\/v\\\/t51.82787-15\\\/681360371_18577996780020210_9172166998363105256_n.jpg?stp=dst-jpg_e35_tt6&amp;_nc_cat=102&amp;ccb=7-5&amp;_nc_sid=18de74&amp;efg=eyJlZmdfdGFnIjoiQ0xJUFMuYmVzdF9pbWFnZV91cmxnZW4uQzMifQ%3D%3D&amp;_nc_ohc=7_OdV5UbWTEQ7kNvwFkFzoY&amp;_nc_oc=Adri2cpFbHpWRpUv--NfFFGJiSPBuKYvbf2QO-TfdBgTa8ztKTKI5Q8SM8AmPATF37I&amp;_nc_zt=23&amp;_nc_ht=scontent-cdg4-1.cdninstagram.com&amp;edm=ANo9K5cEAAAA&amp;_nc_gid=-aJ7O00Pt1LKQ3InA_KI9A&amp;_nc_tpa=Q5bMBQHlTghhzp2UXLKrU82ioohmsUaNDnviVpbOVTbd_jbmEWUGvJ4YMnPYCdFJtN_PikQ6WuNg_mz4ag&amp;oh=00_Af0UjzRLiryvnm4FjFpihyW-iwXEkTthu2tFktfmZWDhgw&amp;oe=69F7BE90&quot;,&quot;150&quot;:&quot;https:\\\/\\\/scontent-cdg4-1.cdninstagram.com\\\/v\\\/t51.82787-15\\\/681360371_18577996780020210_9172166998363105256_n.jpg?stp=dst-jpg_e35_tt6&amp;_nc_cat=102&amp;ccb=7-5&amp;_nc_sid=18de74&amp;efg=eyJlZmdfdGFnIjoiQ0xJUFMuYmVzdF9pbWFnZV91cmxnZW4uQzMifQ%3D%3D&amp;_nc_ohc=7_OdV5UbWTEQ7kNvwFkFzoY&amp;_nc_oc=Adri2cpFbHpWRpUv--NfFFGJiSPBuKYvbf2QO-TfdBgTa8ztKTKI5Q8SM8AmPATF37I&amp;_nc_zt=23&amp;_nc_ht=scontent-cdg4-1.cdninstagram.com&amp;edm=ANo9K5cEAAAA&amp;_nc_gid=-aJ7O00Pt1LKQ3InA_KI9A&amp;_nc_tpa=Q5bMBQHlTghhzp2UXLKrU82ioohmsUaNDnviVpbOVTbd_jbmEWUGvJ4YMnPYCdFJtN_PikQ6WuNg_mz4ag&amp;oh=00_Af0UjzRLiryvnm4FjFpihyW-iwXEkTthu2tFktfmZWDhgw&amp;oe=69F7BE90&quot;,&quot;320&quot;:&quot;https:\\\/\\\/scontent-cdg4-1.cdninstagram.com\\\/v\\\/t51.82787-15\\\/681360371_18577996780020210_9172166998363105256_n.jpg?stp=dst-jpg_e35_tt6&amp;_nc_cat=102&amp;ccb=7-5&amp;_nc_sid=18de74&amp;efg=eyJlZmdfdGFnIjoiQ0xJUFMuYmVzdF9pbWFnZV91cmxnZW4uQzMifQ%3D%3D&amp;_nc_ohc=7_OdV5UbWTEQ7kNvwFkFzoY&amp;_nc_oc=Adri2cpFbHpWRpUv--NfFFGJiSPBuKYvbf2QO-TfdBgTa8ztKTKI5Q8SM8AmPATF37I&amp;_nc_zt=23&amp;_nc_ht=scontent-cdg4-1.cdninstagram.com&amp;edm=ANo9K5cEAAAA&amp;_nc_gid=-aJ7O00Pt1LKQ3InA_KI9A&amp;_nc_tpa=Q5bMBQHlTghhzp2UXLKrU82ioohmsUaNDnviVpbOVTbd_jbmEWUGvJ4YMnPYCdFJtN_PikQ6WuNg_mz4ag&amp;oh=00_Af0UjzRLiryvnm4FjFpihyW-iwXEkTthu2tFktfmZWDhgw&amp;oe=69F7BE90&quot;,&quot;640&quot;:&quot;https:\\\/\\\/scontent-cdg4-1.cdninstagram.com\\\/v\\\/t51.82787-15\\\/681360371_18577996780020210_9172166998363105256_n.jpg?stp=dst-jpg_e35_tt6&amp;_nc_cat=102&amp;ccb=7-5&amp;_nc_sid=18de74&amp;efg=eyJlZmdfdGFnIjoiQ0xJUFMuYmVzdF9pbWFnZV91cmxnZW4uQzMifQ%3D%3D&amp;_nc_ohc=7_OdV5UbWTEQ7kNvwFkFzoY&amp;_nc_oc=Adri2cpFbHpWRpUv--NfFFGJiSPBuKYvbf2QO-TfdBgTa8ztKTKI5Q8SM8AmPATF37I&amp;_nc_zt=23&amp;_nc_ht=scontent-cdg4-1.cdninstagram.com&amp;edm=ANo9K5cEAAAA&amp;_nc_gid=-aJ7O00Pt1LKQ3InA_KI9A&amp;_nc_tpa=Q5bMBQHlTghhzp2UXLKrU82ioohmsUaNDnviVpbOVTbd_jbmEWUGvJ4YMnPYCdFJtN_PikQ6WuNg_mz4ag&amp;oh=00_Af0UjzRLiryvnm4FjFpihyW-iwXEkTthu2tFktfmZWDhgw&amp;oe=69F7BE90&quot;}\">\n\t\t\t<span class=\"sbi-screenreader\">+1 surprise pour encore moins d\u00e9penser \u2b07\ufe0f\n\nNon seu<\/span>\n\t\t\t\t\t\t<svg style=\"color: rgba(255,255,255,1)\" class=\"svg-inline--fa fa-play fa-w-14 sbi_playbtn\" aria-label=\"Play\" aria-hidden=\"true\" data-fa-processed=\"\" data-prefix=\"fa\" data-icon=\"play\" role=\"presentation\" xmlns=\"http:\/\/www.w3.org\/2000\/svg\" viewBox=\"0 0 448 512\"><path fill=\"currentColor\" d=\"M424.4 214.7L72.4 6.6C43.8-10.3 0 6.1 0 47.9V464c0 37.5 40.7 60.1 72.4 41.3l352-208c31.4-18.5 31.5-64.1 0-82.6z\"><\/path><\/svg>\t\t\t<img decoding=\"async\" src=\"https:\/\/lafilledesalpes.com\/wp-content\/plugins\/instagram-feed\/img\/placeholder.png\" alt=\"+1 surprise pour encore moins d\u00e9penser \u2b07\ufe0f\n\nNon seulement louer son mat\u00e9riel via l\u2019appli @poppins.app c\u2019est une belle fa\u00e7on de g\u00e9rer tes \u00e9conomie pendant les vacances, mais en plus de \u00e7a la cr\u00e9atrice de l\u2019application me permet de t\u2019offrir 5\u20ac sur la premi\u00e8re location \ud83d\ude0d\ud83d\udcb8\n\u2192 avec le code ALPES5 \n\nen tout cas je suis tr\u00e8s reconnaissante de cette *collaboration commerciale car elle repr\u00e9sente des valeurs qui me sont ch\u00e8res \ud83e\udd7e\ud83c\udf1e\n\nBref Poppins \u00e7a doit devenir le r\u00e9flexe malin pour pr\u00e9parer tes week-ends de rando (surtout avec les ponts de mai qui arrivent!!) \u26fa\ufe0f\ud83c\udfd4\ufe0f\n\n#poppins #location #pontsdemai\" aria-hidden=\"true\">\n\t\t<\/a>\n\t<\/div>\n<\/div><div class=\"sbi_item sbi_type_carousel sbi_new sbi_transition\"\n\tid=\"sbi_17861857923626419\" data-date=\"1777308986\">\n\t<div class=\"sbi_photo_wrap\">\n\t\t<a class=\"sbi_photo\" href=\"https:\/\/www.instagram.com\/p\/DXpIGsFiO0f\/\" target=\"_blank\" rel=\"noopener nofollow\"\n\t\t\tdata-full-res=\"https:\/\/scontent-cdg4-2.cdninstagram.com\/v\/t51.82787-15\/683628482_18577701442020210_902712298417782502_n.jpg?stp=dst-jpg_e35_tt6&#038;_nc_cat=109&#038;ccb=7-5&#038;_nc_sid=18de74&#038;efg=eyJlZmdfdGFnIjoiQ0FST1VTRUxfSVRFTS5iZXN0X2ltYWdlX3VybGdlbi5DMyJ9&#038;_nc_ohc=rjqKVqvzVsUQ7kNvwGnPyju&#038;_nc_oc=AdrNvp3a8COX9xb9XBJhNEFLEaZ-wz8bNM3FuDA8857pHh-EfnG4RKrz4l0LOGfYWuM&#038;_nc_zt=23&#038;_nc_ht=scontent-cdg4-2.cdninstagram.com&#038;edm=ANo9K5cEAAAA&#038;_nc_gid=-aJ7O00Pt1LKQ3InA_KI9A&#038;_nc_tpa=Q5bMBQFsGYaF8Qh1EfPsI1dHtfu9gk-6Yu1GKdRJ0sM75EGMrLl0dgyvXKOaK42TGg5GNcJeLWzB8ZRVVw&#038;oh=00_Af2gydlnkMqdd1mZ9p_kl3Xcj6Bw6iOPVNnHv2hMv-BpZQ&#038;oe=69F7BC42\"\n\t\t\tdata-img-src-set=\"{&quot;d&quot;:&quot;https:\\\/\\\/scontent-cdg4-2.cdninstagram.com\\\/v\\\/t51.82787-15\\\/683628482_18577701442020210_902712298417782502_n.jpg?stp=dst-jpg_e35_tt6&amp;_nc_cat=109&amp;ccb=7-5&amp;_nc_sid=18de74&amp;efg=eyJlZmdfdGFnIjoiQ0FST1VTRUxfSVRFTS5iZXN0X2ltYWdlX3VybGdlbi5DMyJ9&amp;_nc_ohc=rjqKVqvzVsUQ7kNvwGnPyju&amp;_nc_oc=AdrNvp3a8COX9xb9XBJhNEFLEaZ-wz8bNM3FuDA8857pHh-EfnG4RKrz4l0LOGfYWuM&amp;_nc_zt=23&amp;_nc_ht=scontent-cdg4-2.cdninstagram.com&amp;edm=ANo9K5cEAAAA&amp;_nc_gid=-aJ7O00Pt1LKQ3InA_KI9A&amp;_nc_tpa=Q5bMBQFsGYaF8Qh1EfPsI1dHtfu9gk-6Yu1GKdRJ0sM75EGMrLl0dgyvXKOaK42TGg5GNcJeLWzB8ZRVVw&amp;oh=00_Af2gydlnkMqdd1mZ9p_kl3Xcj6Bw6iOPVNnHv2hMv-BpZQ&amp;oe=69F7BC42&quot;,&quot;150&quot;:&quot;https:\\\/\\\/scontent-cdg4-2.cdninstagram.com\\\/v\\\/t51.82787-15\\\/683628482_18577701442020210_902712298417782502_n.jpg?stp=dst-jpg_e35_tt6&amp;_nc_cat=109&amp;ccb=7-5&amp;_nc_sid=18de74&amp;efg=eyJlZmdfdGFnIjoiQ0FST1VTRUxfSVRFTS5iZXN0X2ltYWdlX3VybGdlbi5DMyJ9&amp;_nc_ohc=rjqKVqvzVsUQ7kNvwGnPyju&amp;_nc_oc=AdrNvp3a8COX9xb9XBJhNEFLEaZ-wz8bNM3FuDA8857pHh-EfnG4RKrz4l0LOGfYWuM&amp;_nc_zt=23&amp;_nc_ht=scontent-cdg4-2.cdninstagram.com&amp;edm=ANo9K5cEAAAA&amp;_nc_gid=-aJ7O00Pt1LKQ3InA_KI9A&amp;_nc_tpa=Q5bMBQFsGYaF8Qh1EfPsI1dHtfu9gk-6Yu1GKdRJ0sM75EGMrLl0dgyvXKOaK42TGg5GNcJeLWzB8ZRVVw&amp;oh=00_Af2gydlnkMqdd1mZ9p_kl3Xcj6Bw6iOPVNnHv2hMv-BpZQ&amp;oe=69F7BC42&quot;,&quot;320&quot;:&quot;https:\\\/\\\/scontent-cdg4-2.cdninstagram.com\\\/v\\\/t51.82787-15\\\/683628482_18577701442020210_902712298417782502_n.jpg?stp=dst-jpg_e35_tt6&amp;_nc_cat=109&amp;ccb=7-5&amp;_nc_sid=18de74&amp;efg=eyJlZmdfdGFnIjoiQ0FST1VTRUxfSVRFTS5iZXN0X2ltYWdlX3VybGdlbi5DMyJ9&amp;_nc_ohc=rjqKVqvzVsUQ7kNvwGnPyju&amp;_nc_oc=AdrNvp3a8COX9xb9XBJhNEFLEaZ-wz8bNM3FuDA8857pHh-EfnG4RKrz4l0LOGfYWuM&amp;_nc_zt=23&amp;_nc_ht=scontent-cdg4-2.cdninstagram.com&amp;edm=ANo9K5cEAAAA&amp;_nc_gid=-aJ7O00Pt1LKQ3InA_KI9A&amp;_nc_tpa=Q5bMBQFsGYaF8Qh1EfPsI1dHtfu9gk-6Yu1GKdRJ0sM75EGMrLl0dgyvXKOaK42TGg5GNcJeLWzB8ZRVVw&amp;oh=00_Af2gydlnkMqdd1mZ9p_kl3Xcj6Bw6iOPVNnHv2hMv-BpZQ&amp;oe=69F7BC42&quot;,&quot;640&quot;:&quot;https:\\\/\\\/scontent-cdg4-2.cdninstagram.com\\\/v\\\/t51.82787-15\\\/683628482_18577701442020210_902712298417782502_n.jpg?stp=dst-jpg_e35_tt6&amp;_nc_cat=109&amp;ccb=7-5&amp;_nc_sid=18de74&amp;efg=eyJlZmdfdGFnIjoiQ0FST1VTRUxfSVRFTS5iZXN0X2ltYWdlX3VybGdlbi5DMyJ9&amp;_nc_ohc=rjqKVqvzVsUQ7kNvwGnPyju&amp;_nc_oc=AdrNvp3a8COX9xb9XBJhNEFLEaZ-wz8bNM3FuDA8857pHh-EfnG4RKrz4l0LOGfYWuM&amp;_nc_zt=23&amp;_nc_ht=scontent-cdg4-2.cdninstagram.com&amp;edm=ANo9K5cEAAAA&amp;_nc_gid=-aJ7O00Pt1LKQ3InA_KI9A&amp;_nc_tpa=Q5bMBQFsGYaF8Qh1EfPsI1dHtfu9gk-6Yu1GKdRJ0sM75EGMrLl0dgyvXKOaK42TGg5GNcJeLWzB8ZRVVw&amp;oh=00_Af2gydlnkMqdd1mZ9p_kl3Xcj6Bw6iOPVNnHv2hMv-BpZQ&amp;oe=69F7BC42&quot;}\">\n\t\t\t<span class=\"sbi-screenreader\">un peu d\u2019actualit\u00e9 : une balade en Auvergne avec l<\/span>\n\t\t\t<svg class=\"svg-inline--fa fa-clone fa-w-16 sbi_lightbox_carousel_icon\" aria-hidden=\"true\" aria-label=\"Clone\" data-fa-pro\u0192cessed=\"\" data-prefix=\"far\" data-icon=\"clone\" role=\"img\" xmlns=\"http:\/\/www.w3.org\/2000\/svg\" viewBox=\"0 0 512 512\">\n                    <path fill=\"currentColor\" d=\"M464 0H144c-26.51 0-48 21.49-48 48v48H48c-26.51 0-48 21.49-48 48v320c0 26.51 21.49 48 48 48h320c26.51 0 48-21.49 48-48v-48h48c26.51 0 48-21.49 48-48V48c0-26.51-21.49-48-48-48zM362 464H54a6 6 0 0 1-6-6V150a6 6 0 0 1 6-6h42v224c0 26.51 21.49 48 48 48h224v42a6 6 0 0 1-6 6zm96-96H150a6 6 0 0 1-6-6V54a6 6 0 0 1 6-6h308a6 6 0 0 1 6 6v308a6 6 0 0 1-6 6z\"><\/path>\n                <\/svg>\t\t\t\t\t\t<img decoding=\"async\" src=\"https:\/\/lafilledesalpes.com\/wp-content\/plugins\/instagram-feed\/img\/placeholder.png\" alt=\"un peu d\u2019actualit\u00e9 : une balade en Auvergne avec les copains de van : 1 b\u00e9b\u00e9 + 3 photographes + 1 chien \ud83d\udcf8\ud83e\udd7e\n\nL\u2019Auvergne est si belle \ud83e\udd79\ud83c\udfd4\ufe0f\n\nps : va en story pour la grande nouvelle !! \n\n#sancy #rando #photo\" aria-hidden=\"true\">\n\t\t<\/a>\n\t<\/div>\n<\/div><div class=\"sbi_item sbi_type_video sbi_new sbi_transition\"\n\tid=\"sbi_17887033446479139\" data-date=\"1777216365\">\n\t<div class=\"sbi_photo_wrap\">\n\t\t<a class=\"sbi_photo\" href=\"https:\/\/www.instagram.com\/reel\/DXmXW-kiAVW\/\" target=\"_blank\" rel=\"noopener nofollow\"\n\t\t\tdata-full-res=\"https:\/\/scontent-cdg4-1.cdninstagram.com\/v\/t51.71878-15\/680443330_1419141313347868_2863731128052073156_n.jpg?stp=dst-jpg_e35_tt6&#038;_nc_cat=110&#038;ccb=7-5&#038;_nc_sid=18de74&#038;efg=eyJlZmdfdGFnIjoiQ0xJUFMuYmVzdF9pbWFnZV91cmxnZW4uQzMifQ%3D%3D&#038;_nc_ohc=vckfSTFUh3MQ7kNvwGs3jK_&#038;_nc_oc=AdoCDGYlJ2XocsSkJ5mggJyGFTpobgqU1CnpORJuhaUstWB3NoubvokxUveamGF9aX4&#038;_nc_zt=23&#038;_nc_ht=scontent-cdg4-1.cdninstagram.com&#038;edm=ANo9K5cEAAAA&#038;_nc_gid=-aJ7O00Pt1LKQ3InA_KI9A&#038;_nc_tpa=Q5bMBQFodpLw58c31BPNBzEcsLY1-5a8mObzu1E190kVqfMojYB0-0gQ28svDGLANknIRKi_g9CjbnC-fQ&#038;oh=00_Af1xS3GasPLjea_PAgwYVaYPKcKiVUXq0fMRF9lodPcMmQ&#038;oe=69F7A566\"\n\t\t\tdata-img-src-set=\"{&quot;d&quot;:&quot;https:\\\/\\\/scontent-cdg4-1.cdninstagram.com\\\/v\\\/t51.71878-15\\\/680443330_1419141313347868_2863731128052073156_n.jpg?stp=dst-jpg_e35_tt6&amp;_nc_cat=110&amp;ccb=7-5&amp;_nc_sid=18de74&amp;efg=eyJlZmdfdGFnIjoiQ0xJUFMuYmVzdF9pbWFnZV91cmxnZW4uQzMifQ%3D%3D&amp;_nc_ohc=vckfSTFUh3MQ7kNvwGs3jK_&amp;_nc_oc=AdoCDGYlJ2XocsSkJ5mggJyGFTpobgqU1CnpORJuhaUstWB3NoubvokxUveamGF9aX4&amp;_nc_zt=23&amp;_nc_ht=scontent-cdg4-1.cdninstagram.com&amp;edm=ANo9K5cEAAAA&amp;_nc_gid=-aJ7O00Pt1LKQ3InA_KI9A&amp;_nc_tpa=Q5bMBQFodpLw58c31BPNBzEcsLY1-5a8mObzu1E190kVqfMojYB0-0gQ28svDGLANknIRKi_g9CjbnC-fQ&amp;oh=00_Af1xS3GasPLjea_PAgwYVaYPKcKiVUXq0fMRF9lodPcMmQ&amp;oe=69F7A566&quot;,&quot;150&quot;:&quot;https:\\\/\\\/scontent-cdg4-1.cdninstagram.com\\\/v\\\/t51.71878-15\\\/680443330_1419141313347868_2863731128052073156_n.jpg?stp=dst-jpg_e35_tt6&amp;_nc_cat=110&amp;ccb=7-5&amp;_nc_sid=18de74&amp;efg=eyJlZmdfdGFnIjoiQ0xJUFMuYmVzdF9pbWFnZV91cmxnZW4uQzMifQ%3D%3D&amp;_nc_ohc=vckfSTFUh3MQ7kNvwGs3jK_&amp;_nc_oc=AdoCDGYlJ2XocsSkJ5mggJyGFTpobgqU1CnpORJuhaUstWB3NoubvokxUveamGF9aX4&amp;_nc_zt=23&amp;_nc_ht=scontent-cdg4-1.cdninstagram.com&amp;edm=ANo9K5cEAAAA&amp;_nc_gid=-aJ7O00Pt1LKQ3InA_KI9A&amp;_nc_tpa=Q5bMBQFodpLw58c31BPNBzEcsLY1-5a8mObzu1E190kVqfMojYB0-0gQ28svDGLANknIRKi_g9CjbnC-fQ&amp;oh=00_Af1xS3GasPLjea_PAgwYVaYPKcKiVUXq0fMRF9lodPcMmQ&amp;oe=69F7A566&quot;,&quot;320&quot;:&quot;https:\\\/\\\/scontent-cdg4-1.cdninstagram.com\\\/v\\\/t51.71878-15\\\/680443330_1419141313347868_2863731128052073156_n.jpg?stp=dst-jpg_e35_tt6&amp;_nc_cat=110&amp;ccb=7-5&amp;_nc_sid=18de74&amp;efg=eyJlZmdfdGFnIjoiQ0xJUFMuYmVzdF9pbWFnZV91cmxnZW4uQzMifQ%3D%3D&amp;_nc_ohc=vckfSTFUh3MQ7kNvwGs3jK_&amp;_nc_oc=AdoCDGYlJ2XocsSkJ5mggJyGFTpobgqU1CnpORJuhaUstWB3NoubvokxUveamGF9aX4&amp;_nc_zt=23&amp;_nc_ht=scontent-cdg4-1.cdninstagram.com&amp;edm=ANo9K5cEAAAA&amp;_nc_gid=-aJ7O00Pt1LKQ3InA_KI9A&amp;_nc_tpa=Q5bMBQFodpLw58c31BPNBzEcsLY1-5a8mObzu1E190kVqfMojYB0-0gQ28svDGLANknIRKi_g9CjbnC-fQ&amp;oh=00_Af1xS3GasPLjea_PAgwYVaYPKcKiVUXq0fMRF9lodPcMmQ&amp;oe=69F7A566&quot;,&quot;640&quot;:&quot;https:\\\/\\\/scontent-cdg4-1.cdninstagram.com\\\/v\\\/t51.71878-15\\\/680443330_1419141313347868_2863731128052073156_n.jpg?stp=dst-jpg_e35_tt6&amp;_nc_cat=110&amp;ccb=7-5&amp;_nc_sid=18de74&amp;efg=eyJlZmdfdGFnIjoiQ0xJUFMuYmVzdF9pbWFnZV91cmxnZW4uQzMifQ%3D%3D&amp;_nc_ohc=vckfSTFUh3MQ7kNvwGs3jK_&amp;_nc_oc=AdoCDGYlJ2XocsSkJ5mggJyGFTpobgqU1CnpORJuhaUstWB3NoubvokxUveamGF9aX4&amp;_nc_zt=23&amp;_nc_ht=scontent-cdg4-1.cdninstagram.com&amp;edm=ANo9K5cEAAAA&amp;_nc_gid=-aJ7O00Pt1LKQ3InA_KI9A&amp;_nc_tpa=Q5bMBQFodpLw58c31BPNBzEcsLY1-5a8mObzu1E190kVqfMojYB0-0gQ28svDGLANknIRKi_g9CjbnC-fQ&amp;oh=00_Af1xS3GasPLjea_PAgwYVaYPKcKiVUXq0fMRF9lodPcMmQ&amp;oe=69F7A566&quot;}\">\n\t\t\t<span class=\"sbi-screenreader\">mon projet de vie \ud83e\udee1\ud83d\ude90\u26f0\ufe0f\n\n#explore #roadtrip #norveg<\/span>\n\t\t\t\t\t\t<svg style=\"color: rgba(255,255,255,1)\" class=\"svg-inline--fa fa-play fa-w-14 sbi_playbtn\" aria-label=\"Play\" aria-hidden=\"true\" data-fa-processed=\"\" data-prefix=\"fa\" data-icon=\"play\" role=\"presentation\" xmlns=\"http:\/\/www.w3.org\/2000\/svg\" viewBox=\"0 0 448 512\"><path fill=\"currentColor\" d=\"M424.4 214.7L72.4 6.6C43.8-10.3 0 6.1 0 47.9V464c0 37.5 40.7 60.1 72.4 41.3l352-208c31.4-18.5 31.5-64.1 0-82.6z\"><\/path><\/svg>\t\t\t<img decoding=\"async\" src=\"https:\/\/lafilledesalpes.com\/wp-content\/plugins\/instagram-feed\/img\/placeholder.png\" alt=\"mon projet de vie \ud83e\udee1\ud83d\ude90\u26f0\ufe0f\n\n#explore #roadtrip #norvege #montagne #nature\" aria-hidden=\"true\">\n\t\t<\/a>\n\t<\/div>\n<\/div><div class=\"sbi_item sbi_type_carousel sbi_new sbi_transition\"\n\tid=\"sbi_18049708841720987\" data-date=\"1776960513\">\n\t<div class=\"sbi_photo_wrap\">\n\t\t<a class=\"sbi_photo\" href=\"https:\/\/www.instagram.com\/p\/DXevcYzCGd3\/\" target=\"_blank\" rel=\"noopener nofollow\"\n\t\t\tdata-full-res=\"https:\/\/scontent-cdg4-2.cdninstagram.com\/v\/t51.82787-15\/670949019_18576582007020210_3585679353228278665_n.jpg?stp=dst-jpg_e35_tt6&#038;_nc_cat=100&#038;ccb=7-5&#038;_nc_sid=18de74&#038;efg=eyJlZmdfdGFnIjoiQ0FST1VTRUxfSVRFTS5iZXN0X2ltYWdlX3VybGdlbi5DMyJ9&#038;_nc_ohc=xsvHYbQzyJgQ7kNvwFxwQ9V&#038;_nc_oc=AdqEryk3RAnTUnae4WiznGcvGQ37TuYZ4bWAYe5Qahq_PgJKQ-IQLtd2X6BKSArYD4s&#038;_nc_zt=23&#038;_nc_ht=scontent-cdg4-2.cdninstagram.com&#038;edm=ANo9K5cEAAAA&#038;_nc_gid=-aJ7O00Pt1LKQ3InA_KI9A&#038;_nc_tpa=Q5bMBQGz3VBmCYyZQ59YxTqc0dpZ2fHSWFAgwTfFFJHXYaTGSn8fVfz3D0GbeDHgOhKIIfM8JwQZSRWwEw&#038;oh=00_Af20uRro-83H-TcCx4fkclNPXbRsBiV2m0KJr4rM4fENyA&#038;oe=69F7B901\"\n\t\t\tdata-img-src-set=\"{&quot;d&quot;:&quot;https:\\\/\\\/scontent-cdg4-2.cdninstagram.com\\\/v\\\/t51.82787-15\\\/670949019_18576582007020210_3585679353228278665_n.jpg?stp=dst-jpg_e35_tt6&amp;_nc_cat=100&amp;ccb=7-5&amp;_nc_sid=18de74&amp;efg=eyJlZmdfdGFnIjoiQ0FST1VTRUxfSVRFTS5iZXN0X2ltYWdlX3VybGdlbi5DMyJ9&amp;_nc_ohc=xsvHYbQzyJgQ7kNvwFxwQ9V&amp;_nc_oc=AdqEryk3RAnTUnae4WiznGcvGQ37TuYZ4bWAYe5Qahq_PgJKQ-IQLtd2X6BKSArYD4s&amp;_nc_zt=23&amp;_nc_ht=scontent-cdg4-2.cdninstagram.com&amp;edm=ANo9K5cEAAAA&amp;_nc_gid=-aJ7O00Pt1LKQ3InA_KI9A&amp;_nc_tpa=Q5bMBQGz3VBmCYyZQ59YxTqc0dpZ2fHSWFAgwTfFFJHXYaTGSn8fVfz3D0GbeDHgOhKIIfM8JwQZSRWwEw&amp;oh=00_Af20uRro-83H-TcCx4fkclNPXbRsBiV2m0KJr4rM4fENyA&amp;oe=69F7B901&quot;,&quot;150&quot;:&quot;https:\\\/\\\/scontent-cdg4-2.cdninstagram.com\\\/v\\\/t51.82787-15\\\/670949019_18576582007020210_3585679353228278665_n.jpg?stp=dst-jpg_e35_tt6&amp;_nc_cat=100&amp;ccb=7-5&amp;_nc_sid=18de74&amp;efg=eyJlZmdfdGFnIjoiQ0FST1VTRUxfSVRFTS5iZXN0X2ltYWdlX3VybGdlbi5DMyJ9&amp;_nc_ohc=xsvHYbQzyJgQ7kNvwFxwQ9V&amp;_nc_oc=AdqEryk3RAnTUnae4WiznGcvGQ37TuYZ4bWAYe5Qahq_PgJKQ-IQLtd2X6BKSArYD4s&amp;_nc_zt=23&amp;_nc_ht=scontent-cdg4-2.cdninstagram.com&amp;edm=ANo9K5cEAAAA&amp;_nc_gid=-aJ7O00Pt1LKQ3InA_KI9A&amp;_nc_tpa=Q5bMBQGz3VBmCYyZQ59YxTqc0dpZ2fHSWFAgwTfFFJHXYaTGSn8fVfz3D0GbeDHgOhKIIfM8JwQZSRWwEw&amp;oh=00_Af20uRro-83H-TcCx4fkclNPXbRsBiV2m0KJr4rM4fENyA&amp;oe=69F7B901&quot;,&quot;320&quot;:&quot;https:\\\/\\\/scontent-cdg4-2.cdninstagram.com\\\/v\\\/t51.82787-15\\\/670949019_18576582007020210_3585679353228278665_n.jpg?stp=dst-jpg_e35_tt6&amp;_nc_cat=100&amp;ccb=7-5&amp;_nc_sid=18de74&amp;efg=eyJlZmdfdGFnIjoiQ0FST1VTRUxfSVRFTS5iZXN0X2ltYWdlX3VybGdlbi5DMyJ9&amp;_nc_ohc=xsvHYbQzyJgQ7kNvwFxwQ9V&amp;_nc_oc=AdqEryk3RAnTUnae4WiznGcvGQ37TuYZ4bWAYe5Qahq_PgJKQ-IQLtd2X6BKSArYD4s&amp;_nc_zt=23&amp;_nc_ht=scontent-cdg4-2.cdninstagram.com&amp;edm=ANo9K5cEAAAA&amp;_nc_gid=-aJ7O00Pt1LKQ3InA_KI9A&amp;_nc_tpa=Q5bMBQGz3VBmCYyZQ59YxTqc0dpZ2fHSWFAgwTfFFJHXYaTGSn8fVfz3D0GbeDHgOhKIIfM8JwQZSRWwEw&amp;oh=00_Af20uRro-83H-TcCx4fkclNPXbRsBiV2m0KJr4rM4fENyA&amp;oe=69F7B901&quot;,&quot;640&quot;:&quot;https:\\\/\\\/scontent-cdg4-2.cdninstagram.com\\\/v\\\/t51.82787-15\\\/670949019_18576582007020210_3585679353228278665_n.jpg?stp=dst-jpg_e35_tt6&amp;_nc_cat=100&amp;ccb=7-5&amp;_nc_sid=18de74&amp;efg=eyJlZmdfdGFnIjoiQ0FST1VTRUxfSVRFTS5iZXN0X2ltYWdlX3VybGdlbi5DMyJ9&amp;_nc_ohc=xsvHYbQzyJgQ7kNvwFxwQ9V&amp;_nc_oc=AdqEryk3RAnTUnae4WiznGcvGQ37TuYZ4bWAYe5Qahq_PgJKQ-IQLtd2X6BKSArYD4s&amp;_nc_zt=23&amp;_nc_ht=scontent-cdg4-2.cdninstagram.com&amp;edm=ANo9K5cEAAAA&amp;_nc_gid=-aJ7O00Pt1LKQ3InA_KI9A&amp;_nc_tpa=Q5bMBQGz3VBmCYyZQ59YxTqc0dpZ2fHSWFAgwTfFFJHXYaTGSn8fVfz3D0GbeDHgOhKIIfM8JwQZSRWwEw&amp;oh=00_Af20uRro-83H-TcCx4fkclNPXbRsBiV2m0KJr4rM4fENyA&amp;oe=69F7B901&quot;}\">\n\t\t\t<span class=\"sbi-screenreader\">sujet clos \ud83e\udd2d je ne veux plus entendre \u00e7a \ud83d\udc40\n\nla plu<\/span>\n\t\t\t<svg class=\"svg-inline--fa fa-clone fa-w-16 sbi_lightbox_carousel_icon\" aria-hidden=\"true\" aria-label=\"Clone\" data-fa-pro\u0192cessed=\"\" data-prefix=\"far\" data-icon=\"clone\" role=\"img\" xmlns=\"http:\/\/www.w3.org\/2000\/svg\" viewBox=\"0 0 512 512\">\n                    <path fill=\"currentColor\" d=\"M464 0H144c-26.51 0-48 21.49-48 48v48H48c-26.51 0-48 21.49-48 48v320c0 26.51 21.49 48 48 48h320c26.51 0 48-21.49 48-48v-48h48c26.51 0 48-21.49 48-48V48c0-26.51-21.49-48-48-48zM362 464H54a6 6 0 0 1-6-6V150a6 6 0 0 1 6-6h42v224c0 26.51 21.49 48 48 48h224v42a6 6 0 0 1-6 6zm96-96H150a6 6 0 0 1-6-6V54a6 6 0 0 1 6-6h308a6 6 0 0 1 6 6v308a6 6 0 0 1-6 6z\"><\/path>\n                <\/svg>\t\t\t\t\t\t<img decoding=\"async\" src=\"https:\/\/lafilledesalpes.com\/wp-content\/plugins\/instagram-feed\/img\/placeholder.png\" alt=\"sujet clos \ud83e\udd2d je ne veux plus entendre \u00e7a \ud83d\udc40\n\nla plus belle des vues\u2026 le spectacle de dame nature \ud83c\udf04\n\n#van #vanlife #roadtrip #montagne #bestviews\" aria-hidden=\"true\">\n\t\t<\/a>\n\t<\/div>\n<\/div><div class=\"sbi_item sbi_type_video sbi_new sbi_transition\"\n\tid=\"sbi_17926369851266694\" data-date=\"1776699900\">\n\t<div class=\"sbi_photo_wrap\">\n\t\t<a class=\"sbi_photo\" href=\"https:\/\/www.instagram.com\/reel\/DXW-a3RNRiX\/\" target=\"_blank\" rel=\"noopener nofollow\"\n\t\t\tdata-full-res=\"https:\/\/scontent-cdg6-1.cdninstagram.com\/v\/t51.71878-15\/671771237_2471920459936202_4680210668015655894_n.jpg?stp=dst-jpg_e35_tt6&#038;_nc_cat=106&#038;ccb=7-5&#038;_nc_sid=18de74&#038;efg=eyJlZmdfdGFnIjoiQ0xJUFMuYmVzdF9pbWFnZV91cmxnZW4uQzMifQ%3D%3D&#038;_nc_ohc=x87tQwxlPH8Q7kNvwGl5yXx&#038;_nc_oc=AdoQc-qS3XeWOZu7oVNFVvRXImOUMWJKK6ElQqiFRNfVio71nOBCUMFhYURKcxd1yYM&#038;_nc_zt=23&#038;_nc_ht=scontent-cdg6-1.cdninstagram.com&#038;edm=ANo9K5cEAAAA&#038;_nc_gid=-aJ7O00Pt1LKQ3InA_KI9A&#038;_nc_tpa=Q5bMBQEtVxfwjAL8ojCbPiiib4_0nH-mHZksO-rF93n7gbkd4vSaKRfpKWttIZJayTY3sg_sKhbDhNvmKA&#038;oh=00_Af0vR_hoCHSoBVVrXXqi6oV_chAbU1laXuZPs0dHkOzCtA&#038;oe=69F7AC28\"\n\t\t\tdata-img-src-set=\"{&quot;d&quot;:&quot;https:\\\/\\\/scontent-cdg6-1.cdninstagram.com\\\/v\\\/t51.71878-15\\\/671771237_2471920459936202_4680210668015655894_n.jpg?stp=dst-jpg_e35_tt6&amp;_nc_cat=106&amp;ccb=7-5&amp;_nc_sid=18de74&amp;efg=eyJlZmdfdGFnIjoiQ0xJUFMuYmVzdF9pbWFnZV91cmxnZW4uQzMifQ%3D%3D&amp;_nc_ohc=x87tQwxlPH8Q7kNvwGl5yXx&amp;_nc_oc=AdoQc-qS3XeWOZu7oVNFVvRXImOUMWJKK6ElQqiFRNfVio71nOBCUMFhYURKcxd1yYM&amp;_nc_zt=23&amp;_nc_ht=scontent-cdg6-1.cdninstagram.com&amp;edm=ANo9K5cEAAAA&amp;_nc_gid=-aJ7O00Pt1LKQ3InA_KI9A&amp;_nc_tpa=Q5bMBQEtVxfwjAL8ojCbPiiib4_0nH-mHZksO-rF93n7gbkd4vSaKRfpKWttIZJayTY3sg_sKhbDhNvmKA&amp;oh=00_Af0vR_hoCHSoBVVrXXqi6oV_chAbU1laXuZPs0dHkOzCtA&amp;oe=69F7AC28&quot;,&quot;150&quot;:&quot;https:\\\/\\\/scontent-cdg6-1.cdninstagram.com\\\/v\\\/t51.71878-15\\\/671771237_2471920459936202_4680210668015655894_n.jpg?stp=dst-jpg_e35_tt6&amp;_nc_cat=106&amp;ccb=7-5&amp;_nc_sid=18de74&amp;efg=eyJlZmdfdGFnIjoiQ0xJUFMuYmVzdF9pbWFnZV91cmxnZW4uQzMifQ%3D%3D&amp;_nc_ohc=x87tQwxlPH8Q7kNvwGl5yXx&amp;_nc_oc=AdoQc-qS3XeWOZu7oVNFVvRXImOUMWJKK6ElQqiFRNfVio71nOBCUMFhYURKcxd1yYM&amp;_nc_zt=23&amp;_nc_ht=scontent-cdg6-1.cdninstagram.com&amp;edm=ANo9K5cEAAAA&amp;_nc_gid=-aJ7O00Pt1LKQ3InA_KI9A&amp;_nc_tpa=Q5bMBQEtVxfwjAL8ojCbPiiib4_0nH-mHZksO-rF93n7gbkd4vSaKRfpKWttIZJayTY3sg_sKhbDhNvmKA&amp;oh=00_Af0vR_hoCHSoBVVrXXqi6oV_chAbU1laXuZPs0dHkOzCtA&amp;oe=69F7AC28&quot;,&quot;320&quot;:&quot;https:\\\/\\\/scontent-cdg6-1.cdninstagram.com\\\/v\\\/t51.71878-15\\\/671771237_2471920459936202_4680210668015655894_n.jpg?stp=dst-jpg_e35_tt6&amp;_nc_cat=106&amp;ccb=7-5&amp;_nc_sid=18de74&amp;efg=eyJlZmdfdGFnIjoiQ0xJUFMuYmVzdF9pbWFnZV91cmxnZW4uQzMifQ%3D%3D&amp;_nc_ohc=x87tQwxlPH8Q7kNvwGl5yXx&amp;_nc_oc=AdoQc-qS3XeWOZu7oVNFVvRXImOUMWJKK6ElQqiFRNfVio71nOBCUMFhYURKcxd1yYM&amp;_nc_zt=23&amp;_nc_ht=scontent-cdg6-1.cdninstagram.com&amp;edm=ANo9K5cEAAAA&amp;_nc_gid=-aJ7O00Pt1LKQ3InA_KI9A&amp;_nc_tpa=Q5bMBQEtVxfwjAL8ojCbPiiib4_0nH-mHZksO-rF93n7gbkd4vSaKRfpKWttIZJayTY3sg_sKhbDhNvmKA&amp;oh=00_Af0vR_hoCHSoBVVrXXqi6oV_chAbU1laXuZPs0dHkOzCtA&amp;oe=69F7AC28&quot;,&quot;640&quot;:&quot;https:\\\/\\\/scontent-cdg6-1.cdninstagram.com\\\/v\\\/t51.71878-15\\\/671771237_2471920459936202_4680210668015655894_n.jpg?stp=dst-jpg_e35_tt6&amp;_nc_cat=106&amp;ccb=7-5&amp;_nc_sid=18de74&amp;efg=eyJlZmdfdGFnIjoiQ0xJUFMuYmVzdF9pbWFnZV91cmxnZW4uQzMifQ%3D%3D&amp;_nc_ohc=x87tQwxlPH8Q7kNvwGl5yXx&amp;_nc_oc=AdoQc-qS3XeWOZu7oVNFVvRXImOUMWJKK6ElQqiFRNfVio71nOBCUMFhYURKcxd1yYM&amp;_nc_zt=23&amp;_nc_ht=scontent-cdg6-1.cdninstagram.com&amp;edm=ANo9K5cEAAAA&amp;_nc_gid=-aJ7O00Pt1LKQ3InA_KI9A&amp;_nc_tpa=Q5bMBQEtVxfwjAL8ojCbPiiib4_0nH-mHZksO-rF93n7gbkd4vSaKRfpKWttIZJayTY3sg_sKhbDhNvmKA&amp;oh=00_Af0vR_hoCHSoBVVrXXqi6oV_chAbU1laXuZPs0dHkOzCtA&amp;oe=69F7AC28&quot;}\">\n\t\t\t<span class=\"sbi-screenreader\">Le Tour de la pointe des Cerces en chiffre :\n\n\ud83e\udd7e 19<\/span>\n\t\t\t\t\t\t<svg style=\"color: rgba(255,255,255,1)\" class=\"svg-inline--fa fa-play fa-w-14 sbi_playbtn\" aria-label=\"Play\" aria-hidden=\"true\" data-fa-processed=\"\" data-prefix=\"fa\" data-icon=\"play\" role=\"presentation\" xmlns=\"http:\/\/www.w3.org\/2000\/svg\" viewBox=\"0 0 448 512\"><path fill=\"currentColor\" d=\"M424.4 214.7L72.4 6.6C43.8-10.3 0 6.1 0 47.9V464c0 37.5 40.7 60.1 72.4 41.3l352-208c31.4-18.5 31.5-64.1 0-82.6z\"><\/path><\/svg>\t\t\t<img decoding=\"async\" src=\"https:\/\/lafilledesalpes.com\/wp-content\/plugins\/instagram-feed\/img\/placeholder.png\" alt=\"Le Tour de la pointe des Cerces en chiffre :\n\n\ud83e\udd7e 19 km\n\ud83d\udcc8 970 D+ \n\ud83d\udd01 2 jours\n\ud83d\udcca Moyen \n\nj\u2019en garde un merveilleux souvenir ! j\u2019ai d\u2019ailleurs \u00e9crit un article d\u00e9di\u00e9 sur mon blog \ud83d\ude0d\n\n\u26a0\ufe0f respectez la montagne : repartez avec vos d\u00e9chets, planter votre tente seulement de 19h \u00e0 9h, ne d\u00e9ranger pas la faune et les autres randonneurs. le meilleur bivouac est celui qui ne se voit pas \ud83d\ude09\n\n#montagne #trek #bivouac #alpes\" aria-hidden=\"true\">\n\t\t<\/a>\n\t<\/div>\n<\/div><div class=\"sbi_item sbi_type_video sbi_new sbi_transition\"\n\tid=\"sbi_18135874360523220\" data-date=\"1776530362\">\n\t<div class=\"sbi_photo_wrap\">\n\t\t<a class=\"sbi_photo\" href=\"https:\/\/www.instagram.com\/reel\/DXR6viYCKNk\/\" target=\"_blank\" rel=\"noopener nofollow\"\n\t\t\tdata-full-res=\"https:\/\/scontent-cdg4-1.cdninstagram.com\/v\/t51.71878-15\/671797370_2625841341150126_4446454736738893951_n.jpg?stp=dst-jpg_e35_tt6&#038;_nc_cat=108&#038;ccb=7-5&#038;_nc_sid=18de74&#038;efg=eyJlZmdfdGFnIjoiQ0xJUFMuYmVzdF9pbWFnZV91cmxnZW4uQzMifQ%3D%3D&#038;_nc_ohc=jeNepKCh2dQQ7kNvwFgY1SI&#038;_nc_oc=Adq4oZoPDq1RRGuKDibTpGXRab-OlNa7U26aX01jFwSdTO03LsvAndr4YXqKzI0Xk4Y&#038;_nc_zt=23&#038;_nc_ht=scontent-cdg4-1.cdninstagram.com&#038;edm=ANo9K5cEAAAA&#038;_nc_gid=-aJ7O00Pt1LKQ3InA_KI9A&#038;_nc_tpa=Q5bMBQEzZ1i9g-X0qRC9rW8GENIvSLR7t2i3TIJTY5NLZA558YUnWKHI79p1Dxm0UM66ccJfOnc6tT0p7g&#038;oh=00_Af2iLwirc5DJ3fHFMQC4AXWOR7Pm_GMMDotxRgvrFfXX5A&#038;oe=69F7962F\"\n\t\t\tdata-img-src-set=\"{&quot;d&quot;:&quot;https:\\\/\\\/scontent-cdg4-1.cdninstagram.com\\\/v\\\/t51.71878-15\\\/671797370_2625841341150126_4446454736738893951_n.jpg?stp=dst-jpg_e35_tt6&amp;_nc_cat=108&amp;ccb=7-5&amp;_nc_sid=18de74&amp;efg=eyJlZmdfdGFnIjoiQ0xJUFMuYmVzdF9pbWFnZV91cmxnZW4uQzMifQ%3D%3D&amp;_nc_ohc=jeNepKCh2dQQ7kNvwFgY1SI&amp;_nc_oc=Adq4oZoPDq1RRGuKDibTpGXRab-OlNa7U26aX01jFwSdTO03LsvAndr4YXqKzI0Xk4Y&amp;_nc_zt=23&amp;_nc_ht=scontent-cdg4-1.cdninstagram.com&amp;edm=ANo9K5cEAAAA&amp;_nc_gid=-aJ7O00Pt1LKQ3InA_KI9A&amp;_nc_tpa=Q5bMBQEzZ1i9g-X0qRC9rW8GENIvSLR7t2i3TIJTY5NLZA558YUnWKHI79p1Dxm0UM66ccJfOnc6tT0p7g&amp;oh=00_Af2iLwirc5DJ3fHFMQC4AXWOR7Pm_GMMDotxRgvrFfXX5A&amp;oe=69F7962F&quot;,&quot;150&quot;:&quot;https:\\\/\\\/scontent-cdg4-1.cdninstagram.com\\\/v\\\/t51.71878-15\\\/671797370_2625841341150126_4446454736738893951_n.jpg?stp=dst-jpg_e35_tt6&amp;_nc_cat=108&amp;ccb=7-5&amp;_nc_sid=18de74&amp;efg=eyJlZmdfdGFnIjoiQ0xJUFMuYmVzdF9pbWFnZV91cmxnZW4uQzMifQ%3D%3D&amp;_nc_ohc=jeNepKCh2dQQ7kNvwFgY1SI&amp;_nc_oc=Adq4oZoPDq1RRGuKDibTpGXRab-OlNa7U26aX01jFwSdTO03LsvAndr4YXqKzI0Xk4Y&amp;_nc_zt=23&amp;_nc_ht=scontent-cdg4-1.cdninstagram.com&amp;edm=ANo9K5cEAAAA&amp;_nc_gid=-aJ7O00Pt1LKQ3InA_KI9A&amp;_nc_tpa=Q5bMBQEzZ1i9g-X0qRC9rW8GENIvSLR7t2i3TIJTY5NLZA558YUnWKHI79p1Dxm0UM66ccJfOnc6tT0p7g&amp;oh=00_Af2iLwirc5DJ3fHFMQC4AXWOR7Pm_GMMDotxRgvrFfXX5A&amp;oe=69F7962F&quot;,&quot;320&quot;:&quot;https:\\\/\\\/scontent-cdg4-1.cdninstagram.com\\\/v\\\/t51.71878-15\\\/671797370_2625841341150126_4446454736738893951_n.jpg?stp=dst-jpg_e35_tt6&amp;_nc_cat=108&amp;ccb=7-5&amp;_nc_sid=18de74&amp;efg=eyJlZmdfdGFnIjoiQ0xJUFMuYmVzdF9pbWFnZV91cmxnZW4uQzMifQ%3D%3D&amp;_nc_ohc=jeNepKCh2dQQ7kNvwFgY1SI&amp;_nc_oc=Adq4oZoPDq1RRGuKDibTpGXRab-OlNa7U26aX01jFwSdTO03LsvAndr4YXqKzI0Xk4Y&amp;_nc_zt=23&amp;_nc_ht=scontent-cdg4-1.cdninstagram.com&amp;edm=ANo9K5cEAAAA&amp;_nc_gid=-aJ7O00Pt1LKQ3InA_KI9A&amp;_nc_tpa=Q5bMBQEzZ1i9g-X0qRC9rW8GENIvSLR7t2i3TIJTY5NLZA558YUnWKHI79p1Dxm0UM66ccJfOnc6tT0p7g&amp;oh=00_Af2iLwirc5DJ3fHFMQC4AXWOR7Pm_GMMDotxRgvrFfXX5A&amp;oe=69F7962F&quot;,&quot;640&quot;:&quot;https:\\\/\\\/scontent-cdg4-1.cdninstagram.com\\\/v\\\/t51.71878-15\\\/671797370_2625841341150126_4446454736738893951_n.jpg?stp=dst-jpg_e35_tt6&amp;_nc_cat=108&amp;ccb=7-5&amp;_nc_sid=18de74&amp;efg=eyJlZmdfdGFnIjoiQ0xJUFMuYmVzdF9pbWFnZV91cmxnZW4uQzMifQ%3D%3D&amp;_nc_ohc=jeNepKCh2dQQ7kNvwFgY1SI&amp;_nc_oc=Adq4oZoPDq1RRGuKDibTpGXRab-OlNa7U26aX01jFwSdTO03LsvAndr4YXqKzI0Xk4Y&amp;_nc_zt=23&amp;_nc_ht=scontent-cdg4-1.cdninstagram.com&amp;edm=ANo9K5cEAAAA&amp;_nc_gid=-aJ7O00Pt1LKQ3InA_KI9A&amp;_nc_tpa=Q5bMBQEzZ1i9g-X0qRC9rW8GENIvSLR7t2i3TIJTY5NLZA558YUnWKHI79p1Dxm0UM66ccJfOnc6tT0p7g&amp;oh=00_Af2iLwirc5DJ3fHFMQC4AXWOR7Pm_GMMDotxRgvrFfXX5A&amp;oe=69F7962F&quot;}\">\n\t\t\t<span class=\"sbi-screenreader\">vraiment LA p\u00e9pite du Portugal \ud83d\ude0d \n\n#roadtrip #port<\/span>\n\t\t\t\t\t\t<svg style=\"color: rgba(255,255,255,1)\" class=\"svg-inline--fa fa-play fa-w-14 sbi_playbtn\" aria-label=\"Play\" aria-hidden=\"true\" data-fa-processed=\"\" data-prefix=\"fa\" data-icon=\"play\" role=\"presentation\" xmlns=\"http:\/\/www.w3.org\/2000\/svg\" viewBox=\"0 0 448 512\"><path fill=\"currentColor\" d=\"M424.4 214.7L72.4 6.6C43.8-10.3 0 6.1 0 47.9V464c0 37.5 40.7 60.1 72.4 41.3l352-208c31.4-18.5 31.5-64.1 0-82.6z\"><\/path><\/svg>\t\t\t<img decoding=\"async\" src=\"https:\/\/lafilledesalpes.com\/wp-content\/plugins\/instagram-feed\/img\/placeholder.png\" alt=\"vraiment LA p\u00e9pite du Portugal \ud83d\ude0d \n\n#roadtrip #portugal #sunset\" aria-hidden=\"true\">\n\t\t<\/a>\n\t<\/div>\n<\/div>\t<\/div>\n\n\t<div id=\"sbi_load\" >\n\n\t\n\t\n<\/div>\n\t\t<span class=\"sbi_resized_image_data\" data-feed-id=\"*1\"\n\t\t  data-resized=\"{&quot;18135874360523220&quot;:{&quot;id&quot;:&quot;671797370_2625841341150126_4446454736738893951_n&quot;,&quot;ratio&quot;:&quot;0.56&quot;,&quot;sizes&quot;:{&quot;full&quot;:640,&quot;low&quot;:320,&quot;thumb&quot;:150},&quot;extension&quot;:&quot;.webp&quot;},&quot;17926369851266694&quot;:{&quot;id&quot;:&quot;671771237_2471920459936202_4680210668015655894_n&quot;,&quot;ratio&quot;:&quot;0.56&quot;,&quot;sizes&quot;:{&quot;full&quot;:640,&quot;low&quot;:320,&quot;thumb&quot;:150},&quot;extension&quot;:&quot;.webp&quot;},&quot;18049708841720987&quot;:{&quot;id&quot;:&quot;670949019_18576582007020210_3585679353228278665_n&quot;,&quot;ratio&quot;:&quot;0.75&quot;,&quot;sizes&quot;:{&quot;full&quot;:640,&quot;low&quot;:320,&quot;thumb&quot;:150},&quot;extension&quot;:&quot;.webp&quot;},&quot;17887033446479139&quot;:{&quot;id&quot;:&quot;680443330_1419141313347868_2863731128052073156_n&quot;,&quot;ratio&quot;:&quot;0.56&quot;,&quot;sizes&quot;:{&quot;full&quot;:640,&quot;low&quot;:320,&quot;thumb&quot;:150},&quot;extension&quot;:&quot;.webp&quot;},&quot;17861857923626419&quot;:{&quot;id&quot;:&quot;683628482_18577701442020210_902712298417782502_n&quot;,&quot;ratio&quot;:&quot;0.75&quot;,&quot;sizes&quot;:{&quot;full&quot;:640,&quot;low&quot;:320,&quot;thumb&quot;:150},&quot;extension&quot;:&quot;.webp&quot;},&quot;18143168017507895&quot;:{&quot;id&quot;:&quot;681360371_18577996780020210_9172166998363105256_n&quot;,&quot;ratio&quot;:&quot;0.56&quot;,&quot;sizes&quot;:{&quot;full&quot;:640,&quot;low&quot;:320,&quot;thumb&quot;:150},&quot;extension&quot;:&quot;.webp&quot;}}\">\n\t<\/span>\n\t<\/div>\n\n<\/div>\n\t\t\t\t\t\t<\/div>\n\t\t\t\t<div class=\"elementor-element elementor-element-e06f5d8 elementor-align-center e-transform elementor-widget elementor-widget-button\" data-id=\"e06f5d8\" data-element_type=\"widget\" data-e-type=\"widget\" data-settings=\"{&quot;_transform_scale_effect_hover&quot;:{&quot;unit&quot;:&quot;px&quot;,&quot;size&quot;:1.020000000000000017763568394002504646778106689453125,&quot;sizes&quot;:[]},&quot;_transform_scale_effect_hover_tablet&quot;:{&quot;unit&quot;:&quot;px&quot;,&quot;size&quot;:&quot;&quot;,&quot;sizes&quot;:[]},&quot;_transform_scale_effect_hover_mobile&quot;:{&quot;unit&quot;:&quot;px&quot;,&quot;size&quot;:&quot;&quot;,&quot;sizes&quot;:[]}}\" data-widget_type=\"button.default\">\n\t\t\t\t\t\t\t\t\t\t<a class=\"elementor-button elementor-button-link elementor-size-sm\" href=\"https:\/\/www.instagram.com\/lafilledesalpes\/\" target=\"_blank\">\n\t\t\t\t\t\t<span class=\"elementor-button-content-wrapper\">\n\t\t\t\t\t\t<span class=\"elementor-button-icon\">\n\t\t\t\t<svg aria-hidden=\"true\" class=\"e-font-icon-svg e-fab-instagram\" viewBox=\"0 0 448 512\" xmlns=\"http:\/\/www.w3.org\/2000\/svg\"><path d=\"M224.1 141c-63.6 0-114.9 51.3-114.9 114.9s51.3 114.9 114.9 114.9S339 319.5 339 255.9 287.7 141 224.1 141zm0 189.6c-41.1 0-74.7-33.5-74.7-74.7s33.5-74.7 74.7-74.7 74.7 33.5 74.7 74.7-33.6 74.7-74.7 74.7zm146.4-194.3c0 14.9-12 26.8-26.8 26.8-14.9 0-26.8-12-26.8-26.8s12-26.8 26.8-26.8 26.8 12 26.8 26.8zm76.1 27.2c-1.7-35.9-9.9-67.7-36.2-93.9-26.2-26.2-58-34.4-93.9-36.2-37-2.1-147.9-2.1-184.9 0-35.8 1.7-67.6 9.9-93.9 36.1s-34.4 58-36.2 93.9c-2.1 37-2.1 147.9 0 184.9 1.7 35.9 9.9 67.7 36.2 93.9s58 34.4 93.9 36.2c37 2.1 147.9 2.1 184.9 0 35.9-1.7 67.7-9.9 93.9-36.2 26.2-26.2 34.4-58 36.2-93.9 2.1-37 2.1-147.8 0-184.8zM398.8 388c-7.8 19.6-22.9 34.7-42.6 42.6-29.5 11.7-99.5 9-132.1 9s-102.7 2.6-132.1-9c-19.6-7.8-34.7-22.9-42.6-42.6-11.7-29.5-9-99.5-9-132.1s-2.6-102.7 9-132.1c7.8-19.6 22.9-34.7 42.6-42.6 29.5-11.7 99.5-9 132.1-9s102.7-2.6 132.1 9c19.6 7.8 34.7 22.9 42.6 42.6 11.7 29.5 9 99.5 9 132.1s2.7 102.7-9 132.1z\"><\/path><\/svg>\t\t\t<\/span>\n\t\t\t\t\t\t\t\t\t<span class=\"elementor-button-text\">Suivre @lafilledesalpes<\/span>\n\t\t\t\t\t<\/span>\n\t\t\t\t\t<\/a>\n\t\t\t\t\t\t\t\t<\/div>\n\t\t\t\t\t<\/div>\n\t\t\t\t<\/div>\n\t\t<div class=\"elementor-element elementor-element-2d2a7be6 e-flex e-con-boxed e-con e-parent\" data-id=\"2d2a7be6\" data-element_type=\"container\" data-e-type=\"container\" data-settings=\"{&quot;background_background&quot;:&quot;classic&quot;}\">\n\t\t\t\t\t<div class=\"e-con-inner\">\n\t\t<div class=\"elementor-element elementor-element-112e28ae e-con-full e-flex e-con e-child\" data-id=\"112e28ae\" data-element_type=\"container\" data-e-type=\"container\">\n\t\t<div class=\"elementor-element elementor-element-7618c8d3 e-con-full e-flex e-con e-child\" data-id=\"7618c8d3\" data-element_type=\"container\" data-e-type=\"container\" data-settings=\"{&quot;background_background&quot;:&quot;classic&quot;}\">\n\t\t\t\t<div class=\"elementor-element elementor-element-58c3dc26 elementor-view-default elementor-widget elementor-widget-icon\" data-id=\"58c3dc26\" data-element_type=\"widget\" data-e-type=\"widget\" data-widget_type=\"icon.default\">\n\t\t\t\t\t\t\t<div class=\"elementor-icon-wrapper\">\n\t\t\t<div class=\"elementor-icon\">\n\t\t\t<svg xmlns=\"http:\/\/www.w3.org\/2000\/svg\" width=\"20\" height=\"20\" viewBox=\"0 0 20 20\" fill=\"none\"><path d=\"M10 5.83337V17.5\" stroke=\"#6D8663\" stroke-width=\"1.66667\" stroke-linecap=\"round\" stroke-linejoin=\"round\"><\/path><path d=\"M2.50002 15C2.27901 15 2.06704 14.9122 1.91076 14.7559C1.75448 14.5996 1.66669 14.3877 1.66669 14.1667V3.33333C1.66669 3.11232 1.75448 2.90036 1.91076 2.74408C2.06704 2.5878 2.27901 2.5 2.50002 2.5H6.66669C7.55074 2.5 8.39859 2.85119 9.02371 3.47631C9.64883 4.10143 10 4.94928 10 5.83333C10 4.94928 10.3512 4.10143 10.9763 3.47631C11.6015 2.85119 12.4493 2.5 13.3334 2.5H17.5C17.721 2.5 17.933 2.5878 18.0893 2.74408C18.2456 2.90036 18.3334 3.11232 18.3334 3.33333V14.1667C18.3334 14.3877 18.2456 14.5996 18.0893 14.7559C17.933 14.9122 17.721 15 17.5 15H12.5C11.837 15 11.2011 15.2634 10.7323 15.7322C10.2634 16.2011 10 16.837 10 17.5C10 16.837 9.73663 16.2011 9.26779 15.7322C8.79895 15.2634 8.16306 15 7.50002 15H2.50002Z\" stroke=\"#6D8663\" stroke-width=\"1.66667\" stroke-linecap=\"round\" stroke-linejoin=\"round\"><\/path><\/svg>\t\t\t<\/div>\n\t\t<\/div>\n\t\t\t\t\t\t<\/div>\n\t\t\t\t<div class=\"elementor-element elementor-element-7bc1b038 elementor-widget elementor-widget-text-editor\" data-id=\"7bc1b038\" data-element_type=\"widget\" data-e-type=\"widget\" data-widget_type=\"text-editor.default\">\n\t\t\t\t\t\t\t\t\t<p>Nouveaut\u00e9s<\/p>\t\t\t\t\t\t\t\t<\/div>\n\t\t\t\t<\/div>\n\t\t\t\t<div class=\"elementor-element elementor-element-5937435e elementor-widget elementor-widget-heading\" data-id=\"5937435e\" data-element_type=\"widget\" data-e-type=\"widget\" data-widget_type=\"heading.default\">\n\t\t\t\t\t<h2 class=\"elementor-heading-title elementor-size-default\">D\u00e9couvre mes guides<\/h2>\t\t\t\t<\/div>\n\t\t\t\t<div class=\"elementor-element elementor-element-71534462 elementor-widget elementor-widget-text-editor\" data-id=\"71534462\" data-element_type=\"widget\" data-e-type=\"widget\" data-widget_type=\"text-editor.default\">\n\t\t\t\t\t\t\t\t\t<p>Des guides pratiques pour pr\u00e9parer tes aventures en montagne : conseils, listes d&#8217;\u00e9quipement, itin\u00e9raires d\u00e9taill\u00e9s et astuces d&#8217;une passionn\u00e9e.<\/p>\t\t\t\t\t\t\t\t<\/div>\n\t\t\t\t<div class=\"elementor-element elementor-element-5c0e3a4e elementor-align-center e-transform elementor-widget elementor-widget-button\" data-id=\"5c0e3a4e\" data-element_type=\"widget\" data-e-type=\"widget\" data-settings=\"{&quot;_transform_scale_effect_hover&quot;:{&quot;unit&quot;:&quot;px&quot;,&quot;size&quot;:1.020000000000000017763568394002504646778106689453125,&quot;sizes&quot;:[]},&quot;_transform_scale_effect_hover_tablet&quot;:{&quot;unit&quot;:&quot;px&quot;,&quot;size&quot;:&quot;&quot;,&quot;sizes&quot;:[]},&quot;_transform_scale_effect_hover_mobile&quot;:{&quot;unit&quot;:&quot;px&quot;,&quot;size&quot;:&quot;&quot;,&quot;sizes&quot;:[]}}\" data-widget_type=\"button.default\">\n\t\t\t\t\t\t\t\t\t\t<a class=\"elementor-button elementor-button-link elementor-size-sm\" href=\"https:\/\/lafilledesalpes.com\/index.php\/ressources\/\">\n\t\t\t\t\t\t<span class=\"elementor-button-content-wrapper\">\n\t\t\t\t\t\t<span class=\"elementor-button-icon\">\n\t\t\t\t<svg aria-hidden=\"true\" class=\"e-font-icon-svg e-fas-arrow-right\" viewBox=\"0 0 448 512\" xmlns=\"http:\/\/www.w3.org\/2000\/svg\"><path d=\"M190.5 66.9l22.2-22.2c9.4-9.4 24.6-9.4 33.9 0L441 239c9.4 9.4 9.4 24.6 0 33.9L246.6 467.3c-9.4 9.4-24.6 9.4-33.9 0l-22.2-22.2c-9.5-9.5-9.3-25 .4-34.3L311.4 296H24c-13.3 0-24-10.7-24-24v-32c0-13.3 10.7-24 24-24h287.4L190.9 101.2c-9.8-9.3-10-24.8-.4-34.3z\"><\/path><\/svg>\t\t\t<\/span>\n\t\t\t\t\t\t\t\t\t<span class=\"elementor-button-text\">Voir tous les guides<\/span>\n\t\t\t\t\t<\/span>\n\t\t\t\t\t<\/a>\n\t\t\t\t\t\t\t\t<\/div>\n\t\t\t\t<\/div>\n\t\t<div class=\"elementor-element elementor-element-735bd11b e-con-full e-flex e-con e-child\" data-id=\"735bd11b\" data-element_type=\"container\" data-e-type=\"container\">\n\t\t\t\t<div class=\"elementor-element elementor-element-1898e2ca elementor-widget elementor-widget-image\" data-id=\"1898e2ca\" data-element_type=\"widget\" data-e-type=\"widget\" data-widget_type=\"image.default\">\n\t\t\t\t\t\t\t\t\t\t\t\t\t\t\t<img loading=\"lazy\" decoding=\"async\" width=\"800\" height=\"951\" src=\"https:\/\/lafilledesalpes.com\/wp-content\/uploads\/2026\/04\/mockup-861x1024.png\" class=\"attachment-large size-large wp-image-8160\" alt=\"\" srcset=\"https:\/\/lafilledesalpes.com\/wp-content\/uploads\/2026\/04\/mockup-861x1024.png 861w, https:\/\/lafilledesalpes.com\/wp-content\/uploads\/2026\/04\/mockup-252x300.png 252w, https:\/\/lafilledesalpes.com\/wp-content\/uploads\/2026\/04\/mockup-768x914.png 768w, https:\/\/lafilledesalpes.com\/wp-content\/uploads\/2026\/04\/mockup-1291x1536.png 1291w, https:\/\/lafilledesalpes.com\/wp-content\/uploads\/2026\/04\/mockup.png 1604w\" sizes=\"(max-width: 800px) 100vw, 800px\" \/>\t\t\t\t\t\t\t\t\t\t\t\t\t\t\t<\/div>\n\t\t\t\t<\/div>\n\t\t\t\t\t<\/div>\n\t\t\t\t<\/div>\n\t\t\t\t<\/div>\n\t\t","protected":false},"excerpt":{"rendered":"<p>Explorer D\u00e9couvre toutes mes aventures en montagne et trouve l&#8217;inspiration pour ton prochain voyage Filtrer les articles Destination Exp\u00e9rience Saison Type Tu ne trouves pas ton bonheur ? Contacte-moi pour des suggestions personnalis\u00e9es d&#8217;itin\u00e9raires Me contacter Suivez moi sur Instagram Suis mes aventures au quotidien @lafilledesalpes Suivre @lafilledesalpes Nouveaut\u00e9s D\u00e9couvre mes guides Des guides pratiques [&hellip;]<\/p>\n","protected":false},"author":11,"featured_media":0,"parent":0,"menu_order":0,"comment_status":"closed","ping_status":"closed","template":"","meta":{"_acf_changed":false,"pgc_sgb_lightbox_settings":"","footnotes":""},"class_list":["post-7672","page","type-page","status-publish","hentry"],"acf":[],"yoast_head":"<!-- This site is optimized with the Yoast SEO plugin v27.4 - https:\/\/yoast.com\/product\/yoast-seo-wordpress\/ -->\n<title>Explorer - La Fille des Alpes<\/title>\n<meta name=\"robots\" content=\"index, follow, max-snippet:-1, max-image-preview:large, max-video-preview:-1\" \/>\n<link rel=\"canonical\" href=\"https:\/\/lafilledesalpes.com\/index.php\/explorer\/\" \/>\n<meta property=\"og:locale\" content=\"fr_FR\" \/>\n<meta property=\"og:type\" content=\"article\" \/>\n<meta property=\"og:title\" content=\"Explorer - La Fille des Alpes\" \/>\n<meta property=\"og:description\" content=\"Explorer D\u00e9couvre toutes mes aventures en montagne et trouve l&#8217;inspiration pour ton prochain voyage Filtrer les articles Destination Exp\u00e9rience Saison Type Tu ne trouves pas ton bonheur ? Contacte-moi pour des suggestions personnalis\u00e9es d&#8217;itin\u00e9raires Me contacter Suivez moi sur Instagram Suis mes aventures au quotidien @lafilledesalpes Suivre @lafilledesalpes Nouveaut\u00e9s D\u00e9couvre mes guides Des guides pratiques [&hellip;]\" \/>\n<meta property=\"og:url\" content=\"https:\/\/lafilledesalpes.com\/index.php\/explorer\/\" \/>\n<meta property=\"og:site_name\" content=\"La Fille des Alpes\" \/>\n<meta property=\"article:modified_time\" content=\"2026-04-27T13:10:27+00:00\" \/>\n<meta property=\"og:image\" content=\"https:\/\/lafilledesalpes.com\/wp-content\/uploads\/2026\/04\/Container345.png\" \/>\n<meta name=\"twitter:card\" content=\"summary_large_image\" \/>\n<meta name=\"twitter:label1\" content=\"Dur\u00e9e de lecture estim\u00e9e\" \/>\n\t<meta name=\"twitter:data1\" content=\"7 minutes\" \/>\n<script type=\"application\/ld+json\" class=\"yoast-schema-graph\">{\"@context\":\"https:\\\/\\\/schema.org\",\"@graph\":[{\"@type\":\"WebPage\",\"@id\":\"https:\\\/\\\/lafilledesalpes.com\\\/index.php\\\/explorer\\\/\",\"url\":\"https:\\\/\\\/lafilledesalpes.com\\\/index.php\\\/explorer\\\/\",\"name\":\"Explorer - La Fille des Alpes\",\"isPartOf\":{\"@id\":\"https:\\\/\\\/lafilledesalpes.com\\\/#website\"},\"primaryImageOfPage\":{\"@id\":\"https:\\\/\\\/lafilledesalpes.com\\\/index.php\\\/explorer\\\/#primaryimage\"},\"image\":{\"@id\":\"https:\\\/\\\/lafilledesalpes.com\\\/index.php\\\/explorer\\\/#primaryimage\"},\"thumbnailUrl\":\"https:\\\/\\\/lafilledesalpes.com\\\/wp-content\\\/uploads\\\/2026\\\/04\\\/Container345.png\",\"datePublished\":\"2026-04-15T13:08:07+00:00\",\"dateModified\":\"2026-04-27T13:10:27+00:00\",\"breadcrumb\":{\"@id\":\"https:\\\/\\\/lafilledesalpes.com\\\/index.php\\\/explorer\\\/#breadcrumb\"},\"inLanguage\":\"fr-FR\",\"potentialAction\":[{\"@type\":\"ReadAction\",\"target\":[\"https:\\\/\\\/lafilledesalpes.com\\\/index.php\\\/explorer\\\/\"]}]},{\"@type\":\"ImageObject\",\"inLanguage\":\"fr-FR\",\"@id\":\"https:\\\/\\\/lafilledesalpes.com\\\/index.php\\\/explorer\\\/#primaryimage\",\"url\":\"https:\\\/\\\/lafilledesalpes.com\\\/wp-content\\\/uploads\\\/2026\\\/04\\\/Container345.png\",\"contentUrl\":\"https:\\\/\\\/lafilledesalpes.com\\\/wp-content\\\/uploads\\\/2026\\\/04\\\/Container345.png\",\"width\":48,\"height\":48},{\"@type\":\"BreadcrumbList\",\"@id\":\"https:\\\/\\\/lafilledesalpes.com\\\/index.php\\\/explorer\\\/#breadcrumb\",\"itemListElement\":[{\"@type\":\"ListItem\",\"position\":1,\"name\":\"Accueil\",\"item\":\"https:\\\/\\\/lafilledesalpes.com\\\/\"},{\"@type\":\"ListItem\",\"position\":2,\"name\":\"Explorer\"}]},{\"@type\":\"WebSite\",\"@id\":\"https:\\\/\\\/lafilledesalpes.com\\\/#website\",\"url\":\"https:\\\/\\\/lafilledesalpes.com\\\/\",\"name\":\"La fille des Alpes\",\"description\":\"Aventures, Road-trip &amp; Montagne\",\"publisher\":{\"@id\":\"https:\\\/\\\/lafilledesalpes.com\\\/#organization\"},\"potentialAction\":[{\"@type\":\"SearchAction\",\"target\":{\"@type\":\"EntryPoint\",\"urlTemplate\":\"https:\\\/\\\/lafilledesalpes.com\\\/?s={search_term_string}\"},\"query-input\":{\"@type\":\"PropertyValueSpecification\",\"valueRequired\":true,\"valueName\":\"search_term_string\"}}],\"inLanguage\":\"fr-FR\"},{\"@type\":\"Organization\",\"@id\":\"https:\\\/\\\/lafilledesalpes.com\\\/#organization\",\"name\":\"La fille des Alpes\",\"url\":\"https:\\\/\\\/lafilledesalpes.com\\\/\",\"logo\":{\"@type\":\"ImageObject\",\"inLanguage\":\"fr-FR\",\"@id\":\"https:\\\/\\\/lafilledesalpes.com\\\/#\\\/schema\\\/logo\\\/image\\\/\",\"url\":\"https:\\\/\\\/lafilledesalpes.com\\\/wp-content\\\/uploads\\\/2024\\\/10\\\/La-fille-des-Alpes-LOGO-sans-texte.png\",\"contentUrl\":\"https:\\\/\\\/lafilledesalpes.com\\\/wp-content\\\/uploads\\\/2024\\\/10\\\/La-fille-des-Alpes-LOGO-sans-texte.png\",\"width\":1181,\"height\":1181,\"caption\":\"La fille des Alpes\"},\"image\":{\"@id\":\"https:\\\/\\\/lafilledesalpes.com\\\/#\\\/schema\\\/logo\\\/image\\\/\"}}]}<\/script>\n<!-- \/ Yoast SEO plugin. -->","yoast_head_json":{"title":"Explorer - La Fille des Alpes","robots":{"index":"index","follow":"follow","max-snippet":"max-snippet:-1","max-image-preview":"max-image-preview:large","max-video-preview":"max-video-preview:-1"},"canonical":"https:\/\/lafilledesalpes.com\/index.php\/explorer\/","og_locale":"fr_FR","og_type":"article","og_title":"Explorer - La Fille des Alpes","og_description":"Explorer D\u00e9couvre toutes mes aventures en montagne et trouve l&#8217;inspiration pour ton prochain voyage Filtrer les articles Destination Exp\u00e9rience Saison Type Tu ne trouves pas ton bonheur ? Contacte-moi pour des suggestions personnalis\u00e9es d&#8217;itin\u00e9raires Me contacter Suivez moi sur Instagram Suis mes aventures au quotidien @lafilledesalpes Suivre @lafilledesalpes Nouveaut\u00e9s D\u00e9couvre mes guides Des guides pratiques [&hellip;]","og_url":"https:\/\/lafilledesalpes.com\/index.php\/explorer\/","og_site_name":"La Fille des Alpes","article_modified_time":"2026-04-27T13:10:27+00:00","og_image":[{"url":"https:\/\/lafilledesalpes.com\/wp-content\/uploads\/2026\/04\/Container345.png","type":"","width":"","height":""}],"twitter_card":"summary_large_image","twitter_misc":{"Dur\u00e9e de lecture estim\u00e9e":"7 minutes"},"schema":{"@context":"https:\/\/schema.org","@graph":[{"@type":"WebPage","@id":"https:\/\/lafilledesalpes.com\/index.php\/explorer\/","url":"https:\/\/lafilledesalpes.com\/index.php\/explorer\/","name":"Explorer - La Fille des Alpes","isPartOf":{"@id":"https:\/\/lafilledesalpes.com\/#website"},"primaryImageOfPage":{"@id":"https:\/\/lafilledesalpes.com\/index.php\/explorer\/#primaryimage"},"image":{"@id":"https:\/\/lafilledesalpes.com\/index.php\/explorer\/#primaryimage"},"thumbnailUrl":"https:\/\/lafilledesalpes.com\/wp-content\/uploads\/2026\/04\/Container345.png","datePublished":"2026-04-15T13:08:07+00:00","dateModified":"2026-04-27T13:10:27+00:00","breadcrumb":{"@id":"https:\/\/lafilledesalpes.com\/index.php\/explorer\/#breadcrumb"},"inLanguage":"fr-FR","potentialAction":[{"@type":"ReadAction","target":["https:\/\/lafilledesalpes.com\/index.php\/explorer\/"]}]},{"@type":"ImageObject","inLanguage":"fr-FR","@id":"https:\/\/lafilledesalpes.com\/index.php\/explorer\/#primaryimage","url":"https:\/\/lafilledesalpes.com\/wp-content\/uploads\/2026\/04\/Container345.png","contentUrl":"https:\/\/lafilledesalpes.com\/wp-content\/uploads\/2026\/04\/Container345.png","width":48,"height":48},{"@type":"BreadcrumbList","@id":"https:\/\/lafilledesalpes.com\/index.php\/explorer\/#breadcrumb","itemListElement":[{"@type":"ListItem","position":1,"name":"Accueil","item":"https:\/\/lafilledesalpes.com\/"},{"@type":"ListItem","position":2,"name":"Explorer"}]},{"@type":"WebSite","@id":"https:\/\/lafilledesalpes.com\/#website","url":"https:\/\/lafilledesalpes.com\/","name":"La fille des Alpes","description":"Aventures, Road-trip &amp; Montagne","publisher":{"@id":"https:\/\/lafilledesalpes.com\/#organization"},"potentialAction":[{"@type":"SearchAction","target":{"@type":"EntryPoint","urlTemplate":"https:\/\/lafilledesalpes.com\/?s={search_term_string}"},"query-input":{"@type":"PropertyValueSpecification","valueRequired":true,"valueName":"search_term_string"}}],"inLanguage":"fr-FR"},{"@type":"Organization","@id":"https:\/\/lafilledesalpes.com\/#organization","name":"La fille des Alpes","url":"https:\/\/lafilledesalpes.com\/","logo":{"@type":"ImageObject","inLanguage":"fr-FR","@id":"https:\/\/lafilledesalpes.com\/#\/schema\/logo\/image\/","url":"https:\/\/lafilledesalpes.com\/wp-content\/uploads\/2024\/10\/La-fille-des-Alpes-LOGO-sans-texte.png","contentUrl":"https:\/\/lafilledesalpes.com\/wp-content\/uploads\/2024\/10\/La-fille-des-Alpes-LOGO-sans-texte.png","width":1181,"height":1181,"caption":"La fille des Alpes"},"image":{"@id":"https:\/\/lafilledesalpes.com\/#\/schema\/logo\/image\/"}}]}},"_links":{"self":[{"href":"https:\/\/lafilledesalpes.com\/index.php\/wp-json\/wp\/v2\/pages\/7672","targetHints":{"allow":["GET"]}}],"collection":[{"href":"https:\/\/lafilledesalpes.com\/index.php\/wp-json\/wp\/v2\/pages"}],"about":[{"href":"https:\/\/lafilledesalpes.com\/index.php\/wp-json\/wp\/v2\/types\/page"}],"author":[{"embeddable":true,"href":"https:\/\/lafilledesalpes.com\/index.php\/wp-json\/wp\/v2\/users\/11"}],"replies":[{"embeddable":true,"href":"https:\/\/lafilledesalpes.com\/index.php\/wp-json\/wp\/v2\/comments?post=7672"}],"version-history":[{"count":6,"href":"https:\/\/lafilledesalpes.com\/index.php\/wp-json\/wp\/v2\/pages\/7672\/revisions"}],"predecessor-version":[{"id":8931,"href":"https:\/\/lafilledesalpes.com\/index.php\/wp-json\/wp\/v2\/pages\/7672\/revisions\/8931"}],"wp:attachment":[{"href":"https:\/\/lafilledesalpes.com\/index.php\/wp-json\/wp\/v2\/media?parent=7672"}],"curies":[{"name":"wp","href":"https:\/\/api.w.org\/{rel}","templated":true}]}}