{"id":7674,"date":"2026-04-15T15:01:09","date_gmt":"2026-04-15T13:01:09","guid":{"rendered":"https:\/\/lafilledesalpes.com\/?page_id=7674"},"modified":"2026-04-27T16:50:28","modified_gmt":"2026-04-27T14:50:28","slug":"a-propos","status":"publish","type":"page","link":"https:\/\/lafilledesalpes.com\/index.php\/a-propos\/","title":{"rendered":"A propos"},"content":{"rendered":"\t\t<div data-elementor-type=\"wp-page\" data-elementor-id=\"7674\" class=\"elementor elementor-7674\" data-elementor-post-type=\"page\">\n\t\t\t\t<div class=\"elementor-element elementor-element-98a3227 e-flex e-con-boxed e-con e-parent\" data-id=\"98a3227\" data-element_type=\"container\" data-e-type=\"container\" data-settings=\"{&quot;background_background&quot;:&quot;classic&quot;}\">\n\t\t\t\t\t<div class=\"e-con-inner\">\n\t\t\t\t<div class=\"elementor-element elementor-element-39f5b83 elementor-widget elementor-widget-heading\" data-id=\"39f5b83\" data-element_type=\"widget\" data-e-type=\"widget\" data-widget_type=\"heading.default\">\n\t\t\t\t\t<h1 class=\"elementor-heading-title elementor-size-default\">Moi, c'est Julie,<br>alias la fille des Alpes.<\/h1>\t\t\t\t<\/div>\n\t\t\t\t\t<\/div>\n\t\t\t\t<\/div>\n\t\t<div class=\"elementor-element elementor-element-e9280b4 e-flex e-con-boxed e-con e-parent\" data-id=\"e9280b4\" data-element_type=\"container\" data-e-type=\"container\">\n\t\t\t\t\t<div class=\"e-con-inner\">\n\t\t\t\t<div class=\"elementor-element elementor-element-b557611 elementor-widget elementor-widget-text-editor\" data-id=\"b557611\" data-element_type=\"widget\" data-e-type=\"widget\" data-widget_type=\"text-editor.default\">\n\t\t\t\t\t\t\t\t\t<p>Photographe, cr\u00e9atrice de contenu et grande amoureuse des montagnes, je vis \u00e0 l&#8217;ann\u00e9e dans mon van am\u00e9nag\u00e9, \u00e0 explorer les sentiers et les routes alpines.\u00a0Passionn\u00e9e de randonn\u00e9e, de photographie et d&#8217;aventure, je partage ici mes exp\u00e9riences et mes conseils pour t&#8217;inspirer \u00e0 explorer la nature \u00e0 ton tour.<\/p>\t\t\t\t\t\t\t\t<\/div>\n\t\t\t\t\t<\/div>\n\t\t\t\t<\/div>\n\t\t<div class=\"elementor-element elementor-element-d87e5e0 e-flex e-con-boxed e-con e-parent\" data-id=\"d87e5e0\" data-element_type=\"container\" data-e-type=\"container\">\n\t\t\t\t\t<div class=\"e-con-inner\">\n\t\t<div class=\"elementor-element elementor-element-171dc22 e-con-full e-flex e-con e-child\" data-id=\"171dc22\" data-element_type=\"container\" data-e-type=\"container\">\n\t\t\t\t<div class=\"elementor-element elementor-element-b31e8d5 elementor-widget elementor-widget-heading\" data-id=\"b31e8d5\" data-element_type=\"widget\" data-e-type=\"widget\" data-widget_type=\"heading.default\">\n\t\t\t\t\t<h2 class=\"elementor-heading-title elementor-size-default\">Comment j'en suis arriv\u00e9e l\u00e0 ?<\/h2>\t\t\t\t<\/div>\n\t\t\t\t<div class=\"elementor-element elementor-element-693c9be elementor-widget elementor-widget-text-editor\" data-id=\"693c9be\" data-element_type=\"widget\" data-e-type=\"widget\" data-widget_type=\"text-editor.default\">\n\t\t\t\t\t\t\t\t\t<p>Contrairement \u00e0 ce qu&#8217;on pourrait croire, je n&#8217;ai pas toujours \u00e9t\u00e9 une \u00ab mountain addict \u00bb. Avant de d\u00e9m\u00e9nager en Rh\u00f4ne-Alpes, je n&#8217;avais jamais vu de montagne de ma vie\u2026 et je pensais m\u00eame que ce n&#8217;\u00e9tait pas fait pour moi ! Aujourd&#8217;hui, elles sont tatou\u00e9es sur ma peau un bon nombre de fois et rythment mon quotidien.<\/p><p>De formation, je suis psychologue et charg\u00e9e de projet en sant\u00e9 : j&#8217;ai exerc\u00e9 ce m\u00e9tier pendant deux ans. Mais entre la routine, la ville et le rythme infernal, j&#8217;ai senti qu&#8217;il me manquait quelque chose : ma libert\u00e9.<\/p><p>Alors en 2023, j&#8217;ai fait un choix radical : tout quitter pour vivre en van et suivre mon amour de l&#8217;outdoor. D&#8217;abord avec un petit fourgon que j&#8217;ai am\u00e9nag\u00e9, puis avec un mod\u00e8le plus grand, plus confortable pour une vie nomade \u00e0 plein temps.<\/p>\t\t\t\t\t\t\t\t<\/div>\n\t\t\t\t<\/div>\n\t\t<div class=\"elementor-element elementor-element-d708093 e-con-full e-flex e-con e-child\" data-id=\"d708093\" data-element_type=\"container\" data-e-type=\"container\">\n\t\t\t\t<div class=\"elementor-element elementor-element-633c19f elementor-widget elementor-widget-image\" data-id=\"633c19f\" data-element_type=\"widget\" data-e-type=\"widget\" data-widget_type=\"image.default\">\n\t\t\t\t\t\t\t\t\t\t\t\t\t\t\t<img fetchpriority=\"high\" decoding=\"async\" width=\"683\" height=\"1024\" src=\"https:\/\/lafilledesalpes.com\/wp-content\/uploads\/2026\/04\/fad340e2028fc1c4b941dff8fd8a03692a27b057-683x1024.jpg\" class=\"attachment-large size-large wp-image-8379\" alt=\"\" srcset=\"https:\/\/lafilledesalpes.com\/wp-content\/uploads\/2026\/04\/fad340e2028fc1c4b941dff8fd8a03692a27b057-683x1024.jpg 683w, https:\/\/lafilledesalpes.com\/wp-content\/uploads\/2026\/04\/fad340e2028fc1c4b941dff8fd8a03692a27b057-200x300.jpg 200w, https:\/\/lafilledesalpes.com\/wp-content\/uploads\/2026\/04\/fad340e2028fc1c4b941dff8fd8a03692a27b057-768x1152.jpg 768w, https:\/\/lafilledesalpes.com\/wp-content\/uploads\/2026\/04\/fad340e2028fc1c4b941dff8fd8a03692a27b057-1024x1536.jpg 1024w, https:\/\/lafilledesalpes.com\/wp-content\/uploads\/2026\/04\/fad340e2028fc1c4b941dff8fd8a03692a27b057-1366x2048.jpg 1366w, https:\/\/lafilledesalpes.com\/wp-content\/uploads\/2026\/04\/fad340e2028fc1c4b941dff8fd8a03692a27b057-scaled.jpg 1707w\" sizes=\"(max-width: 683px) 100vw, 683px\" \/>\t\t\t\t\t\t\t\t\t\t\t\t\t\t\t<\/div>\n\t\t\t\t<\/div>\n\t\t\t\t\t<\/div>\n\t\t\t\t<\/div>\n\t\t<div class=\"elementor-element elementor-element-feb6b57 e-con-full e-flex e-con e-parent\" data-id=\"feb6b57\" data-element_type=\"container\" data-e-type=\"container\">\n\t\t<div class=\"elementor-element elementor-element-d659f38 e-con-full e-flex e-con e-child\" data-id=\"d659f38\" data-element_type=\"container\" data-e-type=\"container\" data-settings=\"{&quot;background_background&quot;:&quot;classic&quot;}\">\n\t\t\t\t<\/div>\n\t\t<div class=\"elementor-element elementor-element-648f6b0 e-con-full e-flex e-con e-child\" data-id=\"648f6b0\" data-element_type=\"container\" data-e-type=\"container\">\n\t\t<div class=\"elementor-element elementor-element-3651f7a e-con-full e-flex e-con e-child\" data-id=\"3651f7a\" data-element_type=\"container\" data-e-type=\"container\" data-settings=\"{&quot;background_background&quot;:&quot;classic&quot;}\">\n\t\t\t\t<\/div>\n\t\t<div class=\"elementor-element elementor-element-cb08aa1 e-con-full e-flex e-con e-child\" data-id=\"cb08aa1\" data-element_type=\"container\" data-e-type=\"container\" data-settings=\"{&quot;background_background&quot;:&quot;classic&quot;}\">\n\t\t\t\t<\/div>\n\t\t\t\t<\/div>\n\t\t\t\t<\/div>\n\t\t<div class=\"elementor-element elementor-element-174c312 e-flex e-con-boxed e-con e-parent\" data-id=\"174c312\" data-element_type=\"container\" data-e-type=\"container\">\n\t\t\t\t\t<div class=\"e-con-inner\">\n\t\t\t\t<div class=\"elementor-element elementor-element-1284bc2 elementor-widget elementor-widget-heading\" data-id=\"1284bc2\" data-element_type=\"widget\" data-e-type=\"widget\" data-widget_type=\"heading.default\">\n\t\t\t\t\t<h2 class=\"elementor-heading-title elementor-size-default\">Pourquoi ce blog ?<\/h2>\t\t\t\t<\/div>\n\t\t\t\t<div class=\"elementor-element elementor-element-b4ad818 elementor-widget elementor-widget-text-editor\" data-id=\"b4ad818\" data-element_type=\"widget\" data-e-type=\"widget\" data-widget_type=\"text-editor.default\">\n\t\t\t\t\t\t\t\t\t<p>La randonn\u00e9e et la photographie ont \u00e9t\u00e9 des r\u00e9v\u00e9lations pour moi. Marcher en pleine nature, capturer la beaut\u00e9 des paysages, partager mes exp\u00e9riences\u2026 c&#8217;est devenu une passion qui ne m&#8217;a plus quitt\u00e9e.<\/p><p>Ce blog est un espace d\u00e9di\u00e9 aux aventures outdoor en tout genre. Tu y trouveras des id\u00e9es de randonn\u00e9es, des guides de roadtrip, des conseils pour voyager en van et des r\u00e9cits d&#8217;aventures. Tous ces articles sont illustr\u00e9s avec les photos que je capture \u00e0 chaque fois que j&#8217;en ai l&#8217;occasion \ud83d\udcf8<\/p><p>Que tu sois un passionn\u00e9 de montagne ou un curieux en qu\u00eate d&#8217;\u00e9vasion, j&#8217;esp\u00e8re que mes articles t&#8217;inspireront \u00e0 partir de ton tour.<\/p>\t\t\t\t\t\t\t\t<\/div>\n\t\t<div class=\"elementor-element elementor-element-2ebba74 e-con-full e-flex e-con e-child\" data-id=\"2ebba74\" data-element_type=\"container\" data-e-type=\"container\">\n\t\t<div class=\"elementor-element elementor-element-aca83f8 e-con-full e-flex e-con e-child\" data-id=\"aca83f8\" data-element_type=\"container\" data-e-type=\"container\" data-settings=\"{&quot;background_background&quot;:&quot;gradient&quot;}\">\n\t\t\t\t<div class=\"elementor-element elementor-element-e19afee elementor-widget elementor-widget-image\" data-id=\"e19afee\" data-element_type=\"widget\" data-e-type=\"widget\" data-widget_type=\"image.default\">\n\t\t\t\t\t\t\t\t\t\t\t\t\t\t\t<img decoding=\"async\" width=\"128\" height=\"128\" src=\"https:\/\/lafilledesalpes.com\/wp-content\/uploads\/2026\/04\/Container-3.png\" class=\"attachment-large size-large wp-image-8566\" alt=\"\" \/>\t\t\t\t\t\t\t\t\t\t\t\t\t\t\t<\/div>\n\t\t\t\t<div class=\"elementor-element elementor-element-7245e2d elementor-widget elementor-widget-text-editor\" data-id=\"7245e2d\" data-element_type=\"widget\" data-e-type=\"widget\" data-widget_type=\"text-editor.default\">\n\t\t\t\t\t\t\t\t\t<p>Randonn\u00e9e<\/p>\t\t\t\t\t\t\t\t<\/div>\n\t\t\t\t<div class=\"elementor-element elementor-element-d5b8882 elementor-widget elementor-widget-text-editor\" data-id=\"d5b8882\" data-element_type=\"widget\" data-e-type=\"widget\" data-widget_type=\"text-editor.default\">\n\t\t\t\t\t\t\t\t\t<p>Des itin\u00e9raires test\u00e9s et approuv\u00e9s pour tous les niveaux<\/p>\t\t\t\t\t\t\t\t<\/div>\n\t\t\t\t<\/div>\n\t\t<div class=\"elementor-element elementor-element-3c29b00 e-con-full e-flex e-con e-child\" data-id=\"3c29b00\" data-element_type=\"container\" data-e-type=\"container\" data-settings=\"{&quot;background_background&quot;:&quot;gradient&quot;}\">\n\t\t\t\t<div class=\"elementor-element elementor-element-887a7f1 elementor-widget elementor-widget-image\" data-id=\"887a7f1\" data-element_type=\"widget\" data-e-type=\"widget\" data-widget_type=\"image.default\">\n\t\t\t\t\t\t\t\t\t\t\t\t\t\t\t<img decoding=\"async\" width=\"128\" height=\"128\" src=\"https:\/\/lafilledesalpes.com\/wp-content\/uploads\/2026\/04\/Container-1-1.png\" class=\"attachment-large size-large wp-image-8565\" alt=\"\" \/>\t\t\t\t\t\t\t\t\t\t\t\t\t\t\t<\/div>\n\t\t\t\t<div class=\"elementor-element elementor-element-1cb8626 elementor-widget elementor-widget-text-editor\" data-id=\"1cb8626\" data-element_type=\"widget\" data-e-type=\"widget\" data-widget_type=\"text-editor.default\">\n\t\t\t\t\t\t\t\t\t<p>Photographie<\/p>\t\t\t\t\t\t\t\t<\/div>\n\t\t\t\t<div class=\"elementor-element elementor-element-ddd7617 elementor-widget elementor-widget-text-editor\" data-id=\"ddd7617\" data-element_type=\"widget\" data-e-type=\"widget\" data-widget_type=\"text-editor.default\">\n\t\t\t\t\t\t\t\t\t<p>Capturer la beaut\u00e9 des paysages alpins<\/p>\t\t\t\t\t\t\t\t<\/div>\n\t\t\t\t<\/div>\n\t\t<div class=\"elementor-element elementor-element-01705b6 e-con-full e-flex e-con e-child\" data-id=\"01705b6\" data-element_type=\"container\" data-e-type=\"container\" data-settings=\"{&quot;background_background&quot;:&quot;gradient&quot;}\">\n\t\t\t\t<div class=\"elementor-element elementor-element-8165e8d elementor-widget elementor-widget-image\" data-id=\"8165e8d\" data-element_type=\"widget\" data-e-type=\"widget\" data-widget_type=\"image.default\">\n\t\t\t\t\t\t\t\t\t\t\t\t\t\t\t<img loading=\"lazy\" decoding=\"async\" width=\"128\" height=\"128\" src=\"https:\/\/lafilledesalpes.com\/wp-content\/uploads\/2026\/04\/Container-2.png\" class=\"attachment-large size-large wp-image-8564\" alt=\"\" \/>\t\t\t\t\t\t\t\t\t\t\t\t\t\t\t<\/div>\n\t\t\t\t<div class=\"elementor-element elementor-element-e725293 elementor-widget elementor-widget-text-editor\" data-id=\"e725293\" data-element_type=\"widget\" data-e-type=\"widget\" data-widget_type=\"text-editor.default\">\n\t\t\t\t\t\t\t\t\t<p>Van life<\/p>\t\t\t\t\t\t\t\t<\/div>\n\t\t\t\t<div class=\"elementor-element elementor-element-43aa38b elementor-widget elementor-widget-text-editor\" data-id=\"43aa38b\" data-element_type=\"widget\" data-e-type=\"widget\" data-widget_type=\"text-editor.default\">\n\t\t\t\t\t\t\t\t\t<p>Conseils et r\u00e9cits d&#8217;une vie nomade en montagne<\/p>\t\t\t\t\t\t\t\t<\/div>\n\t\t\t\t<\/div>\n\t\t\t\t<\/div>\n\t\t\t\t\t<\/div>\n\t\t\t\t<\/div>\n\t\t<div class=\"elementor-element elementor-element-927b54f e-flex e-con-boxed e-con e-parent\" data-id=\"927b54f\" data-element_type=\"container\" data-e-type=\"container\" data-settings=\"{&quot;background_background&quot;:&quot;gradient&quot;}\">\n\t\t\t\t\t<div class=\"e-con-inner\">\n\t\t\t\t<div class=\"elementor-element elementor-element-c543282 elementor-widget elementor-widget-text-editor\" data-id=\"c543282\" data-element_type=\"widget\" data-e-type=\"widget\" data-widget_type=\"text-editor.default\">\n\t\t\t\t\t\t\t\t\t<p>Vivre pour se sentir vivant<\/p>\t\t\t\t\t\t\t\t<\/div>\n\t\t\t\t<div class=\"elementor-element elementor-element-c1c90df elementor-widget elementor-widget-text-editor\" data-id=\"c1c90df\" data-element_type=\"widget\" data-e-type=\"widget\" data-widget_type=\"text-editor.default\">\n\t\t\t\t\t\t\t\t\t<p>C&#8217;est ma philosophie.<\/p>\t\t\t\t\t\t\t\t<\/div>\n\t\t\t\t\t<\/div>\n\t\t\t\t<\/div>\n\t\t<div class=\"elementor-element elementor-element-ebac993 e-flex e-con-boxed e-con e-parent\" data-id=\"ebac993\" data-element_type=\"container\" data-e-type=\"container\">\n\t\t\t\t\t<div class=\"e-con-inner\">\n\t\t\t\t<div class=\"elementor-element elementor-element-ed04f81 elementor-widget elementor-widget-text-editor\" data-id=\"ed04f81\" data-element_type=\"widget\" data-e-type=\"widget\" data-widget_type=\"text-editor.default\">\n\t\t\t\t\t\t\t\t\t<p>Merci de faire partie de cette aventure, et bonne exploration ! \ud83d\ude90\ud83c\udfd4\ufe0f\u2728<\/p>\t\t\t\t\t\t\t\t<\/div>\n\t\t<div class=\"elementor-element elementor-element-54a254c e-con-full e-flex e-con e-child\" data-id=\"54a254c\" data-element_type=\"container\" data-e-type=\"container\">\n\t\t\t\t<div class=\"elementor-element elementor-element-1502274 elementor-align-center elementor-widget elementor-widget-button\" data-id=\"1502274\" data-element_type=\"widget\" data-e-type=\"widget\" data-widget_type=\"button.default\">\n\t\t\t\t\t\t\t\t\t\t<a class=\"elementor-button elementor-button-link elementor-size-sm\" href=\"https:\/\/lafilledesalpes.com\/index.php\/category\/randonnees\/\">\n\t\t\t\t\t\t<span class=\"elementor-button-content-wrapper\">\n\t\t\t\t\t\t\t\t\t<span class=\"elementor-button-text\">D\u00e9couvrir mes randonn\u00e9es<\/span>\n\t\t\t\t\t<\/span>\n\t\t\t\t\t<\/a>\n\t\t\t\t\t\t\t\t<\/div>\n\t\t\t\t<div class=\"elementor-element elementor-element-475f5f5 elementor-align-center elementor-widget elementor-widget-button\" data-id=\"475f5f5\" data-element_type=\"widget\" data-e-type=\"widget\" data-widget_type=\"button.default\">\n\t\t\t\t\t\t\t\t\t\t<a class=\"elementor-button elementor-button-link elementor-size-sm\" href=\"https:\/\/lafilledesalpes.com\/index.php\/category\/road-trips\/\">\n\t\t\t\t\t\t<span class=\"elementor-button-content-wrapper\">\n\t\t\t\t\t\t\t\t\t<span class=\"elementor-button-text\">Explorer mes road trips<\/span>\n\t\t\t\t\t<\/span>\n\t\t\t\t\t<\/a>\n\t\t\t\t\t\t\t\t<\/div>\n\t\t\t\t<\/div>\n\t\t\t\t\t<\/div>\n\t\t\t\t<\/div>\n\t\t<div class=\"elementor-element elementor-element-3c031954 e-flex e-con-boxed e-con e-parent\" data-id=\"3c031954\" data-element_type=\"container\" data-e-type=\"container\" data-settings=\"{&quot;background_background&quot;:&quot;classic&quot;}\">\n\t\t\t\t\t<div class=\"e-con-inner\">\n\t\t<div class=\"elementor-element elementor-element-30639ab6 e-con-full e-flex e-con e-child\" data-id=\"30639ab6\" data-element_type=\"container\" data-e-type=\"container\">\n\t\t<div class=\"elementor-element elementor-element-70084d30 e-con-full e-flex e-con e-child\" data-id=\"70084d30\" data-element_type=\"container\" data-e-type=\"container\" data-settings=\"{&quot;background_background&quot;:&quot;classic&quot;}\">\n\t\t\t\t<div class=\"elementor-element elementor-element-2b5d1a70 elementor-view-default elementor-widget elementor-widget-icon\" data-id=\"2b5d1a70\" data-element_type=\"widget\" data-e-type=\"widget\" data-widget_type=\"icon.default\">\n\t\t\t\t\t\t\t<div class=\"elementor-icon-wrapper\">\n\t\t\t<div class=\"elementor-icon\">\n\t\t\t<svg xmlns=\"http:\/\/www.w3.org\/2000\/svg\" width=\"20\" height=\"20\" viewBox=\"0 0 20 20\" fill=\"none\"><path d=\"M10 5.83337V17.5\" stroke=\"#6D8663\" stroke-width=\"1.66667\" stroke-linecap=\"round\" stroke-linejoin=\"round\"><\/path><path d=\"M2.50002 15C2.27901 15 2.06704 14.9122 1.91076 14.7559C1.75448 14.5996 1.66669 14.3877 1.66669 14.1667V3.33333C1.66669 3.11232 1.75448 2.90036 1.91076 2.74408C2.06704 2.5878 2.27901 2.5 2.50002 2.5H6.66669C7.55074 2.5 8.39859 2.85119 9.02371 3.47631C9.64883 4.10143 10 4.94928 10 5.83333C10 4.94928 10.3512 4.10143 10.9763 3.47631C11.6015 2.85119 12.4493 2.5 13.3334 2.5H17.5C17.721 2.5 17.933 2.5878 18.0893 2.74408C18.2456 2.90036 18.3334 3.11232 18.3334 3.33333V14.1667C18.3334 14.3877 18.2456 14.5996 18.0893 14.7559C17.933 14.9122 17.721 15 17.5 15H12.5C11.837 15 11.2011 15.2634 10.7323 15.7322C10.2634 16.2011 10 16.837 10 17.5C10 16.837 9.73663 16.2011 9.26779 15.7322C8.79895 15.2634 8.16306 15 7.50002 15H2.50002Z\" stroke=\"#6D8663\" stroke-width=\"1.66667\" stroke-linecap=\"round\" stroke-linejoin=\"round\"><\/path><\/svg>\t\t\t<\/div>\n\t\t<\/div>\n\t\t\t\t\t\t<\/div>\n\t\t\t\t<div class=\"elementor-element elementor-element-397e9f6c elementor-widget elementor-widget-text-editor\" data-id=\"397e9f6c\" data-element_type=\"widget\" data-e-type=\"widget\" data-widget_type=\"text-editor.default\">\n\t\t\t\t\t\t\t\t\t<p>Nouveaut\u00e9s<\/p>\t\t\t\t\t\t\t\t<\/div>\n\t\t\t\t<\/div>\n\t\t\t\t<div class=\"elementor-element elementor-element-3ecf2436 elementor-widget elementor-widget-heading\" data-id=\"3ecf2436\" data-element_type=\"widget\" data-e-type=\"widget\" data-widget_type=\"heading.default\">\n\t\t\t\t\t<h2 class=\"elementor-heading-title elementor-size-default\">D\u00e9couvre mes guides<\/h2>\t\t\t\t<\/div>\n\t\t\t\t<div class=\"elementor-element elementor-element-1921fa04 elementor-widget elementor-widget-text-editor\" data-id=\"1921fa04\" data-element_type=\"widget\" data-e-type=\"widget\" data-widget_type=\"text-editor.default\">\n\t\t\t\t\t\t\t\t\t<p>Des guides pratiques pour pr\u00e9parer tes aventures en montagne : conseils, listes d&#8217;\u00e9quipement, itin\u00e9raires d\u00e9taill\u00e9s et astuces d&#8217;une passionn\u00e9e.<\/p>\t\t\t\t\t\t\t\t<\/div>\n\t\t\t\t<div class=\"elementor-element elementor-element-4c2faf68 elementor-align-center e-transform elementor-widget elementor-widget-button\" data-id=\"4c2faf68\" data-element_type=\"widget\" data-e-type=\"widget\" data-settings=\"{&quot;_transform_scale_effect_hover&quot;:{&quot;unit&quot;:&quot;px&quot;,&quot;size&quot;:1.020000000000000017763568394002504646778106689453125,&quot;sizes&quot;:[]},&quot;_transform_scale_effect_hover_tablet&quot;:{&quot;unit&quot;:&quot;px&quot;,&quot;size&quot;:&quot;&quot;,&quot;sizes&quot;:[]},&quot;_transform_scale_effect_hover_mobile&quot;:{&quot;unit&quot;:&quot;px&quot;,&quot;size&quot;:&quot;&quot;,&quot;sizes&quot;:[]}}\" data-widget_type=\"button.default\">\n\t\t\t\t\t\t\t\t\t\t<a class=\"elementor-button elementor-button-link elementor-size-sm\" href=\"https:\/\/lafilledesalpes.com\/index.php\/ressources\/\">\n\t\t\t\t\t\t<span class=\"elementor-button-content-wrapper\">\n\t\t\t\t\t\t<span class=\"elementor-button-icon\">\n\t\t\t\t<svg aria-hidden=\"true\" class=\"e-font-icon-svg e-fas-arrow-right\" viewBox=\"0 0 448 512\" xmlns=\"http:\/\/www.w3.org\/2000\/svg\"><path d=\"M190.5 66.9l22.2-22.2c9.4-9.4 24.6-9.4 33.9 0L441 239c9.4 9.4 9.4 24.6 0 33.9L246.6 467.3c-9.4 9.4-24.6 9.4-33.9 0l-22.2-22.2c-9.5-9.5-9.3-25 .4-34.3L311.4 296H24c-13.3 0-24-10.7-24-24v-32c0-13.3 10.7-24 24-24h287.4L190.9 101.2c-9.8-9.3-10-24.8-.4-34.3z\"><\/path><\/svg>\t\t\t<\/span>\n\t\t\t\t\t\t\t\t\t<span class=\"elementor-button-text\">Voir tous les guides<\/span>\n\t\t\t\t\t<\/span>\n\t\t\t\t\t<\/a>\n\t\t\t\t\t\t\t\t<\/div>\n\t\t\t\t<\/div>\n\t\t<div class=\"elementor-element elementor-element-1a929b31 e-con-full e-flex e-con e-child\" data-id=\"1a929b31\" data-element_type=\"container\" data-e-type=\"container\">\n\t\t\t\t<div class=\"elementor-element elementor-element-7b7c3992 elementor-widget elementor-widget-image\" data-id=\"7b7c3992\" data-element_type=\"widget\" data-e-type=\"widget\" data-widget_type=\"image.default\">\n\t\t\t\t\t\t\t\t\t\t\t\t\t\t\t<img loading=\"lazy\" decoding=\"async\" width=\"800\" height=\"951\" src=\"https:\/\/lafilledesalpes.com\/wp-content\/uploads\/2026\/04\/mockup-861x1024.png\" class=\"attachment-large size-large wp-image-8160\" alt=\"\" srcset=\"https:\/\/lafilledesalpes.com\/wp-content\/uploads\/2026\/04\/mockup-861x1024.png 861w, https:\/\/lafilledesalpes.com\/wp-content\/uploads\/2026\/04\/mockup-252x300.png 252w, https:\/\/lafilledesalpes.com\/wp-content\/uploads\/2026\/04\/mockup-768x914.png 768w, https:\/\/lafilledesalpes.com\/wp-content\/uploads\/2026\/04\/mockup-1291x1536.png 1291w, https:\/\/lafilledesalpes.com\/wp-content\/uploads\/2026\/04\/mockup.png 1604w\" sizes=\"(max-width: 800px) 100vw, 800px\" \/>\t\t\t\t\t\t\t\t\t\t\t\t\t\t\t<\/div>\n\t\t\t\t<\/div>\n\t\t\t\t\t<\/div>\n\t\t\t\t<\/div>\n\t\t\t\t<\/div>\n\t\t","protected":false},"excerpt":{"rendered":"<p>Moi, c&#8217;est Julie,alias la fille des Alpes. Photographe, cr\u00e9atrice de contenu et grande amoureuse des montagnes, je vis \u00e0 l&#8217;ann\u00e9e dans mon van am\u00e9nag\u00e9, \u00e0 explorer les sentiers et les routes alpines.\u00a0Passionn\u00e9e de randonn\u00e9e, de photographie et d&#8217;aventure, je partage ici mes exp\u00e9riences et mes conseils pour t&#8217;inspirer \u00e0 explorer la nature \u00e0 ton tour. [&hellip;]<\/p>\n","protected":false},"author":11,"featured_media":0,"parent":0,"menu_order":0,"comment_status":"closed","ping_status":"closed","template":"","meta":{"_acf_changed":false,"pgc_sgb_lightbox_settings":"","footnotes":""},"class_list":["post-7674","page","type-page","status-publish","hentry"],"acf":[],"yoast_head":"<!-- This site is optimized with the Yoast SEO plugin v27.4 - https:\/\/yoast.com\/product\/yoast-seo-wordpress\/ -->\n<title>A propos - La Fille des Alpes<\/title>\n<meta name=\"robots\" content=\"index, follow, max-snippet:-1, max-image-preview:large, max-video-preview:-1\" \/>\n<link rel=\"canonical\" href=\"https:\/\/lafilledesalpes.com\/index.php\/a-propos\/\" \/>\n<meta property=\"og:locale\" content=\"fr_FR\" \/>\n<meta property=\"og:type\" content=\"article\" \/>\n<meta property=\"og:title\" content=\"A propos - La Fille des Alpes\" \/>\n<meta property=\"og:description\" content=\"Moi, c&#8217;est Julie,alias la fille des Alpes. Photographe, cr\u00e9atrice de contenu et grande amoureuse des montagnes, je vis \u00e0 l&#8217;ann\u00e9e dans mon van am\u00e9nag\u00e9, \u00e0 explorer les sentiers et les routes alpines.\u00a0Passionn\u00e9e de randonn\u00e9e, de photographie et d&#8217;aventure, je partage ici mes exp\u00e9riences et mes conseils pour t&#8217;inspirer \u00e0 explorer la nature \u00e0 ton tour. [&hellip;]\" \/>\n<meta property=\"og:url\" content=\"https:\/\/lafilledesalpes.com\/index.php\/a-propos\/\" \/>\n<meta property=\"og:site_name\" content=\"La Fille des Alpes\" \/>\n<meta property=\"article:modified_time\" content=\"2026-04-27T14:50:28+00:00\" \/>\n<meta property=\"og:image\" content=\"https:\/\/lafilledesalpes.com\/wp-content\/uploads\/2026\/04\/fad340e2028fc1c4b941dff8fd8a03692a27b057-scaled.jpg\" \/>\n\t<meta property=\"og:image:width\" content=\"1707\" \/>\n\t<meta property=\"og:image:height\" content=\"2560\" \/>\n\t<meta property=\"og:image:type\" content=\"image\/jpeg\" \/>\n<meta name=\"twitter:card\" content=\"summary_large_image\" \/>\n<meta name=\"twitter:label1\" content=\"Dur\u00e9e de lecture estim\u00e9e\" \/>\n\t<meta name=\"twitter:data1\" content=\"3 minutes\" \/>\n<script type=\"application\/ld+json\" class=\"yoast-schema-graph\">{\"@context\":\"https:\\\/\\\/schema.org\",\"@graph\":[{\"@type\":\"WebPage\",\"@id\":\"https:\\\/\\\/lafilledesalpes.com\\\/index.php\\\/a-propos\\\/\",\"url\":\"https:\\\/\\\/lafilledesalpes.com\\\/index.php\\\/a-propos\\\/\",\"name\":\"A propos - La Fille des Alpes\",\"isPartOf\":{\"@id\":\"https:\\\/\\\/lafilledesalpes.com\\\/#website\"},\"primaryImageOfPage\":{\"@id\":\"https:\\\/\\\/lafilledesalpes.com\\\/index.php\\\/a-propos\\\/#primaryimage\"},\"image\":{\"@id\":\"https:\\\/\\\/lafilledesalpes.com\\\/index.php\\\/a-propos\\\/#primaryimage\"},\"thumbnailUrl\":\"https:\\\/\\\/lafilledesalpes.com\\\/wp-content\\\/uploads\\\/2026\\\/04\\\/fad340e2028fc1c4b941dff8fd8a03692a27b057-683x1024.jpg\",\"datePublished\":\"2026-04-15T13:01:09+00:00\",\"dateModified\":\"2026-04-27T14:50:28+00:00\",\"breadcrumb\":{\"@id\":\"https:\\\/\\\/lafilledesalpes.com\\\/index.php\\\/a-propos\\\/#breadcrumb\"},\"inLanguage\":\"fr-FR\",\"potentialAction\":[{\"@type\":\"ReadAction\",\"target\":[\"https:\\\/\\\/lafilledesalpes.com\\\/index.php\\\/a-propos\\\/\"]}]},{\"@type\":\"ImageObject\",\"inLanguage\":\"fr-FR\",\"@id\":\"https:\\\/\\\/lafilledesalpes.com\\\/index.php\\\/a-propos\\\/#primaryimage\",\"url\":\"https:\\\/\\\/lafilledesalpes.com\\\/wp-content\\\/uploads\\\/2026\\\/04\\\/fad340e2028fc1c4b941dff8fd8a03692a27b057-scaled.jpg\",\"contentUrl\":\"https:\\\/\\\/lafilledesalpes.com\\\/wp-content\\\/uploads\\\/2026\\\/04\\\/fad340e2028fc1c4b941dff8fd8a03692a27b057-scaled.jpg\",\"width\":1707,\"height\":2560},{\"@type\":\"BreadcrumbList\",\"@id\":\"https:\\\/\\\/lafilledesalpes.com\\\/index.php\\\/a-propos\\\/#breadcrumb\",\"itemListElement\":[{\"@type\":\"ListItem\",\"position\":1,\"name\":\"Accueil\",\"item\":\"https:\\\/\\\/lafilledesalpes.com\\\/\"},{\"@type\":\"ListItem\",\"position\":2,\"name\":\"A propos\"}]},{\"@type\":\"WebSite\",\"@id\":\"https:\\\/\\\/lafilledesalpes.com\\\/#website\",\"url\":\"https:\\\/\\\/lafilledesalpes.com\\\/\",\"name\":\"La fille des Alpes\",\"description\":\"Aventures, Road-trip &amp; Montagne\",\"publisher\":{\"@id\":\"https:\\\/\\\/lafilledesalpes.com\\\/#organization\"},\"potentialAction\":[{\"@type\":\"SearchAction\",\"target\":{\"@type\":\"EntryPoint\",\"urlTemplate\":\"https:\\\/\\\/lafilledesalpes.com\\\/?s={search_term_string}\"},\"query-input\":{\"@type\":\"PropertyValueSpecification\",\"valueRequired\":true,\"valueName\":\"search_term_string\"}}],\"inLanguage\":\"fr-FR\"},{\"@type\":\"Organization\",\"@id\":\"https:\\\/\\\/lafilledesalpes.com\\\/#organization\",\"name\":\"La fille des Alpes\",\"url\":\"https:\\\/\\\/lafilledesalpes.com\\\/\",\"logo\":{\"@type\":\"ImageObject\",\"inLanguage\":\"fr-FR\",\"@id\":\"https:\\\/\\\/lafilledesalpes.com\\\/#\\\/schema\\\/logo\\\/image\\\/\",\"url\":\"https:\\\/\\\/lafilledesalpes.com\\\/wp-content\\\/uploads\\\/2024\\\/10\\\/La-fille-des-Alpes-LOGO-sans-texte.png\",\"contentUrl\":\"https:\\\/\\\/lafilledesalpes.com\\\/wp-content\\\/uploads\\\/2024\\\/10\\\/La-fille-des-Alpes-LOGO-sans-texte.png\",\"width\":1181,\"height\":1181,\"caption\":\"La fille des Alpes\"},\"image\":{\"@id\":\"https:\\\/\\\/lafilledesalpes.com\\\/#\\\/schema\\\/logo\\\/image\\\/\"}}]}<\/script>\n<!-- \/ Yoast SEO plugin. -->","yoast_head_json":{"title":"A propos - La Fille des Alpes","robots":{"index":"index","follow":"follow","max-snippet":"max-snippet:-1","max-image-preview":"max-image-preview:large","max-video-preview":"max-video-preview:-1"},"canonical":"https:\/\/lafilledesalpes.com\/index.php\/a-propos\/","og_locale":"fr_FR","og_type":"article","og_title":"A propos - La Fille des Alpes","og_description":"Moi, c&#8217;est Julie,alias la fille des Alpes. Photographe, cr\u00e9atrice de contenu et grande amoureuse des montagnes, je vis \u00e0 l&#8217;ann\u00e9e dans mon van am\u00e9nag\u00e9, \u00e0 explorer les sentiers et les routes alpines.\u00a0Passionn\u00e9e de randonn\u00e9e, de photographie et d&#8217;aventure, je partage ici mes exp\u00e9riences et mes conseils pour t&#8217;inspirer \u00e0 explorer la nature \u00e0 ton tour. [&hellip;]","og_url":"https:\/\/lafilledesalpes.com\/index.php\/a-propos\/","og_site_name":"La Fille des Alpes","article_modified_time":"2026-04-27T14:50:28+00:00","og_image":[{"width":1707,"height":2560,"url":"https:\/\/lafilledesalpes.com\/wp-content\/uploads\/2026\/04\/fad340e2028fc1c4b941dff8fd8a03692a27b057-scaled.jpg","type":"image\/jpeg"}],"twitter_card":"summary_large_image","twitter_misc":{"Dur\u00e9e de lecture estim\u00e9e":"3 minutes"},"schema":{"@context":"https:\/\/schema.org","@graph":[{"@type":"WebPage","@id":"https:\/\/lafilledesalpes.com\/index.php\/a-propos\/","url":"https:\/\/lafilledesalpes.com\/index.php\/a-propos\/","name":"A propos - La Fille des Alpes","isPartOf":{"@id":"https:\/\/lafilledesalpes.com\/#website"},"primaryImageOfPage":{"@id":"https:\/\/lafilledesalpes.com\/index.php\/a-propos\/#primaryimage"},"image":{"@id":"https:\/\/lafilledesalpes.com\/index.php\/a-propos\/#primaryimage"},"thumbnailUrl":"https:\/\/lafilledesalpes.com\/wp-content\/uploads\/2026\/04\/fad340e2028fc1c4b941dff8fd8a03692a27b057-683x1024.jpg","datePublished":"2026-04-15T13:01:09+00:00","dateModified":"2026-04-27T14:50:28+00:00","breadcrumb":{"@id":"https:\/\/lafilledesalpes.com\/index.php\/a-propos\/#breadcrumb"},"inLanguage":"fr-FR","potentialAction":[{"@type":"ReadAction","target":["https:\/\/lafilledesalpes.com\/index.php\/a-propos\/"]}]},{"@type":"ImageObject","inLanguage":"fr-FR","@id":"https:\/\/lafilledesalpes.com\/index.php\/a-propos\/#primaryimage","url":"https:\/\/lafilledesalpes.com\/wp-content\/uploads\/2026\/04\/fad340e2028fc1c4b941dff8fd8a03692a27b057-scaled.jpg","contentUrl":"https:\/\/lafilledesalpes.com\/wp-content\/uploads\/2026\/04\/fad340e2028fc1c4b941dff8fd8a03692a27b057-scaled.jpg","width":1707,"height":2560},{"@type":"BreadcrumbList","@id":"https:\/\/lafilledesalpes.com\/index.php\/a-propos\/#breadcrumb","itemListElement":[{"@type":"ListItem","position":1,"name":"Accueil","item":"https:\/\/lafilledesalpes.com\/"},{"@type":"ListItem","position":2,"name":"A propos"}]},{"@type":"WebSite","@id":"https:\/\/lafilledesalpes.com\/#website","url":"https:\/\/lafilledesalpes.com\/","name":"La fille des Alpes","description":"Aventures, Road-trip &amp; Montagne","publisher":{"@id":"https:\/\/lafilledesalpes.com\/#organization"},"potentialAction":[{"@type":"SearchAction","target":{"@type":"EntryPoint","urlTemplate":"https:\/\/lafilledesalpes.com\/?s={search_term_string}"},"query-input":{"@type":"PropertyValueSpecification","valueRequired":true,"valueName":"search_term_string"}}],"inLanguage":"fr-FR"},{"@type":"Organization","@id":"https:\/\/lafilledesalpes.com\/#organization","name":"La fille des Alpes","url":"https:\/\/lafilledesalpes.com\/","logo":{"@type":"ImageObject","inLanguage":"fr-FR","@id":"https:\/\/lafilledesalpes.com\/#\/schema\/logo\/image\/","url":"https:\/\/lafilledesalpes.com\/wp-content\/uploads\/2024\/10\/La-fille-des-Alpes-LOGO-sans-texte.png","contentUrl":"https:\/\/lafilledesalpes.com\/wp-content\/uploads\/2024\/10\/La-fille-des-Alpes-LOGO-sans-texte.png","width":1181,"height":1181,"caption":"La fille des Alpes"},"image":{"@id":"https:\/\/lafilledesalpes.com\/#\/schema\/logo\/image\/"}}]}},"_links":{"self":[{"href":"https:\/\/lafilledesalpes.com\/index.php\/wp-json\/wp\/v2\/pages\/7674","targetHints":{"allow":["GET"]}}],"collection":[{"href":"https:\/\/lafilledesalpes.com\/index.php\/wp-json\/wp\/v2\/pages"}],"about":[{"href":"https:\/\/lafilledesalpes.com\/index.php\/wp-json\/wp\/v2\/types\/page"}],"author":[{"embeddable":true,"href":"https:\/\/lafilledesalpes.com\/index.php\/wp-json\/wp\/v2\/users\/11"}],"replies":[{"embeddable":true,"href":"https:\/\/lafilledesalpes.com\/index.php\/wp-json\/wp\/v2\/comments?post=7674"}],"version-history":[{"count":45,"href":"https:\/\/lafilledesalpes.com\/index.php\/wp-json\/wp\/v2\/pages\/7674\/revisions"}],"predecessor-version":[{"id":8989,"href":"https:\/\/lafilledesalpes.com\/index.php\/wp-json\/wp\/v2\/pages\/7674\/revisions\/8989"}],"wp:attachment":[{"href":"https:\/\/lafilledesalpes.com\/index.php\/wp-json\/wp\/v2\/media?parent=7674"}],"curies":[{"name":"wp","href":"https:\/\/api.w.org\/{rel}","templated":true}]}}